{"id":264377,"date":"2025-06-15T16:14:28","date_gmt":"2025-06-15T14:14:28","guid":{"rendered":"https:\/\/inti-yoga.de\/?page_id=264377"},"modified":"2025-07-25T11:00:30","modified_gmt":"2025-07-25T09:00:30","slug":"yoga-retreat-portugal-algarve","status":"publish","type":"page","link":"https:\/\/inti-yoga.de\/pt\/yoga-retreat-portugal-algarve\/","title":{"rendered":"The Portal &#8211; YOGA Retreat am Meer in Portugal, Algarve 2025"},"content":{"rendered":"<p>[et_pb_section fb_built=&#8220;1&#8243; custom_padding_last_edited=&#8220;on|phone&#8220; module_class=&#8220;pa-promo-bar&#8220; _builder_version=&#8220;4.24.0&#8243; _module_preset=&#8220;default&#8220; background_color=&#8220;#000000&#8243; background_enable_image=&#8220;off&#8220; transform_scale_tablet=&#8220;&#8220; transform_scale_phone=&#8220;&#8220; transform_scale_last_edited=&#8220;on|phone&#8220; transform_translate_tablet=&#8220;&#8220; transform_translate_phone=&#8220;&#8220; transform_translate_last_edited=&#8220;on|phone&#8220; transform_rotate_tablet=&#8220;&#8220; transform_rotate_phone=&#8220;&#8220; transform_rotate_last_edited=&#8220;on|phone&#8220; transform_skew_tablet=&#8220;&#8220; transform_skew_phone=&#8220;&#8220; transform_skew_last_edited=&#8220;on|phone&#8220; transform_origin_tablet=&#8220;&#8220; transform_origin_phone=&#8220;&#8220; transform_origin_last_edited=&#8220;on|phone&#8220; transform_styles_last_edited=&#8220;on|phone&#8220; height_tablet=&#8220;&#8220; height_phone=&#8220;auto&#8220; height_last_edited=&#8220;on|phone&#8220; custom_margin=&#8220;0px||||false|false&#8220; custom_margin_tablet=&#8220;&#8220; custom_margin_phone=&#8220;0px||0px||false|false&#8220; custom_margin_last_edited=&#8220;on|phone&#8220; custom_padding=&#8220;5px||5px||false|false&#8220; custom_padding_tablet=&#8220;5px||5px||false|false&#8220; custom_padding_phone=&#8220;10px||40px||false|false&#8220; transform_styles_tablet=&#8220;&#8220; transform_styles_phone=&#8220;&#8220; locked=&#8220;off&#8220; global_colors_info=&#8220;{}&#8220;][et_pb_row column_structure=&#8220;3_4,1_4&#8243; custom_padding_last_edited=&#8220;on|desktop&#8220; _builder_version=&#8220;4.24.0&#8243; _module_preset=&#8220;default&#8220; transform_scale_tablet=&#8220;&#8220; transform_scale_phone=&#8220;&#8220; transform_scale_last_edited=&#8220;on|phone&#8220; transform_translate_tablet=&#8220;&#8220; transform_translate_phone=&#8220;&#8220; transform_translate_last_edited=&#8220;on|phone&#8220; transform_rotate_tablet=&#8220;&#8220; transform_rotate_phone=&#8220;&#8220; transform_rotate_last_edited=&#8220;on|phone&#8220; transform_skew_tablet=&#8220;&#8220; transform_skew_phone=&#8220;&#8220; transform_skew_last_edited=&#8220;on|phone&#8220; transform_origin_tablet=&#8220;&#8220; transform_origin_phone=&#8220;&#8220; transform_origin_last_edited=&#8220;on|phone&#8220; transform_styles_last_edited=&#8220;on|phone&#8220; width=&#8220;auto&#8220; width_tablet=&#8220;auto&#8220; width_phone=&#8220;auto&#8220; width_last_edited=&#8220;on|phone&#8220; custom_margin=&#8220;0px||0px||false|false&#8220; custom_margin_tablet=&#8220;0px||0px||false|false&#8220; custom_margin_phone=&#8220;0px||0px||false|false&#8220; custom_margin_last_edited=&#8220;on|phone&#8220; custom_padding=&#8220;5px||5px||false|false&#8220; custom_padding_tablet=&#8220;5px||5px||false|false&#8220; custom_padding_phone=&#8220;5px||5px||false|false&#8220; transform_styles_tablet=&#8220;&#8220; transform_styles_phone=&#8220;&#8220; global_colors_info=&#8220;{}&#8220;][et_pb_column type=&#8220;3_4&#8243; _builder_version=&#8220;4.24.0&#8243; _module_preset=&#8220;default&#8220; transform_scale_tablet=&#8220;&#8220; transform_scale_phone=&#8220;&#8220; transform_scale_last_edited=&#8220;on|desktop&#8220; transform_translate_tablet=&#8220;106px|0px&#8220; transform_translate_phone=&#8220;0px|0px&#8220; transform_translate_last_edited=&#8220;on|desktop&#8220; transform_translate_linked=&#8220;off&#8220; transform_translate_linked_phone=&#8220;off&#8220; transform_rotate_tablet=&#8220;&#8220; transform_rotate_phone=&#8220;&#8220; transform_rotate_last_edited=&#8220;on|desktop&#8220; transform_skew_tablet=&#8220;&#8220; transform_skew_phone=&#8220;&#8220; transform_skew_last_edited=&#8220;on|desktop&#8220; transform_origin_tablet=&#8220;&#8220; transform_origin_phone=&#8220;&#8220; transform_origin_last_edited=&#8220;on|desktop&#8220; transform_styles_last_edited=&#8220;on|desktop&#8220; custom_padding_tablet=&#8220;&#8220; custom_padding_phone=&#8220;&#8220; custom_padding_last_edited=&#8220;on|phone&#8220; transform_styles_tablet=&#8220;&#8220; transform_styles_phone=&#8220;&#8220; global_colors_info=&#8220;{}&#8220;][et_pb_text _builder_version=&#8220;4.27.4&#8243; _module_preset=&#8220;9222b40f-46e0-43a7-8925-36ed0b91a65c&#8220; text_font_size=&#8220;21px&#8220; transform_scale_tablet=&#8220;&#8220; transform_scale_phone=&#8220;&#8220; transform_scale_last_edited=&#8220;on|desktop&#8220; transform_translate_tablet=&#8220;&#8220; transform_translate_phone=&#8220;0px|6px&#8220; transform_translate_last_edited=&#8220;on|tablet&#8220; transform_translate_linked=&#8220;off&#8220; transform_rotate_tablet=&#8220;&#8220; transform_rotate_phone=&#8220;&#8220; transform_rotate_last_edited=&#8220;on|desktop&#8220; transform_skew_tablet=&#8220;&#8220; transform_skew_phone=&#8220;&#8220; transform_skew_last_edited=&#8220;on|desktop&#8220; transform_origin_tablet=&#8220;&#8220; transform_origin_phone=&#8220;&#8220; transform_origin_last_edited=&#8220;on|desktop&#8220; transform_styles_last_edited=&#8220;on|tablet&#8220; width=&#8220;100%&#8220; width_tablet=&#8220;&#8220; width_phone=&#8220;&#8220; width_last_edited=&#8220;on|phone&#8220; min_height=&#8220;15.5px&#8220; custom_margin_tablet=&#8220;&#8220; custom_margin_phone=&#8220;||-17px||false|false&#8220; custom_margin_last_edited=&#8220;on|desktop&#8220; custom_padding=&#8220;5px||1px||false|false&#8220; text_font_size_tablet=&#8220;21px&#8220; text_font_size_phone=&#8220;13px&#8220; text_font_size_last_edited=&#8220;on|phone&#8220; transform_styles_tablet=&#8220;&#8220; transform_styles_phone=&#8220;&#8220; text_orientation_tablet=&#8220;&#8220; text_orientation_phone=&#8220;&#8220; text_orientation_last_edited=&#8220;on|phone&#8220; global_colors_info=&#8220;{}&#8220;]<\/p>\n<p><strong><span style=\"color: #ffffff;\">\u263c Herbst Highlight \u263c Insgesammt nur 6 Pl\u00e4tze \u263c<\/span><\/strong><\/p>\n<p>[\/et_pb_text][\/et_pb_column][et_pb_column type=&#8220;1_4&#8243; _builder_version=&#8220;4.24.0&#8243; _module_preset=&#8220;default&#8220; global_colors_info=&#8220;{}&#8220;][et_pb_button button_url=&#8220;#reservierung&#8220; button_text=&#8220;Zur Anmeldung&#8220; _builder_version=&#8220;4.24.0&#8243; _module_preset=&#8220;default&#8220; button_text_size=&#8220;14px&#8220; custom_margin=&#8220;1px|||||&#8220; sticky_position=&#8220;top&#8220; sticky_offset_surrounding=&#8220;off&#8220; sticky_transition=&#8220;off&#8220; global_colors_info=&#8220;{}&#8220;][\/et_pb_button][\/et_pb_column][\/et_pb_row][\/et_pb_section][et_pb_section fb_built=&#8220;1&#8243; custom_padding_last_edited=&#8220;on|tablet&#8220; _builder_version=&#8220;4.27.4&#8243; _module_preset=&#8220;default&#8220; use_background_color_gradient=&#8220;on&#8220; background_color_gradient_direction=&#8220;244deg&#8220; background_color_gradient_stops=&#8220;#fdf6d3 0%|rgba(255,255,255,0) 30%|rgba(255,255,255,0) 45%|#ffffff 100%&#8220; background_color_gradient_overlays_image=&#8220;on&#8220; background_image=&#8220;https:\/\/inti-yoga.de\/wp-content\/uploads\/2025\/06\/BY1A4129.jpg&#8220; background_size=&#8220;initial&#8220; background_position=&#8220;bottom_right&#8220; background_horizontal_offset=&#8220;100%&#8220; background_vertical_offset=&#8220;0%&#8220; transform_scale_tablet=&#8220;&#8220; transform_scale_phone=&#8220;&#8220; transform_scale_last_edited=&#8220;on|phone&#8220; transform_translate_tablet=&#8220;&#8220; transform_translate_phone=&#8220;&#8220; transform_translate_last_edited=&#8220;on|phone&#8220; transform_rotate_tablet=&#8220;&#8220; transform_rotate_phone=&#8220;&#8220; transform_rotate_last_edited=&#8220;on|phone&#8220; transform_skew_tablet=&#8220;&#8220; transform_skew_phone=&#8220;&#8220; transform_skew_last_edited=&#8220;on|phone&#8220; transform_origin_tablet=&#8220;&#8220; transform_origin_phone=&#8220;&#8220; transform_origin_last_edited=&#8220;on|phone&#8220; transform_styles_last_edited=&#8220;on|phone&#8220; width_tablet=&#8220;&#8220; width_phone=&#8220;auto&#8220; width_last_edited=&#8220;on|phone&#8220; min_height=&#8220;679px&#8220; min_height_tablet=&#8220;&#8220; min_height_phone=&#8220;&#8220; min_height_last_edited=&#8220;on|phone&#8220; height_tablet=&#8220;&#8220; height_phone=&#8220;565px&#8220; height_last_edited=&#8220;on|phone&#8220; custom_margin=&#8220;||||false|false&#8220; custom_margin_tablet=&#8220;0px||0px||false|false&#8220; custom_margin_phone=&#8220;0px|||0px|false|false&#8220; custom_margin_last_edited=&#8220;on|desktop&#8220; custom_padding=&#8220;||||false|false&#8220; custom_padding_tablet=&#8220;0px||0px||false|false&#8220; custom_padding_phone=&#8220;0px||0px||false|false&#8220; filter_brightness=&#8220;107%&#8220; bottom_divider_height=&#8220;58px&#8220; bottom_divider_height_tablet=&#8220;58px&#8220; bottom_divider_height_phone=&#8220;0px&#8220; bottom_divider_height_last_edited=&#8220;on|phone&#8220; background_last_edited=&#8220;on|tablet&#8220; use_background_color_gradient_tablet=&#8220;off&#8220; use_background_color_gradient_phone=&#8220;on&#8220; background_color_gradient_direction_phone=&#8220;179deg&#8220; background_color_gradient_stops_phone=&#8220;#fcefb0 0%|rgba(255,255,255,0) 13%&#8220; background_image_tablet=&#8220;https:\/\/inti-yoga.de\/wp-content\/uploads\/2025\/06\/BY1A4129.jpg&#8220; background_image_phone=&#8220;https:\/\/inti-yoga.de\/wp-content\/uploads\/2025\/06\/BY1A4129.jpg&#8220; background_enable_image_tablet=&#8220;on&#8220; background_enable_image_phone=&#8220;on&#8220; background_size_phone=&#8220;cover&#8220; background_position_tablet=&#8220;bottom_center&#8220; background_position_phone=&#8220;top_right&#8220; background_horizontal_offset_phone=&#8220;63%&#8220; background_vertical_offset_phone=&#8220;0%&#8220; transform_styles_tablet=&#8220;&#8220; transform_styles_phone=&#8220;&#8220; filter_contrast_tablet=&#8220;105%&#8220; filter_contrast_phone=&#8220;100%&#8220; filter_contrast_last_edited=&#8220;on|phone&#8220; global_colors_info=&#8220;{}&#8220; filter_blur__hover_enabled=&#8220;off|desktop&#8220;][et_pb_row column_structure=&#8220;1_2,1_2&#8243; _builder_version=&#8220;4.27.4&#8243; _module_preset=&#8220;default&#8220; transform_scale_tablet=&#8220;&#8220; transform_scale_phone=&#8220;&#8220; transform_scale_last_edited=&#8220;on|phone&#8220; transform_translate_tablet=&#8220;&#8220; transform_translate_phone=&#8220;0px|-121px&#8220; transform_translate_last_edited=&#8220;on|phone&#8220; transform_translate_linked_phone=&#8220;off&#8220; transform_rotate_tablet=&#8220;&#8220; transform_rotate_phone=&#8220;&#8220; transform_rotate_last_edited=&#8220;on|phone&#8220; transform_skew_tablet=&#8220;&#8220; transform_skew_phone=&#8220;&#8220; transform_skew_last_edited=&#8220;on|phone&#8220; transform_origin_tablet=&#8220;&#8220; transform_origin_phone=&#8220;&#8220; transform_origin_last_edited=&#8220;on|phone&#8220; transform_styles_last_edited=&#8220;on|phone&#8220; height_tablet=&#8220;&#8220; height_phone=&#8220;507px&#8220; height_last_edited=&#8220;on|phone&#8220; custom_margin_tablet=&#8220;&#8220; custom_margin_phone=&#8220;||||false|false&#8220; custom_margin_last_edited=&#8220;on|phone&#8220; custom_padding=&#8220;||||false|false&#8220; transform_styles_tablet=&#8220;&#8220; transform_styles_phone=&#8220;&#8220; global_colors_info=&#8220;{}&#8220;][et_pb_column type=&#8220;1_2&#8243; _builder_version=&#8220;4.16&#8243; _module_preset=&#8220;default&#8220; global_colors_info=&#8220;{}&#8220;][dnxte_multi_heading text_one=&#8220;The Portal&#8220; text_two=&#8220;11.-17.10.2025&#8243; text_three=&#8220;Algarve Portugal | Villa am Meer&#8220; display_type_select=&#8220;on&#8220; text_one_margin=&#8220;0px||0px||false|false&#8220; text_one_padding=&#8220;||||false|false&#8220; text_two_margin=&#8220;||||false|false&#8220; text_one_margin_tablet=&#8220;0px||0px||false|false&#8220; text_one_margin_phone=&#8220;0px||||false|false&#8220; text_one_margin_last_edited=&#8220;on|phone&#8220; text_one_padding_tablet=&#8220;|0px||110px|false|false&#8220; text_one_padding_phone=&#8220;|0px||0px|false|false&#8220; text_one_padding_last_edited=&#8220;on|phone&#8220; text_two_padding_tablet=&#8220;|||110px|false|false&#8220; text_two_padding_phone=&#8220;|0px||0px|false|false&#8220; text_two_padding_last_edited=&#8220;on|tablet&#8220; text_three_padding_tablet=&#8220;|||110px|false|false&#8220; text_three_padding_phone=&#8220;|||0px|false|false&#8220; text_three_padding_last_edited=&#8220;on|tablet&#8220; disabled_on=&#8220;off|off|off&#8220; _builder_version=&#8220;4.27.4&#8243; _module_preset=&#8220;default&#8220; text_one_font=&#8220;Just Sunday|300|||||||&#8220; text_one_text_align=&#8220;left&#8220; text_one_text_color=&#8220;#000000&#8243; text_one_font_size=&#8220;56px&#8220; text_one_line_height=&#8220;1.8em&#8220; text_two_font=&#8220;Forum|||||on|||&#8220; text_two_text_align=&#8220;left&#8220; text_two_text_color=&#8220;#000000&#8243; text_two_font_size=&#8220;26px&#8220; text_two_line_height=&#8220;2.3em&#8220; text_three_font=&#8220;Forum|||||on|||&#8220; text_three_text_align=&#8220;left&#8220; text_three_text_color=&#8220;#000000&#8243; text_three_font_size=&#8220;23px&#8220; text_three_line_height=&#8220;1.7em&#8220; transform_scale_tablet=&#8220;&#8220; transform_scale_phone=&#8220;&#8220; transform_scale_last_edited=&#8220;on|desktop&#8220; transform_translate_tablet=&#8220;&#8220; transform_translate_phone=&#8220;0px|138px&#8220; transform_translate_last_edited=&#8220;on|desktop&#8220; transform_translate_linked=&#8220;off&#8220; transform_rotate_tablet=&#8220;&#8220; transform_rotate_phone=&#8220;&#8220; transform_rotate_last_edited=&#8220;on|desktop&#8220; transform_skew_tablet=&#8220;&#8220; transform_skew_phone=&#8220;&#8220; transform_skew_last_edited=&#8220;on|desktop&#8220; transform_origin_tablet=&#8220;&#8220; transform_origin_phone=&#8220;&#8220; transform_origin_last_edited=&#8220;on|desktop&#8220; transform_styles_last_edited=&#8220;on|desktop&#8220; custom_margin=&#8220;|64px|||false|false&#8220; custom_margin_tablet=&#8220;|-111px|||false|false&#8220; custom_margin_phone=&#8220;0px|0px|||false|false&#8220; custom_margin_last_edited=&#8220;on|phone&#8220; custom_padding=&#8220;||||false|false&#8220; custom_padding_tablet=&#8220;124px||||false|false&#8220; custom_padding_phone=&#8220;28px||||false|false&#8220; custom_padding_last_edited=&#8220;on|phone&#8220; text_one_font_tablet=&#8220;Just Sunday|600|||||||&#8220; text_one_font_phone=&#8220;Just Sunday|100|||||||&#8220; text_one_font_last_edited=&#8220;on|tablet&#8220; text_one_text_align_tablet=&#8220;center&#8220; text_one_text_align_phone=&#8220;center&#8220; text_one_text_align_last_edited=&#8220;on|tablet&#8220; text_one_text_color_tablet=&#8220;#fcf7ea&#8220; text_one_text_color_phone=&#8220;#000000&#8243; text_one_text_color_last_edited=&#8220;on|phone&#8220; text_one_font_size_tablet=&#8220;56px&#8220; text_one_font_size_phone=&#8220;48px&#8220; text_one_font_size_last_edited=&#8220;on|phone&#8220; text_one_letter_spacing_tablet=&#8220;&#8220; text_one_letter_spacing_phone=&#8220;&#8220; text_one_letter_spacing_last_edited=&#8220;on|phone&#8220; text_one_line_height_tablet=&#8220;1.8em&#8220; text_one_line_height_phone=&#8220;1.3em&#8220; text_one_line_height_last_edited=&#8220;on|phone&#8220; text_two_text_color_tablet=&#8220;#000000&#8243; text_two_text_color_phone=&#8220;#000000&#8243; text_two_text_color_last_edited=&#8220;on|phone&#8220; text_three_text_align_tablet=&#8220;center&#8220; text_three_text_align_phone=&#8220;left&#8220; text_three_text_align_last_edited=&#8220;on|phone&#8220; text_three_text_color_tablet=&#8220;#000000&#8243; text_three_text_color_phone=&#8220;#000000&#8243; text_three_text_color_last_edited=&#8220;on|tablet&#8220; text_three_line_height_tablet=&#8220;1.7em&#8220; text_three_line_height_phone=&#8220;1em&#8220; text_three_line_height_last_edited=&#8220;on|phone&#8220; transform_styles_tablet=&#8220;&#8220; transform_styles_phone=&#8220;&#8220; global_colors_info=&#8220;{}&#8220;][\/dnxte_multi_heading][dnxte_multi_heading text_two=&#8220;Yogaretreat &#8220; text_three=&#8220;mit Licht- &#038; Schattenarbeit&#8220; display_type_select=&#8220;on&#8220; text_one_margin=&#8220;0px||0px||false|false&#8220; text_one_padding=&#8220;||||false|false&#8220; text_two_margin=&#8220;||||false|false&#8220; text_one_margin_tablet=&#8220;0px||0px||false|false&#8220; text_one_margin_phone=&#8220;0px||||false|false&#8220; text_one_margin_last_edited=&#8220;on|phone&#8220; text_one_padding_tablet=&#8220;|0px||110px|false|false&#8220; text_one_padding_phone=&#8220;|0px||0px|false|false&#8220; text_one_padding_last_edited=&#8220;on|phone&#8220; text_two_padding_tablet=&#8220;|||110px|false|false&#8220; text_two_padding_phone=&#8220;|0px||0px|false|false&#8220; text_two_padding_last_edited=&#8220;on|tablet&#8220; text_three_padding_tablet=&#8220;|||110px|false|false&#8220; text_three_padding_phone=&#8220;|||0px|false|false&#8220; text_three_padding_last_edited=&#8220;on|tablet&#8220; disabled_on=&#8220;off|off|off&#8220; _builder_version=&#8220;4.27.4&#8243; _module_preset=&#8220;default&#8220; text_one_font=&#8220;Just Sunday|300|||||||&#8220; text_one_text_align=&#8220;left&#8220; text_one_text_color=&#8220;#000000&#8243; text_one_font_size=&#8220;56px&#8220; text_one_line_height=&#8220;1.8em&#8220; text_two_font=&#8220;Forum|||||on|||&#8220; text_two_text_align=&#8220;left&#8220; text_two_text_color=&#8220;#000000&#8243; text_two_font_size=&#8220;26px&#8220; text_two_line_height=&#8220;2.3em&#8220; text_three_font=&#8220;Forum|||||on|||&#8220; text_three_text_align=&#8220;left&#8220; text_three_text_color=&#8220;#000000&#8243; text_three_font_size=&#8220;23px&#8220; text_three_line_height=&#8220;1.7em&#8220; transform_scale_tablet=&#8220;&#8220; transform_scale_phone=&#8220;&#8220; transform_scale_last_edited=&#8220;on|desktop&#8220; transform_translate_tablet=&#8220;&#8220; transform_translate_phone=&#8220;0px|138px&#8220; transform_translate_last_edited=&#8220;on|desktop&#8220; transform_translate_linked=&#8220;off&#8220; transform_rotate_tablet=&#8220;&#8220; transform_rotate_phone=&#8220;&#8220; transform_rotate_last_edited=&#8220;on|desktop&#8220; transform_skew_tablet=&#8220;&#8220; transform_skew_phone=&#8220;&#8220; transform_skew_last_edited=&#8220;on|desktop&#8220; transform_origin_tablet=&#8220;&#8220; transform_origin_phone=&#8220;&#8220; transform_origin_last_edited=&#8220;on|desktop&#8220; transform_styles_last_edited=&#8220;on|desktop&#8220; custom_margin=&#8220;-40px|64px|||false|false&#8220; custom_margin_tablet=&#8220;|-111px|||false|false&#8220; custom_margin_phone=&#8220;0px|0px|||false|false&#8220; custom_margin_last_edited=&#8220;on|phone&#8220; custom_padding=&#8220;||||false|false&#8220; custom_padding_tablet=&#8220;124px||||false|false&#8220; custom_padding_phone=&#8220;28px||||false|false&#8220; custom_padding_last_edited=&#8220;on|phone&#8220; text_one_font_tablet=&#8220;Just Sunday|600|||||||&#8220; text_one_font_phone=&#8220;Just Sunday|100|||||||&#8220; text_one_font_last_edited=&#8220;on|tablet&#8220; text_one_text_align_tablet=&#8220;center&#8220; text_one_text_align_phone=&#8220;center&#8220; text_one_text_align_last_edited=&#8220;on|tablet&#8220; text_one_text_color_tablet=&#8220;#fcf7ea&#8220; text_one_text_color_phone=&#8220;#000000&#8243; text_one_text_color_last_edited=&#8220;on|phone&#8220; text_one_font_size_tablet=&#8220;56px&#8220; text_one_font_size_phone=&#8220;48px&#8220; text_one_font_size_last_edited=&#8220;on|phone&#8220; text_one_letter_spacing_tablet=&#8220;&#8220; text_one_letter_spacing_phone=&#8220;&#8220; text_one_letter_spacing_last_edited=&#8220;on|phone&#8220; text_one_line_height_tablet=&#8220;1.8em&#8220; text_one_line_height_phone=&#8220;1.3em&#8220; text_one_line_height_last_edited=&#8220;on|phone&#8220; text_two_text_color_tablet=&#8220;#000000&#8243; text_two_text_color_phone=&#8220;#000000&#8243; text_two_text_color_last_edited=&#8220;on|phone&#8220; text_three_text_align_tablet=&#8220;center&#8220; text_three_text_align_phone=&#8220;left&#8220; text_three_text_align_last_edited=&#8220;on|phone&#8220; text_three_text_color_tablet=&#8220;#000000&#8243; text_three_text_color_phone=&#8220;#000000&#8243; text_three_text_color_last_edited=&#8220;on|tablet&#8220; text_three_line_height_tablet=&#8220;1.7em&#8220; text_three_line_height_phone=&#8220;1em&#8220; text_three_line_height_last_edited=&#8220;on|phone&#8220; transform_styles_tablet=&#8220;&#8220; transform_styles_phone=&#8220;&#8220; global_colors_info=&#8220;{}&#8220;][\/dnxte_multi_heading][\/et_pb_column][et_pb_column type=&#8220;1_2&#8243; _builder_version=&#8220;4.16&#8243; _module_preset=&#8220;default&#8220; global_colors_info=&#8220;{}&#8220;][\/et_pb_column][\/et_pb_row][\/et_pb_section][et_pb_section fb_built=&#8220;1&#8243; custom_padding_last_edited=&#8220;on|phone&#8220; _builder_version=&#8220;4.27.4&#8243; _module_preset=&#8220;default&#8220; use_background_color_gradient=&#8220;on&#8220; background_color_gradient_stops=&#8220;#ffffff 13%|#fcf4e8 100%&#8220; min_height=&#8220;405.1px&#8220; custom_margin=&#8220;||||false|false&#8220; custom_padding=&#8220;0px||0px||false|false&#8220; custom_padding_tablet=&#8220;0px||0px|||&#8220; custom_padding_phone=&#8220;0px||0px||false|false&#8220; global_colors_info=&#8220;{}&#8220;][et_pb_row column_structure=&#8220;3_5,2_5&#8243; _builder_version=&#8220;4.27.4&#8243; _module_preset=&#8220;default&#8220; min_height=&#8220;395.4px&#8220; custom_margin=&#8220;0px|auto|0px|auto|true|false&#8220; custom_padding=&#8220;||||false|false&#8220; global_colors_info=&#8220;{}&#8220;][et_pb_column type=&#8220;3_5&#8243; _builder_version=&#8220;4.27.4&#8243; _module_preset=&#8220;default&#8220; global_colors_info=&#8220;{}&#8220;][et_pb_video src=&#8220;https:\/\/vimeo.com\/manage\/videos\/1090106714&#8243; image_src=&#8220;https:\/\/inti-yoga.de\/wp-content\/uploads\/2025\/06\/BY1A1158.jpg&#8220; play_icon_color=&#8220;#FFFFFF&#8220; disabled_on=&#8220;on|on|off&#8220; _builder_version=&#8220;4.27.4&#8243; _module_preset=&#8220;default&#8220; min_height=&#8220;423px&#8220; custom_margin=&#8220;||||false|false&#8220; custom_margin_tablet=&#8220;||||false|false&#8220; custom_margin_phone=&#8220;100px||||false|false&#8220; custom_margin_last_edited=&#8220;on|phone&#8220; global_colors_info=&#8220;{}&#8220;][\/et_pb_video][et_pb_text disabled_on=&#8220;on|off|off&#8220; _builder_version=&#8220;4.27.4&#8243; _module_preset=&#8220;default&#8220; text_font=&#8220;Quicksand|300||||on|||&#8220; text_font_size=&#8220;21px&#8220; text_line_height=&#8220;1.9em&#8220; custom_margin=&#8220;||||false|false&#8220; custom_padding=&#8220;0px|||||&#8220; locked=&#8220;off&#8220; global_colors_info=&#8220;{}&#8220;]<\/p>\n<p>In Gemeinschaft und genussvoll tief forschen und das Leben feiern<\/p>\n<p>[\/et_pb_text][et_pb_text disabled_on=&#8220;on|off|off&#8220; _builder_version=&#8220;4.24.0&#8243; _module_preset=&#8220;default&#8220; text_font=&#8220;Just Sunday|300|||||||&#8220; text_text_color=&#8220;#214E34&#8243; text_font_size=&#8220;27px&#8220; text_line_height=&#8220;1em&#8220; custom_padding=&#8220;||3px|||&#8220; locked=&#8220;off&#8220; global_colors_info=&#8220;{}&#8220;]<\/p>\n<p>Mit Liebe, Jessica Nagel<\/p>\n<p>[\/et_pb_text][et_pb_blurb _builder_version=&#8220;4.24.0&#8243; _module_preset=&#8220;default&#8220; global_colors_info=&#8220;{}&#8220;]<\/p>\n<p style=\"text-align: center;\"><span style=\"color: #c79b1d;\">\u0950<\/span><\/p>\n<p>[\/et_pb_blurb][\/et_pb_column][et_pb_column type=&#8220;2_5&#8243; _builder_version=&#8220;4.17.3&#8243; _module_preset=&#8220;default&#8220; global_colors_info=&#8220;{}&#8220;][et_pb_text _builder_version=&#8220;4.27.4&#8243; _module_preset=&#8220;default&#8220; text_font=&#8220;Just Sunday|300|||||||&#8220; text_text_color=&#8220;#AE862C&#8220; text_font_size=&#8220;50px&#8220; min_height=&#8220;52px&#8220; custom_margin=&#8220;0px|||||&#8220; custom_padding=&#8220;||0px|||&#8220; global_colors_info=&#8220;{}&#8220;]<\/p>\n<p style=\"text-align: center;\">Das Portal<br \/><span style=\"font-family: 'Forum', serif; color: #c2965f;\">zum Gold in Dir<\/span><\/p>\n<p>[\/et_pb_text][et_pb_text _builder_version=&#8220;4.27.4&#8243; _module_preset=&#8220;default&#8220; custom_margin=&#8220;0px||||false|false&#8220; custom_padding_tablet=&#8220;&#8220; custom_padding_phone=&#8220;||0px||false|false&#8220; custom_padding_last_edited=&#8220;on|phone&#8220; locked=&#8220;off&#8220; global_colors_info=&#8220;{}&#8220;]<\/p>\n<p>Transformierende <strong>Innenschau<\/strong> und <strong>bewusste Ausrichtung<\/strong> getragen vom Meeresrauschen an Portugals K\u00fcste<\/p>\n<p><span style=\"color: #ae862c; font-size: 22px;\">YOGA mit LICHT- &amp; SCHATTENARBEIT<\/span><\/p>\n<p>[\/et_pb_text][dnxte_feature_list_parent dnxte_feature_list_image_size=&#8220;29px&#8220; dnxte_feature_list_icon_size=&#8220;0px&#8220; dnxte_feature_list_item_margin=&#8220;||||false|false&#8220; dnxte_feature_list_image_padding=&#8220;||||false|false&#8220; dnxte_feature_list_title_padding=&#8220;|||20px|false|false&#8220; dnxte_feature_list_title_padding_tablet=&#8220;|||20px|false|false&#8220; dnxte_feature_list_title_padding_phone=&#8220;|||0px|false|false&#8220; dnxte_feature_list_title_padding_last_edited=&#8220;on|phone&#8220; _builder_version=&#8220;4.27.4&#8243; _module_preset=&#8220;default&#8220; title_text_align=&#8220;left&#8220; custom_padding=&#8220;|||30px|false|false&#8220; custom_padding_tablet=&#8220;|||30px|false|false&#8220; custom_padding_phone=&#8220;|||0px|false|false&#8220; custom_padding_last_edited=&#8220;on|phone&#8220; global_colors_info=&#8220;{}&#8220;][dnxte_feature_list_child dnxte_feature_list_title=&#8220;Yoga | Somatics | K\u00f6rperarbeit&#8220; dnxte_feature_list_use_image=&#8220;on&#8220; dnxte_feature_list_image=&#8220;https:\/\/inti-yoga.de\/wp-content\/uploads\/2023\/04\/logo-cropped.png&#8220; dnxte_feature_list_icon_padding=&#8220;||||false|false&#8220; _builder_version=&#8220;4.27.4&#8243; _module_preset=&#8220;default&#8220; module_font=&#8220;&#8211;et_global_heading_font||||||||&#8220; module_text_align=&#8220;left&#8220; module_text_color=&#8220;#000000&#8243; module_font_size=&#8220;23px&#8220; custom_margin=&#8220;||||false|false&#8220; custom_padding=&#8220;||||false|false&#8220; global_colors_info=&#8220;{}&#8220;][\/dnxte_feature_list_child][dnxte_feature_list_child dnxte_feature_list_title=&#8220;Natur | Kunst | Kulinarik&#8220; dnxte_feature_list_use_image=&#8220;on&#8220; dnxte_feature_list_image=&#8220;https:\/\/inti-yoga.de\/wp-content\/uploads\/2023\/04\/logo-cropped.png&#8220; _builder_version=&#8220;4.27.4&#8243; _module_preset=&#8220;default&#8220; module_font=&#8220;&#8211;et_global_heading_font||||||||&#8220; module_text_align=&#8220;left&#8220; module_text_color=&#8220;#000000&#8243; module_font_size=&#8220;23px&#8220; global_colors_info=&#8220;{}&#8220;][\/dnxte_feature_list_child][dnxte_feature_list_child dnxte_feature_list_title=&#8220;Pers\u00f6nlichkeitsentwicklung&#8220; dnxte_feature_list_use_image=&#8220;on&#8220; dnxte_feature_list_image=&#8220;https:\/\/inti-yoga.de\/wp-content\/uploads\/2023\/04\/logo-cropped.png&#8220; _builder_version=&#8220;4.27.4&#8243; _module_preset=&#8220;default&#8220; module_font=&#8220;&#8211;et_global_heading_font||||||||&#8220; module_text_align=&#8220;left&#8220; module_text_color=&#8220;#000000&#8243; module_font_size=&#8220;23px&#8220; global_colors_info=&#8220;{}&#8220;][\/dnxte_feature_list_child][\/dnxte_feature_list_parent][et_pb_text _builder_version=&#8220;4.27.4&#8243; _module_preset=&#8220;default&#8220; custom_margin=&#8220;0px||||false|false&#8220; custom_padding=&#8220;0px|||||&#8220; custom_padding_tablet=&#8220;&#8220; custom_padding_phone=&#8220;||0px||false|false&#8220; custom_padding_last_edited=&#8220;on|phone&#8220; locked=&#8220;off&#8220; global_colors_info=&#8220;{}&#8220;]<\/p>\n<p>6 Tage in kleiner Gruppe: 6 Pl\u00e4tze<\/p>\n<p>Weit mehr als ein Retreat:<br \/>eine <strong>INITIATION zu deinem inneren Gold<\/strong><\/p>\n<p><span style=\"color: #ae862c; font-size: 19px;\">FLUID BODY ~ KLARER GEIST ~ FREIE SEELE<br \/><\/span><\/p>\n<p>[\/et_pb_text][et_pb_video src=&#8220;https:\/\/vimeo.com\/1090106714?share=copy#t=0&#8243; image_src=&#8220;https:\/\/inti-yoga.de\/wp-content\/uploads\/2025\/06\/BY1A1158.jpg&#8220; play_icon_color=&#8220;#FFFFFF&#8220; disabled_on=&#8220;off|on|on&#8220; _builder_version=&#8220;4.27.4&#8243; _module_preset=&#8220;default&#8220; min_height=&#8220;300px&#8220; custom_margin=&#8220;||||false|false&#8220; custom_margin_tablet=&#8220;||||false|false&#8220; custom_margin_phone=&#8220;||||false|false&#8220; custom_margin_last_edited=&#8220;on|phone&#8220; global_colors_info=&#8220;{}&#8220;][\/et_pb_video][et_pb_text disabled_on=&#8220;off|on|on&#8220; _builder_version=&#8220;4.27.4&#8243; _module_preset=&#8220;default&#8220; text_font=&#8220;Quicksand|300||||on|||&#8220; text_font_size=&#8220;21px&#8220; text_line_height=&#8220;1.9em&#8220; custom_margin=&#8220;||||false|false&#8220; custom_padding=&#8220;0px|||||&#8220; locked=&#8220;off&#8220; global_colors_info=&#8220;{}&#8220;]<\/p>\n<p>In Gemeinschaft und genussvoll tief forschen und das Leben feiern<\/p>\n<p>[\/et_pb_text][et_pb_text disabled_on=&#8220;off|on|on&#8220; _builder_version=&#8220;4.27.4&#8243; _module_preset=&#8220;default&#8220; text_font=&#8220;Just Sunday|300|||||||&#8220; text_text_color=&#8220;#214E34&#8243; text_font_size=&#8220;27px&#8220; text_line_height=&#8220;1em&#8220; custom_margin=&#8220;||||false|false&#8220; custom_margin_tablet=&#8220;||||false|false&#8220; custom_margin_phone=&#8220;||-23px||false|false&#8220; custom_margin_last_edited=&#8220;on|phone&#8220; custom_padding=&#8220;||||false|false&#8220; locked=&#8220;off&#8220; global_colors_info=&#8220;{}&#8220;]<\/p>\n<p>Mit Liebe, Jessica Nagel<\/p>\n<p>[\/et_pb_text][\/et_pb_column][\/et_pb_row][\/et_pb_section][et_pb_section fb_built=&#8220;1&#8243; _builder_version=&#8220;4.27.4&#8243; _module_preset=&#8220;default&#8220; background_color=&#8220;#fcf4e8&#8243; custom_margin=&#8220;||||false|false&#8220; custom_padding=&#8220;||||false|false&#8220; global_colors_info=&#8220;{}&#8220;][et_pb_row _builder_version=&#8220;4.27.4&#8243; _module_preset=&#8220;default&#8220; custom_margin=&#8220;0px||||false|false&#8220; custom_padding=&#8220;0px||0px||false|false&#8220; scroll_vertical_motion=&#8220;0|50|50|100|0.5|0|0&#8243; locked=&#8220;off&#8220; global_colors_info=&#8220;{}&#8220;][et_pb_column type=&#8220;4_4&#8243; _builder_version=&#8220;4.27.4&#8243; _module_preset=&#8220;default&#8220; global_colors_info=&#8220;{}&#8220;][dnxte_divider dnext_sid_use_icon=&#8220;on&#8220; dnext_sid_img=&#8220;https:\/\/inti-yoga.de\/wp-content\/uploads\/2023\/04\/logo-cropped.png&#8220; dnext_sid_image_max_width=&#8220;34px&#8220; dnext_sid_divider_style=&#8220;solid&#8220; dnext_sid_divider_color=&#8220;#DBAE97&#8243; disabled_on=&#8220;off|on|on&#8220; _builder_version=&#8220;4.27.4&#8243; _module_preset=&#8220;default&#8220; custom_margin=&#8220;0px||0px||false|false&#8220; locked=&#8220;off&#8220; global_colors_info=&#8220;{}&#8220;][\/dnxte_divider][\/et_pb_column][\/et_pb_row][et_pb_row _builder_version=&#8220;4.27.4&#8243; _module_preset=&#8220;default&#8220; custom_margin=&#8220;6px|auto||auto||&#8220; custom_margin_tablet=&#8220;6px|auto||auto||&#8220; custom_margin_phone=&#8220;30px||||false|false&#8220; custom_margin_last_edited=&#8220;on|phone&#8220; custom_padding=&#8220;0px||0px|||&#8220; global_colors_info=&#8220;{}&#8220;][et_pb_column type=&#8220;4_4&#8243; _builder_version=&#8220;4.27.4&#8243; _module_preset=&#8220;default&#8220; global_colors_info=&#8220;{}&#8220;][et_pb_blurb content_max_width=&#8220;1100px&#8220; _builder_version=&#8220;4.27.4&#8243; _module_preset=&#8220;default&#8220; text_orientation=&#8220;center&#8220; global_colors_info=&#8220;{}&#8220;]<\/p>\n<h2 style=\"font-size: 30px;\"><span style=\"font-family: 'Just Sunday'; font-weight: normal; color: #ae862c;\">The Portal <\/span><span style=\"font-family: Forum;\">\u2013 mehr als ein Retreat<\/span><\/h2>\n<p><span style=\"font-family: Forum; font-weight: normal;\"><\/span><br \/>Es ist eine Einladung zur <span style=\"font-family: 'Just Sunday'; color: #ae862c; font-size: 40px;\">Begegnung mit dir selbst<\/span>.<\/p>\n<p>In einem sanft gehaltenen Raum darfst du <strong>Schicht f\u00fcr Schicht ablegen<\/strong>, in dir landen, erforschen, was wirklich in dir lebt.<\/p>\n<p><strong>Fundierte Methoden<\/strong> treffen auf feine Intuition, k\u00f6rperliche Praxis wird zur <span style=\"font-family: 'Just Sunday'; color: #ae862c; font-size: 30px;\">Br\u00fccke zwischen Erde und Geist<\/span><span style=\"font-size: 18px;\">. Jede Erfahrung \u2013 ob somatisch, meditativ oder im stillen Lauschen \u2013 \u00f6ffnet T\u00fcren zu einem neuen inneren Kontakt.<\/span><\/p>\n<p>Wir arbeiten mit<br \/><span style=\"font-family: 'Just Sunday'; color: #ae862c; font-size: 30px;\">wissenschaftlich erprobten Ans\u00e4tzen<\/span><br \/>ebenso wie mit alten, <strong>spirituellen Zug\u00e4ngen<\/strong> \u2013 greifbar, echt, und immer nah am Leben.<\/p>\n<p>Hier darf Spiritualit\u00e4t geerdet sein. <strong>Transformation darf leicht gehen<\/strong>. Tiefe darf sanft sein.<br \/>Du wirst von Natur getragen, vom Meer erinnert, vom Licht gef\u00fchrt.<\/p>\n<p>Und vielleicht erkennst du, wie viel Gold schon l\u00e4ngst in dir liegt.<\/p>\n<p><span style=\"font-family: 'Just Sunday'; font-weight: normal; font-size: xx-large; color: #ae862c;\">Erdend. Kl\u00e4rend. Goldwert.<\/span><\/p>\n<p>[\/et_pb_blurb][\/et_pb_column][\/et_pb_row][et_pb_row _builder_version=&#8220;4.27.4&#8243; _module_preset=&#8220;default&#8220; width=&#8220;100%&#8220; max_width=&#8220;2559px&#8220; custom_margin=&#8220;0px||0px||true|false&#8220; global_colors_info=&#8220;{}&#8220;][et_pb_column type=&#8220;4_4&#8243; _builder_version=&#8220;4.27.4&#8243; _module_preset=&#8220;default&#8220; global_colors_info=&#8220;{}&#8220;][et_pb_image src=&#8220;https:\/\/inti-yoga.de\/wp-content\/uploads\/2025\/06\/BY1A3513-1-scaled-e1749985392178.jpg&#8220; title_text=&#8220;Jessi &#8211; INTIYOGA&#8220; show_bottom_space=&#8220;off&#8220; force_fullwidth=&#8220;on&#8220; show_bottom_space_tablet=&#8220;off&#8220; show_bottom_space_phone=&#8220;on&#8220; show_bottom_space_last_edited=&#8220;on|phone&#8220; disabled_on=&#8220;off|on|on&#8220; _builder_version=&#8220;4.27.4&#8243; _module_preset=&#8220;default&#8220; use_background_color_gradient=&#8220;on&#8220; background_color_gradient_stops=&#8220;#fcf4e8 1%|rgba(255,255,255,0) 58%|rgba(255,255,255,0) 100%&#8220; background_color_gradient_overlays_image=&#8220;on&#8220; background_image=&#8220;https:\/\/inti-yoga.de\/wp-content\/uploads\/2025\/06\/BY1A3513-1-scaled-e1749985392178.jpg&#8220; background_size=&#8220;contain&#8220; background_last_edited=&#8220;on|phone&#8220; use_background_color_gradient_phone=&#8220;off&#8220; background_enable_image_phone=&#8220;off&#8220; background_size_phone=&#8220;cover&#8220; background_position_phone=&#8220;center&#8220; global_colors_info=&#8220;{}&#8220;][\/et_pb_image][et_pb_image src=&#8220;https:\/\/inti-yoga.de\/wp-content\/uploads\/2025\/06\/BY1A3513-1-scaled-e1749985392178.jpg&#8220; title_text=&#8220;Jessi &#8211; INTIYOGA&#8220; show_bottom_space=&#8220;off&#8220; force_fullwidth=&#8220;on&#8220; disabled_on=&#8220;on|off|off&#8220; _builder_version=&#8220;4.27.4&#8243; _module_preset=&#8220;default&#8220; use_background_color_gradient=&#8220;on&#8220; background_color_gradient_stops=&#8220;#fcf4e8 1%|rgba(255,255,255,0) 58%|rgba(255,255,255,0) 100%&#8220; background_color_gradient_overlays_image=&#8220;on&#8220; background_enable_image=&#8220;off&#8220; min_height=&#8220;351px&#8220; global_colors_info=&#8220;{}&#8220;][\/et_pb_image][\/et_pb_column][\/et_pb_row][\/et_pb_section][et_pb_section fb_built=&#8220;1&#8243; custom_padding_last_edited=&#8220;on|phone&#8220; _builder_version=&#8220;4.27.4&#8243; _module_preset=&#8220;default&#8220; use_background_color_gradient=&#8220;on&#8220; background_color_gradient_stops=&#8220;#fcf4e8 0%|rgba(255,255,255,0) 44%&#8220; custom_margin=&#8220;||||false|false&#8220; custom_margin_tablet=&#8220;-150px||||false|false&#8220; custom_margin_phone=&#8220;0px||||false|false&#8220; custom_margin_last_edited=&#8220;on|phone&#8220; custom_padding=&#8220;0px||0px||false|false&#8220; custom_padding_tablet=&#8220;29px||0px||false|false&#8220; custom_padding_phone=&#8220;0px||||false|false&#8220; global_colors_info=&#8220;{}&#8220;][et_pb_row _builder_version=&#8220;4.27.4&#8243; _module_preset=&#8220;default&#8220; custom_margin_tablet=&#8220;&#8220; custom_margin_phone=&#8220;-28px||||false|false&#8220; custom_margin_last_edited=&#8220;on|phone&#8220; custom_padding=&#8220;||3px|||&#8220; global_colors_info=&#8220;{}&#8220;][et_pb_column type=&#8220;4_4&#8243; _builder_version=&#8220;4.16&#8243; _module_preset=&#8220;default&#8220; global_colors_info=&#8220;{}&#8220;][dnxte_divider dnext_sid_use_icon=&#8220;on&#8220; dnext_sid_img=&#8220;https:\/\/inti-yoga.de\/wp-content\/uploads\/2023\/04\/logo-cropped.png&#8220; dnext_sid_image_max_width=&#8220;34px&#8220; dnext_sid_divider_style=&#8220;solid&#8220; dnext_sid_divider_color=&#8220;#DBAE97&#8243; _builder_version=&#8220;4.21.0&#8243; _module_preset=&#8220;default&#8220; custom_margin=&#8220;1px|||||&#8220; custom_padding=&#8220;0px|||||&#8220; locked=&#8220;off&#8220; global_colors_info=&#8220;{}&#8220;][\/dnxte_divider][et_pb_text _builder_version=&#8220;4.16&#8243; _module_preset=&#8220;default&#8220; header_2_font=&#8220;Just Sunday|300|||||||&#8220; header_2_text_color=&#8220;#c79b1d&#8220; header_2_font_size=&#8220;53px&#8220; global_colors_info=&#8220;{}&#8220;]<\/p>\n<h2>Unser Kraftort am Meer<\/h2>\n<p>[\/et_pb_text][et_pb_text _builder_version=&#8220;4.27.4&#8243; _module_preset=&#8220;default&#8220; text_font=&#8220;Actor|300|||||||&#8220; text_text_color=&#8220;#214E34&#8243; global_colors_info=&#8220;{}&#8220;]<\/p>\n<p>Casa Maresia \/ Aljezur \/ Algarve \/ S\u00fcd-Portugal<\/p>\n<p>[\/et_pb_text][\/et_pb_column][\/et_pb_row][et_pb_row _builder_version=&#8220;4.16&#8243; _module_preset=&#8220;default&#8220; custom_padding=&#8220;||47px|||&#8220; global_colors_info=&#8220;{}&#8220;][et_pb_column type=&#8220;4_4&#8243; _builder_version=&#8220;4.16&#8243; _module_preset=&#8220;default&#8220; global_colors_info=&#8220;{}&#8220;][et_pb_text _builder_version=&#8220;4.23.4&#8243; _module_preset=&#8220;default&#8220; text_font_size=&#8220;16px&#8220; custom_margin=&#8220;0px||||false|false&#8220; global_colors_info=&#8220;{}&#8220;]<\/p>\n<p data-start=\"272\" data-end=\"521\">Inmitten der unber\u00fchrten Natur des Nationalparks der Costa Vicentina, wo die Wellen Geschichten erz\u00e4hlen und der Wind die Schleier des Alltags forttr\u00e4gt, liegt Casa Maresia \u2013 ein R\u00fcckzugsort, der mehr ist als nur eine Unterkunft. Ein Portal.<\/p>\n<p data-start=\"523\" data-end=\"809\">Hier \u00f6ffnet sich ein energetisches Feld, das dich nicht nur empf\u00e4ngt, sondern erinnert: an dein inneres Gold, an das, was du tief in dir l\u00e4ngst bist.<br data-start=\"672\" data-end=\"675\" \/><strong>Die Villa thront still \u00fcber den Klippen, mit weitem Blick auf das Meer<\/strong> \u2013 nicht nur als Aussicht, sondern als Spiegel deines Innenlebens.<\/p>\n<p data-start=\"811\" data-end=\"1025\">Alles an diesem Ort l\u00e4dt dich ein, zu entschleunigen. Zu landen. Bei dir.<\/p>\n<p><span style=\"color: #ae862c; font-size: 19px;\">DIREKT AM MEER ~ PRIVATER POOL ~ YOGADECK ~ GROSSE &amp; HELLE ZIMMER<\/span><\/p>\n<p>Von unserem eigenen Koch erwartet dich k\u00f6stlich-gute und direkt vor Ort zubereitete <strong>Kulinarik in BIO Qualit\u00e4t, die die Seele ber\u00fchrt<\/strong><\/p>\n<p><span><\/span><\/p>\n<p>[\/et_pb_text][\/et_pb_column][\/et_pb_row][et_pb_row column_structure=&#8220;1_2,1_2&#8243; use_custom_gutter=&#8220;on&#8220; gutter_width=&#8220;1&#8243; _builder_version=&#8220;4.17.3&#8243; _module_preset=&#8220;default&#8220; module_alignment=&#8220;center&#8220; custom_padding=&#8220;0px||0px||false|false&#8220; global_colors_info=&#8220;{}&#8220;][et_pb_column type=&#8220;1_2&#8243; _builder_version=&#8220;4.17.3&#8243; _module_preset=&#8220;default&#8220; global_colors_info=&#8220;{}&#8220;][et_pb_image src=&#8220;https:\/\/inti-yoga.de\/wp-content\/uploads\/2025\/06\/08_Terasse_8.jpg&#8220; alt=&#8220;H\u00fctte Yogaretreat Alpen 2024&#8243; title_text=&#8220;08_Terasse_8&#8243; align=&#8220;center&#8220; disabled_on=&#8220;on|off|off&#8220; module_class=&#8220;diable lightbox&#8220; _builder_version=&#8220;4.27.4&#8243; _module_preset=&#8220;default&#8220; filter_saturate=&#8220;109%&#8220; filter_brightness=&#8220;105%&#8220; filter_opacity=&#8220;95%&#8220; custom_css_main_element=&#8220;padding: 3px;&#8220; border_radii=&#8220;on|9px|9px|9px|9px&#8220; border_color_all=&#8220;#dbb84e&#8220; global_colors_info=&#8220;{}&#8220;][\/et_pb_image][et_pb_image src=&#8220;https:\/\/inti-yoga.de\/wp-content\/uploads\/2025\/06\/08_Terasse_8.jpg&#8220; alt=&#8220;H\u00fctte Yogaretreat Alpen 2024&#8243; title_text=&#8220;08_Terasse_8&#8243; align=&#8220;center&#8220; disabled_on=&#8220;off|off|on&#8220; module_class=&#8220;diable lightbox&#8220; _builder_version=&#8220;4.27.4&#8243; _module_preset=&#8220;default&#8220; filter_saturate=&#8220;139%&#8220; filter_brightness=&#8220;102%&#8220; filter_opacity=&#8220;95%&#8220; custom_css_main_element=&#8220;padding: 3px;&#8220; border_radii=&#8220;on|9px|9px|9px|9px&#8220; border_color_all=&#8220;#dbb84e&#8220; global_colors_info=&#8220;{}&#8220;][\/et_pb_image][et_pb_image src=&#8220;https:\/\/inti-yoga.de\/wp-content\/uploads\/2025\/06\/Portugiesisches-Haus-Yoga-Aljezur-1.jpg&#8220; alt=&#8220;H\u00fctte Yogaretreat Alpen 2024&#8243; title_text=&#8220;Portugiesisches Haus Yoga Aljezur&#8220; align=&#8220;center&#8220; disabled_on=&#8220;off|off|on&#8220; module_class=&#8220;diable lightbox&#8220; _builder_version=&#8220;4.27.4&#8243; _module_preset=&#8220;default&#8220; filter_opacity=&#8220;95%&#8220; custom_css_main_element=&#8220;padding: 3px;&#8220; border_radii=&#8220;on|9px|9px|9px|9px&#8220; border_color_all=&#8220;#dbb84e&#8220; global_colors_info=&#8220;{}&#8220;][\/et_pb_image][\/et_pb_column][et_pb_column type=&#8220;1_2&#8243; _builder_version=&#8220;4.17.3&#8243; _module_preset=&#8220;default&#8220; global_colors_info=&#8220;{}&#8220;][et_pb_image src=&#8220;https:\/\/inti-yoga.de\/wp-content\/uploads\/2025\/06\/Yoga-Deck-mit-Pool.jpg&#8220; alt=&#8220;H\u00fctte Yogaretreat Alpen 2024&#8243; title_text=&#8220;Yoga Deck mit Pool&#8220; align=&#8220;center&#8220; disabled_on=&#8220;on|off|off&#8220; module_class=&#8220;diable lightbox&#8220; _builder_version=&#8220;4.27.4&#8243; _module_preset=&#8220;default&#8220; filter_brightness=&#8220;102%&#8220; filter_opacity=&#8220;95%&#8220; custom_css_main_element=&#8220;padding: 3px;&#8220; border_radii=&#8220;on|9px|9px|9px|9px&#8220; border_color_all=&#8220;#dbb84e&#8220; global_colors_info=&#8220;{}&#8220;][\/et_pb_image][et_pb_image src=&#8220;https:\/\/inti-yoga.de\/wp-content\/uploads\/2025\/06\/Yoga-Deck-mit-Pool.jpg&#8220; alt=&#8220;H\u00fctte Yogaretreat Alpen 2024&#8243; title_text=&#8220;Yoga Deck mit Pool&#8220; align=&#8220;center&#8220; disabled_on=&#8220;off|off|on&#8220; module_class=&#8220;diable lightbox&#8220; _builder_version=&#8220;4.27.4&#8243; _module_preset=&#8220;default&#8220; filter_saturate=&#8220;92%&#8220; custom_css_main_element=&#8220;padding: 3px;&#8220; border_radii=&#8220;on|9px|9px|9px|9px&#8220; border_color_all=&#8220;#dbb84e&#8220; global_colors_info=&#8220;{}&#8220;][\/et_pb_image][et_pb_image src=&#8220;https:\/\/inti-yoga.de\/wp-content\/uploads\/2025\/06\/Livingroom3.jpg&#8220; alt=&#8220;H\u00fctte Yogaretreat Alpen 2024&#8243; title_text=&#8220;Livingroom3&#8243; align=&#8220;center&#8220; disabled_on=&#8220;off|off|on&#8220; module_class=&#8220;diable lightbox&#8220; _builder_version=&#8220;4.27.4&#8243; _module_preset=&#8220;default&#8220; custom_css_main_element=&#8220;padding: 3px;&#8220; border_radii=&#8220;on|9px|9px|9px|9px&#8220; border_color_all=&#8220;#dbb84e&#8220; global_colors_info=&#8220;{}&#8220;][\/et_pb_image][\/et_pb_column][\/et_pb_row][et_pb_row use_custom_gutter=&#8220;on&#8220; gutter_width=&#8220;1&#8243; _builder_version=&#8220;4.17.3&#8243; _module_preset=&#8220;default&#8220; custom_margin=&#8220;0px|auto||auto|false|false&#8220; custom_margin_tablet=&#8220;-50px||-60px||false|false&#8220; custom_margin_phone=&#8220;||-110px||false|false&#8220; custom_margin_last_edited=&#8220;on|phone&#8220; custom_padding=&#8220;0px||0px||false|false&#8220; module_alignment_tablet=&#8220;left&#8220; module_alignment_phone=&#8220;left&#8220; module_alignment_last_edited=&#8220;on|tablet&#8220; global_colors_info=&#8220;{}&#8220;][et_pb_column type=&#8220;4_4&#8243; _builder_version=&#8220;4.16&#8243; _module_preset=&#8220;default&#8220; global_colors_info=&#8220;{}&#8220;][et_pb_gallery gallery_ids=&#8220;264417,264367,264419,264418,264420&#8243; zoom_icon_color=&#8220;RGBA(255,255,255,0)&#8220; hover_overlay_color=&#8220;RGBA(255,255,255,0)&#8220; disabled_on=&#8220;on|off|off&#8220; module_class=&#8220;disable lightbox&#8220; _builder_version=&#8220;4.27.4&#8243; _module_preset=&#8220;c88e0f72-2234-47de-ad5f-1bf1c8d7e6f3&#8243; transform_scale_tablet=&#8220;101%|101%&#8220; transform_scale_phone=&#8220;117%|117%&#8220; transform_scale_last_edited=&#8220;on|phone&#8220; transform_translate_tablet=&#8220;76px|0px&#8220; transform_translate_phone=&#8220;39px|0px&#8220; transform_translate_last_edited=&#8220;on|tablet&#8220; transform_translate_linked_tablet=&#8220;off&#8220; transform_rotate_tablet=&#8220;&#8220; transform_rotate_phone=&#8220;&#8220; transform_rotate_last_edited=&#8220;on|tablet&#8220; transform_skew_tablet=&#8220;&#8220; transform_skew_phone=&#8220;&#8220; transform_skew_last_edited=&#8220;on|tablet&#8220; transform_origin_tablet=&#8220;&#8220; transform_origin_phone=&#8220;&#8220; transform_origin_last_edited=&#8220;on|tablet&#8220; transform_styles_last_edited=&#8220;on|phone&#8220; width=&#8220;100%&#8220; width_tablet=&#8220;100%&#8220; width_phone=&#8220;auto&#8220; width_last_edited=&#8220;on|phone&#8220; filter_opacity=&#8220;90%&#8220; transform_styles_tablet=&#8220;&#8220; transform_styles_phone=&#8220;&#8220; module_alignment_tablet=&#8220;&#8220; module_alignment_phone=&#8220;&#8220; module_alignment_last_edited=&#8220;on|tablet&#8220; custom_css_main_element=&#8220;padding: 1px;&#8220; border_color_all=&#8220;RGBA(255,255,255,0)&#8220; border_radii_image=&#8220;on|9px|9px|9px|9px&#8220; border_color_all_image=&#8220;RGBA(255,255,255,0)&#8220; global_colors_info=&#8220;{}&#8220; custom_css_gallery_item_last_edited=&#8220;off|desktop&#8220; custom_css_gallery_item__hover_enabled=&#8220;on|desktop&#8220; custom_css_main_element_last_edited=&#8220;off|tablet&#8220;][\/et_pb_gallery][\/et_pb_column][\/et_pb_row][\/et_pb_section][et_pb_section fb_built=&#8220;1&#8243; custom_padding_last_edited=&#8220;on|phone&#8220; _builder_version=&#8220;4.27.4&#8243; _module_preset=&#8220;default&#8220; custom_padding_tablet=&#8220;&#8220; custom_padding_phone=&#8220;||0px||false|false&#8220; global_colors_info=&#8220;{}&#8220;][et_pb_row column_structure=&#8220;1_3,1_3,1_3&#8243; _builder_version=&#8220;4.27.4&#8243; _module_preset=&#8220;default&#8220; custom_margin_tablet=&#8220;&#8220; custom_margin_phone=&#8220;48px||||false|false&#8220; custom_margin_last_edited=&#8220;on|phone&#8220; locked=&#8220;off&#8220; global_colors_info=&#8220;{}&#8220;][et_pb_column type=&#8220;1_3&#8243; _builder_version=&#8220;4.23.4&#8243; _module_preset=&#8220;default&#8220; global_colors_info=&#8220;{}&#8220;][et_pb_text _builder_version=&#8220;4.27.4&#8243; _module_preset=&#8220;default&#8220; header_3_font=&#8220;Just Sunday||||||||&#8220; header_3_font_size=&#8220;48px&#8220; global_colors_info=&#8220;{}&#8220;]<\/p>\n<h3 style=\"font-family: Forum;\">\n  <span style=\"font-family: 'Just Sunday';\">Du<\/span> m\u00f6chtest etwas ver\u00e4ndern?<br \/>\n<\/h3>\n<p>getragen von Natur, Tiefe und neuen Perspektiven.[\/et_pb_text][et_pb_image src=&#8220;https:\/\/inti-yoga.de\/wp-content\/uploads\/2025\/06\/Duene-Aussschau.jpg&#8220; alt=&#8220;Inti Yoga Retreat 2024&#8243; title_text=&#8220;D\u00fcne Aussschau&#8220; _builder_version=&#8220;4.27.4&#8243; _module_preset=&#8220;default&#8220; custom_padding=&#8220;57px|||||&#8220; custom_padding_tablet=&#8220;57px|||||&#8220; custom_padding_phone=&#8220;0px||||false|false&#8220; custom_padding_last_edited=&#8220;on|phone&#8220; filter_opacity=&#8220;90%&#8220; border_radii=&#8220;on|10px|10px|10px|10px&#8220; global_colors_info=&#8220;{}&#8220;][\/et_pb_image][\/et_pb_column][et_pb_column type=&#8220;1_3&#8243; _builder_version=&#8220;4.16&#8243; _module_preset=&#8220;default&#8220; global_colors_info=&#8220;{}&#8220;][et_pb_text _builder_version=&#8220;4.27.4&#8243; _module_preset=&#8220;default&#8220; header_3_font=&#8220;Just Sunday||||||||&#8220; header_3_font_size=&#8220;48px&#8220; global_colors_info=&#8220;{}&#8220;]<\/p>\n<h3 style=\"font-family: Forum;\"><span style=\"font-family: 'Just Sunday';\">Du<\/span> sch\u00e4tzt echte N\u00e4he?<\/h3>\n<p>in einer kleinen Gruppe mit authentischen, nahbaren Hosts auf Augenh\u00f6he.<\/p>\n<p>[\/et_pb_text][et_pb_image src=&#8220;https:\/\/inti-yoga.de\/wp-content\/uploads\/2025\/06\/Duehne-gras.jpg&#8220; alt=&#8220;Yogalehrerin Inti Yoga&#8220; title_text=&#8220;D\u00fchne gras&#8220; _builder_version=&#8220;4.27.4&#8243; _module_preset=&#8220;default&#8220; custom_margin=&#8220;104px||||false|false&#8220; custom_margin_tablet=&#8220;104px||||false|false&#8220; custom_margin_phone=&#8220;0px||||false|false&#8220; custom_margin_last_edited=&#8220;on|desktop&#8220; filter_opacity=&#8220;90%&#8220; border_radii=&#8220;on|10px|10px|10px|10px&#8220; global_colors_info=&#8220;{}&#8220;][\/et_pb_image][\/et_pb_column][et_pb_column type=&#8220;1_3&#8243; _builder_version=&#8220;4.16&#8243; _module_preset=&#8220;default&#8220; global_colors_info=&#8220;{}&#8220;][et_pb_text _builder_version=&#8220;4.27.4&#8243; _module_preset=&#8220;default&#8220; header_3_font=&#8220;Just Sunday||||||||&#8220; header_3_font_size=&#8220;48px&#8220; custom_padding=&#8220;||5px|||&#8220; global_colors_info=&#8220;{}&#8220;]<\/p>\n<h3 style=\"font-family: Forum;\">\n  <span style=\"font-family: 'Just Sunday';\">Du<\/span> willst Heilung mit Freude verbinden?<br \/>\n<\/h3>\n<p>erlebe, wie Leichtigkeit tiefe Prozesse tragen kann.[\/et_pb_text][et_pb_image src=&#8220;https:\/\/inti-yoga.de\/wp-content\/uploads\/2025\/06\/duehne-tanz.jpg&#8220; alt=&#8220;Yoga Retreat Alpen&#8220; title_text=&#8220;d\u00fchne tanz&#8220; _builder_version=&#8220;4.27.4&#8243; _module_preset=&#8220;default&#8220; filter_opacity=&#8220;90%&#8220; border_radii=&#8220;on|10px|10px|10px|10px&#8220; global_colors_info=&#8220;{}&#8220;][\/et_pb_image][\/et_pb_column][\/et_pb_row][\/et_pb_section][et_pb_section fb_built=&#8220;1&#8243; _builder_version=&#8220;4.27.4&#8243; _module_preset=&#8220;default&#8220; custom_margin_tablet=&#8220;&#8220; custom_margin_phone=&#8220;0px||||false|false&#8220; custom_margin_last_edited=&#8220;on|phone&#8220; custom_padding=&#8220;0px||||false|false&#8220; global_colors_info=&#8220;{}&#8220;][et_pb_row column_structure=&#8220;1_2,1_2&#8243; _builder_version=&#8220;4.27.4&#8243; _module_preset=&#8220;default&#8220; custom_margin_tablet=&#8220;&#8220; custom_margin_phone=&#8220;0px||||false|false&#8220; custom_margin_last_edited=&#8220;on|phone&#8220; global_colors_info=&#8220;{}&#8220;][et_pb_column type=&#8220;1_2&#8243; _builder_version=&#8220;4.27.4&#8243; _module_preset=&#8220;default&#8220; global_colors_info=&#8220;{}&#8220;][et_pb_text disabled_on=&#8220;off|on|on&#8220; _builder_version=&#8220;4.27.4&#8243; _module_preset=&#8220;default&#8220; text_font=&#8220;&#8211;et_global_heading_font|300|||||||&#8220; text_text_color=&#8220;#214E34&#8243; text_font_size=&#8220;30px&#8220; custom_margin_tablet=&#8220;&#8220; custom_margin_phone=&#8220;0px||||false|false&#8220; custom_margin_last_edited=&#8220;on|phone&#8220; locked=&#8220;off&#8220; global_colors_info=&#8220;{}&#8220;]<\/p>\n<p><span style=\"color: #000000;\">Du wirst lernen, wie du\u2026<\/span><\/p>\n<p>[\/et_pb_text][et_pb_image src=&#8220;https:\/\/inti-yoga.de\/wp-content\/uploads\/2025\/06\/cave-2.jpg&#8220; title_text=&#8220;cave 2&#8243; _builder_version=&#8220;4.27.4&#8243; _module_preset=&#8220;default&#8220; border_radii=&#8220;on|5px|5px|5px|5px&#8220; global_colors_info=&#8220;{}&#8220;][\/et_pb_image][\/et_pb_column][et_pb_column type=&#8220;1_2&#8243; _builder_version=&#8220;4.27.4&#8243; _module_preset=&#8220;default&#8220; global_colors_info=&#8220;{}&#8220;][et_pb_text disabled_on=&#8220;on|off|off&#8220; _builder_version=&#8220;4.27.4&#8243; _module_preset=&#8220;default&#8220; text_font=&#8220;&#8211;et_global_heading_font|300|||||||&#8220; text_text_color=&#8220;#214E34&#8243; text_font_size=&#8220;30px&#8220; locked=&#8220;off&#8220; global_colors_info=&#8220;{}&#8220;]<\/p>\n<p><span style=\"color: #000000;\">Du wirst lernen, wie du\u2026<\/span><\/p>\n<p>[\/et_pb_text][et_pb_text _builder_version=&#8220;4.16&#8243; _module_preset=&#8220;default&#8220; text_line_height=&#8220;1em&#8220; width=&#8220;100%&#8220; custom_margin=&#8220;5px|||||&#8220; locked=&#8220;off&#8220; inline_fonts=&#8220;Forum,Just Sunday&#8220; global_colors_info=&#8220;{}&#8220;]<\/p>\n<p>\u00a0 <strong>\u00a0aufh\u00f6rst, dein Licht zu dimmen<\/strong>, dich klein zu halten<br \/>und stattdessen, dein inneres Gold anzapfst<\/p>\n<p><span style=\"color: #ae862c;\">\u25bc<\/span><\/p>\n<p>die F\u00e4higkeit kultivierst, <strong>alle Gef\u00fchle durchzuf\u00fchlen<\/strong>, f\u00fcr wahre innere Freiheit<\/p>\n<p><span style=\"color: #ae862c;\">\u25bc<\/span><\/p>\n<p><strong>radikal ehrlich nach innen schaust<\/strong> und dadurch eine tiefe Klarheit erkennst<\/p>\n<p><span style=\"color: #ae862c;\">\u25bc<\/span><\/p>\n<p>unterbewusste Muster durchschaust und diese in dienliche <strong>Glaubenss\u00e4tze<\/strong> umwandelst<\/p>\n<p><span style=\"color: #000000;\"><span style=\"color: #ae862c;\">\u25bc<\/span><\/span><\/p>\n<p>mit Ersch\u00f6pfung, \u00dcberforderung, Gedankenkarussellen und Sorgenspiralen umgehst und dir <strong>ein zyklischeres Leben erlaubst<\/strong><\/p>\n<p>&nbsp;<\/p>\n<p>[\/et_pb_text][\/et_pb_column][\/et_pb_row][\/et_pb_section][et_pb_section fb_built=&#8220;1&#8243; custom_padding_last_edited=&#8220;on|phone&#8220; next_background_color=&#8220;#ffffff&#8220; _builder_version=&#8220;4.27.4&#8243; _module_preset=&#8220;default&#8220; use_background_color_gradient=&#8220;on&#8220; background_color_gradient_stops=&#8220;#ffffff 6%|rgba(0,0,0,0) 66%&#8220; background_color_gradient_overlays_image=&#8220;on&#8220; background_color_gradient_start=&#8220;#ffffff&#8220; background_color_gradient_start_position=&#8220;6%&#8220; background_color_gradient_end=&#8220;rgba(0,0,0,0)&#8220; background_color_gradient_end_position=&#8220;66%&#8220; background_image=&#8220;https:\/\/inti-yoga.de\/wp-content\/uploads\/2025\/06\/SWS_Moods_Portugal2020\u252c\u2310Zingelmann_small_104.jpg&#8220; custom_margin=&#8220;3px|||||&#8220; custom_margin_tablet=&#8220;-100px||||false|false&#8220; custom_margin_phone=&#8220;-80px||||false|false&#8220; custom_margin_last_edited=&#8220;on|tablet&#8220; custom_padding=&#8220;276px||313px|||&#8220; custom_padding_tablet=&#8220;276px||313px|||&#8220; custom_padding_phone=&#8220;234px||294px||false|false&#8220; bottom_divider_style=&#8220;wave2&#8243; bottom_divider_height=&#8220;77px&#8220; bottom_divider_height_tablet=&#8220;77px&#8220; bottom_divider_height_phone=&#8220;42px&#8220; bottom_divider_height_last_edited=&#8220;on|phone&#8220; global_colors_info=&#8220;{}&#8220;][et_pb_row column_structure=&#8220;1_2,1_2&#8243; _builder_version=&#8220;4.16&#8243; _module_preset=&#8220;default&#8220; custom_margin=&#8220;-197px|auto||auto||&#8220; global_colors_info=&#8220;{}&#8220;][et_pb_column type=&#8220;1_2&#8243; _builder_version=&#8220;4.16&#8243; _module_preset=&#8220;default&#8220; global_colors_info=&#8220;{}&#8220;][et_pb_text _builder_version=&#8220;4.27.4&#8243; _module_preset=&#8220;default&#8220; text_font_size=&#8220;35px&#8220; header_2_font=&#8220;Just Sunday|300|||||||&#8220; header_2_text_color=&#8220;#c79b1d&#8220; header_2_font_size=&#8220;53px&#8220; locked=&#8220;off&#8220; global_colors_info=&#8220;{}&#8220;]<\/p>\n<p>Once &#8211; In -A Lifetime Expierience<\/p>\n<p>[\/et_pb_text][\/et_pb_column][et_pb_column type=&#8220;1_2&#8243; _builder_version=&#8220;4.16&#8243; _module_preset=&#8220;default&#8220; global_colors_info=&#8220;{}&#8220;][\/et_pb_column][\/et_pb_row][\/et_pb_section][et_pb_section fb_built=&#8220;1&#8243; custom_padding_last_edited=&#8220;on|tablet&#8220; next_background_color=&#8220;#ffffff&#8220; _builder_version=&#8220;4.27.4&#8243; _module_preset=&#8220;default&#8220; use_background_color_gradient=&#8220;on&#8220; background_color_gradient_stops=&#8220;#ffffff 0%|rgba(0,0,0,0) 100%&#8220; background_color_gradient_overlays_image=&#8220;on&#8220; background_color_gradient_start=&#8220;#ffffff&#8220; background_color_gradient_end=&#8220;rgba(0,0,0,0)&#8220; background_enable_image=&#8220;off&#8220; background_position=&#8220;bottom_right&#8220; custom_margin=&#8220;||||false|false&#8220; custom_margin_tablet=&#8220;39px||||false|false&#8220; custom_margin_phone=&#8220;-40px||||false|false&#8220; custom_margin_last_edited=&#8220;on|phone&#8220; custom_padding=&#8220;0px||0px||false|false&#8220; custom_padding_tablet=&#8220;21px||80px||false|false&#8220; custom_padding_phone=&#8220;21px||80px||false|false&#8220; bottom_divider_style=&#8220;wave2&#8243; bottom_divider_height=&#8220;60px&#8220; bottom_divider_flip=&#8220;vertical&#8220; bottom_divider_height_tablet=&#8220;42px&#8220; bottom_divider_height_phone=&#8220;42px&#8220; bottom_divider_height_last_edited=&#8220;on|tablet&#8220; background_last_edited=&#8220;on|tablet&#8220; background_size_tablet=&#8220;initial&#8220; background_position_tablet=&#8220;top_center&#8220; global_colors_info=&#8220;{}&#8220;][et_pb_row column_structure=&#8220;1_2,1_2&#8243; _builder_version=&#8220;4.16&#8243; _module_preset=&#8220;default&#8220; global_colors_info=&#8220;{}&#8220;][et_pb_column type=&#8220;1_2&#8243; _builder_version=&#8220;4.16&#8243; _module_preset=&#8220;default&#8220; global_colors_info=&#8220;{}&#8220;][et_pb_text _builder_version=&#8220;4.16&#8243; _module_preset=&#8220;default&#8220; header_2_font=&#8220;Just Sunday|300|||||||&#8220; header_2_text_color=&#8220;#c79b1d&#8220; header_2_font_size=&#8220;53px&#8220; locked=&#8220;off&#8220; global_colors_info=&#8220;{}&#8220;]<\/p>\n<h2>Du bist es wert<\/h2>\n<p>[\/et_pb_text][et_pb_text _builder_version=&#8220;4.27.4&#8243; _module_preset=&#8220;default&#8220; text_font=&#8220;&#8211;et_global_heading_font|300|||||||&#8220; text_text_color=&#8220;#214E34&#8243; text_font_size=&#8220;30px&#8220; locked=&#8220;off&#8220; global_colors_info=&#8220;{}&#8220;]<\/p>\n<p><span style=\"color: #000000;\">Bildergallerie Unterkunft<\/span><\/p>\n<p>[\/et_pb_text][et_pb_gallery gallery_ids=&#8220;264483,264415,264485,264480,264484,264482,264486,264475,264487,264476&#8243; fullwidth=&#8220;on&#8220; _builder_version=&#8220;4.27.4&#8243; _module_preset=&#8220;default&#8220; border_radii=&#8220;on|5px|5px|5px|5px&#8220; global_colors_info=&#8220;{}&#8220;][\/et_pb_gallery][et_pb_text _builder_version=&#8220;4.27.4&#8243; _module_preset=&#8220;default&#8220; text_font=&#8220;&#8211;et_global_heading_font|300|||||||&#8220; text_text_color=&#8220;#214E34&#8243; text_font_size=&#8220;30px&#8220; locked=&#8220;off&#8220; global_colors_info=&#8220;{}&#8220;]<\/p>\n<p><span style=\"color: #000000;\">Bildergallerie Umgebung<\/span><\/p>\n<p>[\/et_pb_text][et_pb_gallery gallery_ids=&#8220;264493,264496,264491,264492,264494,264495&#8243; fullwidth=&#8220;on&#8220; _builder_version=&#8220;4.27.4&#8243; _module_preset=&#8220;default&#8220; border_radii=&#8220;on|5px|5px|5px|5px&#8220; locked=&#8220;off&#8220; global_colors_info=&#8220;{}&#8220;][\/et_pb_gallery][\/et_pb_column][et_pb_column type=&#8220;1_2&#8243; _builder_version=&#8220;4.16&#8243; _module_preset=&#8220;default&#8220; global_colors_info=&#8220;{}&#8220;][et_pb_accordion _builder_version=&#8220;4.27.4&#8243; _module_preset=&#8220;default&#8220; body_font=&#8220;Quicksand|300|||||||&#8220; body_text_align=&#8220;center&#8220; body_text_color=&#8220;#000000&#8243; body_font_size=&#8220;18px&#8220; width=&#8220;121.8%&#8220; width_tablet=&#8220;105.1%&#8220; width_phone=&#8220;105.1%&#8220; width_last_edited=&#8220;on|tablet&#8220; min_height=&#8220;649.7px&#8220; custom_margin=&#8220;||2px|-53px||&#8220; custom_margin_tablet=&#8220;|0px||0px|false|false&#8220; custom_margin_phone=&#8220;|0px||0px|false|false&#8220; custom_margin_last_edited=&#8220;on|tablet&#8220; custom_padding_tablet=&#8220;|0px||0px|false|false&#8220; custom_padding_phone=&#8220;|0px||0px|false|false&#8220; custom_padding_last_edited=&#8220;on|tablet&#8220; box_shadow_style=&#8220;preset3&#8243; box_shadow_blur=&#8220;38px&#8220; box_shadow_color=&#8220;#E2C3B7&#8243; global_colors_info=&#8220;{}&#8220; border_width_all=&#8220;0px&#8220; border_color_all=&#8220;#E2C3B7&#8243;][et_pb_accordion_item title=&#8220;THE PORTAL &#8211; Yogaretreat mit Licht- &#038; Schattenarbeit in Portugal, 11.-17.10.2025 &#8220; open=&#8220;on&#8220; open_toggle_text_color=&#8220;#C79B1D&#8220; _builder_version=&#8220;4.27.4&#8243; _module_preset=&#8220;default&#8220; body_text_align=&#8220;left&#8220; body_font_size=&#8220;18px&#8220; global_colors_info=&#8220;{}&#8220; toggle_text_color=&#8220;#C79B1D&#8220; toggle_level=&#8220;h2&#8243; toggle_font=&#8220;Forum|||||on|||&#8220; toggle_text_align=&#8220;center&#8220; toggle_font_size=&#8220;27px&#8220; toggle_letter_spacing=&#8220;2px&#8220; toggle_line_height=&#8220;1.8em&#8220;]<\/p>\n<p style=\"text-align: center;\">\n<p style=\"text-align: center;\"><span style=\"font-size: xx-large; color: #000000;\">Unvergessliche Investition in dich<\/span><\/p>\n<p style=\"text-align: center;\">ab 1.950,-\u20ac all inkl.<span style=\"font-size: xx-large; color: #000000;\"><\/span><\/p>\n<p style=\"text-align: center;\"><span style=\"font-size: large;\"><strong><span style=\"color: #a46462;\">**Aktion** &gt; Kommt zu Zweit und spart 300\u20ac!!!!<\/span><\/strong><\/span><\/p>\n<p style=\"text-align: center;\">\n<p><span style=\"font-size: x-large;\"><\/span><\/p>\n<p>INKLUSIVE<\/p>\n<p><span style=\"color: #c79b1d;\">\u0950 <span style=\"color: #000000;\"><strong>6\u00a0N\u00e4chte<\/strong> | in privater Villa mit Meerblick im Doppel- oder Einzelzimmer<\/span><\/span><\/p>\n<p><span style=\"color: #c79b1d;\">\u0950<\/span>\u00a0<strong>Kulinarik in BIO Qualit\u00e4t <\/strong>| t\u00e4gl. k\u00f6stliches Brunch, Nachmittagssnack &amp; Genuss-Dinner<\/p>\n<p><span style=\"color: #c79b1d;\">\u0950<\/span>\u00a0<strong>T\u00e4gliche Morgenpraxis <\/strong>| Yoga, somatische K\u00f6rper\u00fcbungen, Tanzmeditationen, intutives Bewegen &gt; f\u00fcr alle Level!<\/p>\n<p><span style=\"color: #c79b1d;\">\u0950 <\/span> <strong>5 profunde Portal-Reisen<\/strong> mit Jessy:<\/p>\n<p style=\"text-align: left;\">Das Portal von&#8230;<\/p>\n<p style=\"text-align: left;\">\u2026 Schattenarbeit<\/p>\n<p style=\"text-align: left;\">\u2026 Lichtarbeit<\/p>\n<p style=\"text-align: left;\">\u2026 Innerer Kind Heilung<\/p>\n<p style=\"text-align: left;\">\u2026 Arbeit mit dem Unterbewusstsein<\/p>\n<p style=\"text-align: left;\">\u2026 Anteile-Arbeit<\/p>\n<p><span style=\"color: #c79b1d;\">\u0950 <\/span><strong>1:1 Reading<\/strong> mit Jessy | 30Min individuelle, exklusive Session (im Wert von: 149,-\u20ac, f\u00fcr dich inkludiert)<\/p>\n<p><span style=\"color: #c79b1d;\">\u0950 <\/span><span style=\"font-size: 18px;\"><strong>Pottery Nachmittag<\/strong> | Du kreierst deine eigene Tasse\/Schale f\u00fcr zu Hause und lernst dabei Wertvolles \u00fcber dich selbst<\/span><\/p>\n<p><span style=\"color: #c79b1d;\">\u0950 <\/span>Exklusives <strong>Soundhealing <\/strong>mit Gary Evans\u00a0<\/p>\n<p><span style=\"color: #c79b1d;\">\u0950<\/span> <strong>Brunch am Strand <\/strong>| einen Vormitag verbringen wir schlemmend am Strand<\/p>\n<p><span style=\"color: #c79b1d;\">\u0950<\/span>\u00a0<strong>Dinner in Aljezur <\/strong>| an einem Abend f\u00fchren wir dich schick aus<\/p>\n<p><span style=\"color: #c79b1d;\">\u0950 <\/span><strong>2 Zeremonien<\/strong> | Ritual Cacao und Blue Lotus<\/p>\n<p><span style=\"color: #c79b1d;\">\u0950 <\/span><strong>Nervensystem Workshop<\/strong> | Theorie &amp; K\u00f6rpererfahrung<\/p>\n<p><span style=\"color: #c79b1d;\">\u0950 <span style=\"color: #000000;\"><strong>Transformative Atemreise <\/strong>mit Bene | Conscious Connected Breathwork<\/span><\/span><\/p>\n<p><span style=\"color: #c79b1d;\"><span style=\"color: #000000;\"><span style=\"color: #ae862c;\">\u0950<\/span><strong> Energiearbeit &amp; Theta Healing<b>\u00ae<\/b> <\/strong>w\u00e4hrend der gesamten Retreatzeit\u00a0<\/span><\/span><\/p>\n<p><span style=\"color: #c79b1d;\">\u0950 <span style=\"color: #000000;\">Ein Rahmen f\u00fcr wertvollen <strong>Austausch<\/strong> mit gleichgesinnten Menschen<\/span><\/span><\/p>\n<p><span style=\"color: #c79b1d;\">\u0950 <span style=\"color: #000000;\">Viel Potenzial auf wichtige <strong>Erkenntnisse<\/strong> f\u00fcr dein Leben<\/span><\/span><\/p>\n<p><span style=\"color: #c79b1d;\">\u0950 <\/span>allzeit Getr\u00e4nke, frische <strong>Tees, Kaffee, Snacks &amp; Obst<\/strong><\/p>\n<p><span style=\"color: #c79b1d;\">\u0950<\/span><strong> gef\u00fchrte Wanderung <\/strong>mit Benedikt auf der ber\u00fchmten Costa Vicentina<\/p>\n<p>\u00a0Im Wert von 3.400,-\u20ac &gt;&gt;&gt;&gt; <span style=\"text-decoration: underline;\">F\u00fcr dich ab 1.950,-\u20ac!!!!!*<\/span><\/p>\n<p>*Ratenzahlung oder verg\u00fcnstigte Teilnamhe m\u00f6glich! Siehe FAQs \u2665\u00a0<span style=\"text-decoration: underline;\"><\/span><\/p>\n<p><span style=\"text-decoration: underline;\"><\/span><\/p>\n<p>[\/et_pb_accordion_item][\/et_pb_accordion][\/et_pb_column][\/et_pb_row][et_pb_row column_structure=&#8220;1_2,1_2&#8243; _builder_version=&#8220;4.27.4&#8243; _module_preset=&#8220;default&#8220; global_colors_info=&#8220;{}&#8220;][et_pb_column type=&#8220;1_2&#8243; _builder_version=&#8220;4.27.4&#8243; _module_preset=&#8220;default&#8220; global_colors_info=&#8220;{}&#8220;][et_pb_image src=&#8220;https:\/\/inti-yoga.de\/wp-content\/uploads\/2025\/06\/Testimonials1.png&#8220; title_text=&#8220;Testimonials1&#8243; _builder_version=&#8220;4.27.4&#8243; _module_preset=&#8220;default&#8220; global_colors_info=&#8220;{}&#8220;][\/et_pb_image][\/et_pb_column][et_pb_column type=&#8220;1_2&#8243; _builder_version=&#8220;4.27.4&#8243; _module_preset=&#8220;default&#8220; global_colors_info=&#8220;{}&#8220;][et_pb_image src=&#8220;https:\/\/inti-yoga.de\/wp-content\/uploads\/2025\/06\/testimonials-2.png&#8220; title_text=&#8220;testimonials 2&#8243; _builder_version=&#8220;4.27.4&#8243; _module_preset=&#8220;default&#8220; global_colors_info=&#8220;{}&#8220;][\/et_pb_image][\/et_pb_column][\/et_pb_row][\/et_pb_section][et_pb_section fb_built=&#8220;1&#8243; _builder_version=&#8220;4.17.3&#8243; _module_preset=&#8220;default&#8220; custom_padding=&#8220;||0px|||&#8220; global_colors_info=&#8220;{}&#8220;][et_pb_row _builder_version=&#8220;4.17.3&#8243; _module_preset=&#8220;default&#8220; custom_margin=&#8220;-53px|auto||auto||&#8220; global_colors_info=&#8220;{}&#8220;][et_pb_column type=&#8220;4_4&#8243; _builder_version=&#8220;4.17.3&#8243; _module_preset=&#8220;default&#8220; global_colors_info=&#8220;{}&#8220;][et_pb_button button_url=&#8220;#reservierung&#8220; button_text=&#8220;JETZT ANMELDEN&#8220; _builder_version=&#8220;4.17.3&#8243; _module_preset=&#8220;default&#8220; button_text_size=&#8220;26px&#8220; custom_margin=&#8220;1px|||||&#8220; global_colors_info=&#8220;{}&#8220;][\/et_pb_button][\/et_pb_column][\/et_pb_row][et_pb_row column_structure=&#8220;1_3,1_3,1_3&#8243; _builder_version=&#8220;4.27.4&#8243; _module_preset=&#8220;default&#8220; global_colors_info=&#8220;{}&#8220;][et_pb_column type=&#8220;1_3&#8243; _builder_version=&#8220;4.27.4&#8243; _module_preset=&#8220;default&#8220; global_colors_info=&#8220;{}&#8220;][et_pb_blurb title=&#8220;Einzelzimmer&#8220; image=&#8220;https:\/\/inti-yoga.de\/wp-content\/uploads\/2025\/06\/Single-Room-2.jpg&#8220; _builder_version=&#8220;4.27.4&#8243; _module_preset=&#8220;default&#8220; border_radii_image=&#8220;on|5px|5px|5px|5px&#8220; box_shadow_style_image=&#8220;preset1&#8243; global_colors_info=&#8220;{}&#8220;]<\/p>\n<p>Dir ist dein eigener R\u00fcckzugsort besonders wichtig? In der Villa bieten wir 2 Einzelzimmer an: Eines davon mit Ensuite Bad und eines mit eigenem WC.<\/p>\n<p>2.300,-\u20ac<\/p>\n<p>[\/et_pb_blurb][\/et_pb_column][et_pb_column type=&#8220;1_3&#8243; _builder_version=&#8220;4.27.4&#8243; _module_preset=&#8220;default&#8220; global_colors_info=&#8220;{}&#8220;][et_pb_blurb title=&#8220;Doppelzimmer&#8220; image=&#8220;https:\/\/inti-yoga.de\/wp-content\/uploads\/2025\/06\/Chambre-4.jpg&#8220; _builder_version=&#8220;4.27.4&#8243; _module_preset=&#8220;default&#8220; border_radii_image=&#8220;on|5px|5px|5px|5px&#8220; box_shadow_style_image=&#8220;preset1&#8243; global_colors_info=&#8220;{}&#8220;]<\/p>\n<p>Du bist dankbar um einen lieben Menschen mit dir im ger\u00e4umigen Doppelzimmer mit Ensuite Bad und freust dich, \u00fcber einen geringeren Preis? Diese Variante ist deine.<\/p>\n<p>2.100,-\u20ac<\/p>\n<p>[\/et_pb_blurb][\/et_pb_column][et_pb_column type=&#8220;1_3&#8243; _builder_version=&#8220;4.27.4&#8243; _module_preset=&#8220;default&#8220; global_colors_info=&#8220;{}&#8220;][et_pb_blurb title=&#8220;Zu Zweit&#8220; image=&#8220;https:\/\/inti-yoga.de\/wp-content\/uploads\/2025\/06\/Chambre-2.jpg&#8220; _builder_version=&#8220;4.27.4&#8243; _module_preset=&#8220;default&#8220; border_radii_image=&#8220;on|5px|5px|5px|5px&#8220; box_shadow_style_image=&#8220;preset1&#8243; global_colors_info=&#8220;{}&#8220;]<\/p>\n<p>Ihr reist gemeinsam an als FreundInnen, Paar oder in einer anderen Form von Herzensmenschen? F\u00fcr euch haben wir ein besonderes Angebot:<\/p>\n<p>1.950,-\u20ac<\/p>\n<p>[\/et_pb_blurb][\/et_pb_column][\/et_pb_row][et_pb_row _builder_version=&#8220;4.27.4&#8243; _module_preset=&#8220;default&#8220; global_colors_info=&#8220;{}&#8220;][et_pb_column type=&#8220;4_4&#8243; _builder_version=&#8220;4.27.4&#8243; _module_preset=&#8220;default&#8220; global_colors_info=&#8220;{}&#8220;][et_pb_blurb _builder_version=&#8220;4.27.4&#8243; _module_preset=&#8220;default&#8220; global_colors_info=&#8220;{}&#8220;]<\/p>\n<h2>Dein Wunschzimmer w\u00e4hlst du unten im Buchungsformular unter &#8222;Zimmerwahl&#8220; aus. Bitte beachte, dass ggfs. nicht mehr alle Zimmerkategorien verf\u00fcgbar sind.<\/h2>\n<p>[\/et_pb_blurb][\/et_pb_column][\/et_pb_row][\/et_pb_section][et_pb_section fb_built=&#8220;1&#8243; _builder_version=&#8220;4.16&#8243; _module_preset=&#8220;default&#8220; custom_margin=&#8220;69px|||||&#8220; custom_margin_tablet=&#8220;69px|||||&#8220; custom_margin_phone=&#8220;0px||||false|false&#8220; custom_margin_last_edited=&#8220;on|tablet&#8220; custom_padding=&#8220;9px||4px|||&#8220; global_colors_info=&#8220;{}&#8220;][et_pb_row custom_padding_last_edited=&#8220;on|phone&#8220; _builder_version=&#8220;4.16&#8243; _module_preset=&#8220;default&#8220; background_enable_image=&#8220;off&#8220; background_size=&#8220;contain&#8220; background_position=&#8220;bottom_right&#8220; width=&#8220;84.5%&#8220; min_height_last_edited=&#8220;off|phone&#8220; height_tablet=&#8220;&#8220; height_phone=&#8220;&#8220; height_last_edited=&#8220;on|phone&#8220; custom_margin=&#8220;0px|auto||auto||&#8220; custom_padding=&#8220;20px|20px|20px|20px|false|false&#8220; custom_padding_tablet=&#8220;20px|20px|20px|20px|false|false&#8220; custom_padding_phone=&#8220;20px|20px|20px|20px|false|false&#8220; border_color_all=&#8220;#AE862C&#8220; global_colors_info=&#8220;{}&#8220;][et_pb_column type=&#8220;4_4&#8243; _builder_version=&#8220;4.16&#8243; _module_preset=&#8220;default&#8220; global_colors_info=&#8220;{}&#8220;][dnxte_testimonial_parent dnxte_testimonial_use_icon=&#8220;on&#8220; dnxt_testimonial_autoplay_delay=&#8220;3000&#8243; dnxt_testimonial_loop=&#8220;on&#8220; dnxt_testimonial_speed=&#8220;1000&#8243; dnxt_testimonial_arrows=&#8220;on&#8220; dnxt_testimonial_arrow_color=&#8220;#7A9B76&#8243; dnxt_testimonial_arrow_background_color=&#8220;RGBA(0,0,0,0)&#8220; dnxt_testimonial_dots_color=&#8220;#A46462&#8243; dnxt_testimonial_dots_active_color=&#8220;#AE862C&#8220; dnxt_testimonial_arrow_size=&#8220;35&#8243; dnxt_testimonial_pause_on_hover=&#8220;on&#8220; dnxt_testimonial_rating_bg_color=&#8220;RGBA(0,0,0,0)&#8220; dnxt_testimonial_rating_color=&#8220;#AE862C&#8220; dnxt_testimonial_icon_opacity=&#8220;0.1&#8243; dnxt_testimonial_icon_width=&#8220;0.1&#8243; _builder_version=&#8220;4.27.4&#8243; _module_preset=&#8220;default&#8220; background_color=&#8220;#ffffff&#8220; custom_margin=&#8220;1px|-10px||-10px|false|false&#8220; custom_padding=&#8220;47px|20px||20px|false|false&#8220; border_radii_image_border=&#8220;on|520px|520px|520px|520px&#8220; box_shadow_style=&#8220;preset3&#8243; box_shadow_blur=&#8220;49px&#8220; box_shadow_color=&#8220;#E2C3B7&#8243; global_colors_info=&#8220;{}&#8220;][dnxte_testimonial_child dnxte_testimonial_name=&#8220;Kathrin&#8220; company_name=&#8220;Heilbronn&#8220; dnxte_testimonial_description=&#8220;<\/p>\n<p>Ich denke Jahre sp\u00e4ter immer noch so oft an unser Retreat in Portugal und was du dort erschaffen hast f\u00fcr uns! Es war <strong>magisch<\/strong> und <strong>heilsam<\/strong> und <strong>lebensver\u00e4ndernd<\/strong> und so viel mehr \u2665. Ud ich liebe sehr, zu wem ich mich in dieser Woche damals und seitdem ent-wickelt habe <img src=%22https:\/\/inti-yoga.de\/wp-content\/themes\/Divi\/includes\/builder\/frontend-builder\/assets\/vendors\/plugins\/emoticons\/img\/smiley-innocent.gif%22 alt=%22innocent%22 \/>.<\/p>\n<p>&#8220; dnxte_testimonial_logo=&#8220;https:\/\/inti-yoga.de\/wp-content\/uploads\/2024\/07\/147-DSC03443.jpg&#8220; dnxte_testimonial_image_margin=&#8220;0|32px|0|0|false|false&#8220; _builder_version=&#8220;4.27.4&#8243; _module_preset=&#8220;default&#8220; header_font=&#8220;Just Sunday||||||||&#8220; header_text_color=&#8220;#214E34&#8243; header_font_size=&#8220;28px&#8220; header_letter_spacing=&#8220;2px&#8220; position_font=&#8220;Quicksand|300|||||||&#8220; position_text_color=&#8220;#000000&#8243; position_font_size=&#8220;15px&#8220; company_name_font=&#8220;Quicksand|300|||||||&#8220; company_name_text_color=&#8220;#000000&#8243; description_font=&#8220;Quicksand|300|||||||&#8220; description_text_color=&#8220;#000000&#8243; description_font_size=&#8220;19px&#8220; description_line_height=&#8220;1.8em&#8220; global_colors_info=&#8220;{}&#8220;][\/dnxte_testimonial_child][dnxte_testimonial_child dnxte_testimonial_name=&#8220;Rowena&#8220; company_name=&#8220;M\u00fcnchen&#8220; dnxte_testimonial_description=&#8220;<\/p>\n<p>Wie du K\u00f6rperarbeit mit Theta Healing<span>\u00ae  und Meditation verbindest, hat <strong>meine seit Jahren aufgebaute Mauer zum wackeln gebracht<\/strong> und ich konnte die dahinter liegenden Gef\u00fchle <strong>mit deiner Hilfe endlich durchf\u00fchlen<\/strong>. Ich m\u00f6chte mich bei dir bedanken, wie <strong>liebevoll<\/strong> du den Raum gehalten hast. Ich habe mich stets sicher und getragen gef\u00fchlt.<\/span><\/p>\n<p>&#8220; dnxte_testimonial_logo=&#8220;https:\/\/inti-yoga.de\/wp-content\/uploads\/2024\/07\/32-DSC03206.jpg&#8220; dnxte_testimonial_image_margin=&#8220;0|32px|0|0|false|false&#8220; _builder_version=&#8220;4.27.4&#8243; _module_preset=&#8220;default&#8220; header_font=&#8220;Just Sunday||||||||&#8220; header_text_color=&#8220;#214E34&#8243; header_font_size=&#8220;28px&#8220; header_letter_spacing=&#8220;2px&#8220; position_font=&#8220;Quicksand|300|||||||&#8220; position_text_color=&#8220;#000000&#8243; position_font_size=&#8220;15px&#8220; company_name_font=&#8220;Quicksand|300|||||||&#8220; company_name_text_color=&#8220;#000000&#8243; description_font=&#8220;Quicksand|300|||||||&#8220; description_text_color=&#8220;#000000&#8243; description_font_size=&#8220;19px&#8220; description_line_height=&#8220;1.8em&#8220; global_colors_info=&#8220;{}&#8220;][\/dnxte_testimonial_child][dnxte_testimonial_child dnxte_testimonial_name=&#8220;Mandy&#8220; company_name=&#8220;M\u00fcnchen&#8220; dnxte_testimonial_description=&#8220;<\/p>\n<p>Mit dir Jessy war ich auf meinem <strong>ersten Retreat<\/strong> und es war so wertvoll mich. Ein wundervolles, ehrliches und <strong>mit Liebe gef\u00fclltes Programm<\/strong> &#8211; eine wahrlich <strong>magische und unvergessliche Zeit<\/strong>.<\/p>\n<p>&#8220; dnxte_testimonial_logo=&#8220;https:\/\/inti-yoga.de\/wp-content\/uploads\/2024\/01\/Mandy.jpeg&#8220; dnxte_testimonial_image_margin=&#8220;0|32px|0|0|false|false&#8220; _builder_version=&#8220;4.27.4&#8243; _module_preset=&#8220;default&#8220; header_font=&#8220;Just Sunday||||||||&#8220; header_text_color=&#8220;#214E34&#8243; header_font_size=&#8220;28px&#8220; header_letter_spacing=&#8220;2px&#8220; position_font=&#8220;Quicksand|300|||||||&#8220; position_text_color=&#8220;#000000&#8243; position_font_size=&#8220;15px&#8220; company_name_font=&#8220;Quicksand|300|||||||&#8220; company_name_text_color=&#8220;#000000&#8243; description_font=&#8220;Quicksand|300|||||||&#8220; description_text_color=&#8220;#000000&#8243; description_font_size=&#8220;19px&#8220; description_line_height=&#8220;1.8em&#8220; global_colors_info=&#8220;{}&#8220;][\/dnxte_testimonial_child][dnxte_testimonial_child dnxte_testimonial_name=&#8220;Kreta&#8220; company_name=&#8220;Nieder\u00f6sterreich&#8220; dnxte_testimonial_description=&#8220;<\/p>\n<p><span>Jessy ist eine so inspirierende Person, ich resoniere so sehr mit allem, was sie sagt. <strong>Ihre Worte und ihr wissen sind so heilsam.<\/strong> Sie hat eine ganz besondere Austrahlung<\/span>\ud83d\ude4f\ud83c\udffc\ud83d\udc97<\/p>\n<p>&#8220; dnxte_testimonial_logo=&#8220;https:\/\/inti-yoga.de\/wp-content\/uploads\/2025\/06\/A7301233-scaled.jpg&#8220; dnxte_testimonial_image_margin=&#8220;0|32px|0|0|false|false&#8220; _builder_version=&#8220;4.27.4&#8243; _module_preset=&#8220;default&#8220; header_font=&#8220;Just Sunday||||||||&#8220; header_text_color=&#8220;#214E34&#8243; header_font_size=&#8220;28px&#8220; header_letter_spacing=&#8220;2px&#8220; position_font=&#8220;Quicksand|300|||||||&#8220; position_text_color=&#8220;#000000&#8243; position_font_size=&#8220;15px&#8220; company_name_font=&#8220;Quicksand|300|||||||&#8220; company_name_text_color=&#8220;#000000&#8243; description_font=&#8220;Quicksand|300|||||||&#8220; description_text_color=&#8220;#000000&#8243; description_font_size=&#8220;19px&#8220; description_line_height=&#8220;1.8em&#8220; global_colors_info=&#8220;{}&#8220;][\/dnxte_testimonial_child][dnxte_testimonial_child dnxte_testimonial_name=&#8220;Dagmar&#8220; company_name=&#8220;Hamburg&#8220; dnxte_testimonial_description=&#8220;<\/p>\n<p><span>Ihre <strong>Stimme<\/strong> und ihr <strong>gro\u00dfer Erfahrungsschatz<\/strong> ist <strong>einzigartig<\/strong>. Die Lichtf\u00fchrerin. Jessy ist authentisch und voller Weisheit.<\/span><\/p>\n<p>&#8220; dnxte_testimonial_logo=&#8220;https:\/\/inti-yoga.de\/wp-content\/uploads\/2025\/06\/A7300975-scaled.jpg&#8220; dnxte_testimonial_image_margin=&#8220;0|32px|0|0|false|false&#8220; _builder_version=&#8220;4.27.4&#8243; _module_preset=&#8220;default&#8220; header_font=&#8220;Just Sunday||||||||&#8220; header_text_color=&#8220;#214E34&#8243; header_font_size=&#8220;28px&#8220; header_letter_spacing=&#8220;2px&#8220; position_font=&#8220;Quicksand|300|||||||&#8220; position_text_color=&#8220;#000000&#8243; position_font_size=&#8220;15px&#8220; company_name_font=&#8220;Quicksand|300|||||||&#8220; company_name_text_color=&#8220;#000000&#8243; description_font=&#8220;Quicksand|300|||||||&#8220; description_text_color=&#8220;#000000&#8243; description_font_size=&#8220;19px&#8220; description_line_height=&#8220;1.8em&#8220; global_colors_info=&#8220;{}&#8220;][\/dnxte_testimonial_child][dnxte_testimonial_child dnxte_testimonial_name=&#8220;Sabrina P.&#8220; company_name=&#8220;\u00d6sterreich&#8220; dnxte_testimonial_description=&#8220;<\/p>\n<p><span>Jessy <strong>ber\u00fchrt mich sehr<\/strong> mit ihren Worten und ihrer Art zu sein und ihre Leidenschaft und ihr Wissen mit der Welt zu teilen. Sie ist sehr authentisch und i<strong>ch liebe ihre \u00dcbungen z.B. zum Thema %22inneres Kind%22 oder auch %22Grenzen setzen%22<\/strong>. Danke Jessy f\u00fcr dein Sein, ich bin so dankbar, dass sich unsere Wege kreuzen durften! <3<\/span><\/p>\n<p>&#8220; dnxte_testimonial_logo=&#8220;https:\/\/inti-yoga.de\/wp-content\/uploads\/2025\/06\/A7300173-scaled.jpg&#8220; dnxte_testimonial_image_margin=&#8220;0|32px|0|0|false|false&#8220; _builder_version=&#8220;4.27.4&#8243; _module_preset=&#8220;default&#8220; header_font=&#8220;Just Sunday||||||||&#8220; header_text_color=&#8220;#214E34&#8243; header_font_size=&#8220;28px&#8220; header_letter_spacing=&#8220;2px&#8220; position_font=&#8220;Quicksand|300|||||||&#8220; position_text_color=&#8220;#000000&#8243; position_font_size=&#8220;15px&#8220; company_name_font=&#8220;Quicksand|300|||||||&#8220; company_name_text_color=&#8220;#000000&#8243; description_font=&#8220;Quicksand|300|||||||&#8220; description_text_color=&#8220;#000000&#8243; description_font_size=&#8220;19px&#8220; description_line_height=&#8220;1.8em&#8220; global_colors_info=&#8220;{}&#8220;][\/dnxte_testimonial_child][dnxte_testimonial_child dnxte_testimonial_name=&#8220;Adina&#8220; company_name=&#8220;Hamburg&#8220; dnxte_testimonial_description=&#8220;<\/p>\n<p><span>Ich muss nur Jessys Stimme h\u00f6ren und <strong>mein Nervensystem wird ruhiger<\/strong>. Ich habe durch sie Zugang zu Entspannungstools erhalten und praktiziere dies nun regelm\u00e4\u00dfig. <strong>Ihr Yoga ber\u00fchrt auf allen Ebenen<\/strong>. <strong>Ihr Gesp\u00fcr<\/strong> f\u00fcr die richtigen Worte, die passende Musik und f\u00fcr die Menschen, die sie umgeben, <strong>ist einzigartig<\/strong>. Man kann so viel von ihr und ihrer Sicht auf das Leben lernen. Aus tiefstem Herzen: Danke <3<\/span><\/p>\n<p>&#8220; dnxte_testimonial_logo=&#8220;https:\/\/inti-yoga.de\/wp-content\/uploads\/2025\/06\/A7300180-scaled.jpg&#8220; dnxte_testimonial_image_margin=&#8220;0|32px|0|0|false|false&#8220; _builder_version=&#8220;4.27.4&#8243; _module_preset=&#8220;default&#8220; header_font=&#8220;Just Sunday||||||||&#8220; header_text_color=&#8220;#214E34&#8243; header_font_size=&#8220;28px&#8220; header_letter_spacing=&#8220;2px&#8220; position_font=&#8220;Quicksand|300|||||||&#8220; position_text_color=&#8220;#000000&#8243; position_font_size=&#8220;15px&#8220; company_name_font=&#8220;Quicksand|300|||||||&#8220; company_name_text_color=&#8220;#000000&#8243; description_font=&#8220;Quicksand|300|||||||&#8220; description_text_color=&#8220;#000000&#8243; description_font_size=&#8220;19px&#8220; description_line_height=&#8220;1.8em&#8220; global_colors_info=&#8220;{}&#8220;][\/dnxte_testimonial_child][\/dnxte_testimonial_parent][\/et_pb_column][\/et_pb_row][\/et_pb_section][et_pb_section fb_built=&#8220;1&#8243; _builder_version=&#8220;4.27.4&#8243; _module_preset=&#8220;default&#8220; global_colors_info=&#8220;{}&#8220;][et_pb_row _builder_version=&#8220;4.27.4&#8243; _module_preset=&#8220;default&#8220; global_colors_info=&#8220;{}&#8220;][et_pb_column type=&#8220;4_4&#8243; _builder_version=&#8220;4.27.4&#8243; _module_preset=&#8220;default&#8220; global_colors_info=&#8220;{}&#8220;][et_pb_text _builder_version=&#8220;4.16&#8243; _module_preset=&#8220;default&#8220; header_2_font=&#8220;Just Sunday|300|||||||&#8220; header_2_text_color=&#8220;#c79b1d&#8220; header_2_font_size=&#8220;53px&#8220; locked=&#8220;off&#8220; inline_fonts=&#8220;Forum&#8220; global_colors_info=&#8220;{}&#8220;]<\/p>\n<h2><span style=\"font-family: Forum; font-weight: normal; font-size: xx-large;\">by<\/span> Jessica Nagel<\/h2>\n<p>[\/et_pb_text][\/et_pb_column][\/et_pb_row][et_pb_row column_structure=&#8220;1_2,1_2&#8243; _builder_version=&#8220;4.27.4&#8243; _module_preset=&#8220;default&#8220; global_colors_info=&#8220;{}&#8220;][et_pb_column type=&#8220;1_2&#8243; _builder_version=&#8220;4.27.4&#8243; _module_preset=&#8220;default&#8220; global_colors_info=&#8220;{}&#8220;][et_pb_image src=&#8220;https:\/\/inti-yoga.de\/wp-content\/uploads\/2024\/06\/4.png&#8220; alt=&#8220;Healing New Year Retreat&#8220; title_text=&#8220;coming soon1&#8243; align=&#8220;center&#8220; _builder_version=&#8220;4.27.4&#8243; _module_preset=&#8220;default&#8220; locked=&#8220;off&#8220; global_colors_info=&#8220;{}&#8220;][\/et_pb_image][\/et_pb_column][et_pb_column type=&#8220;1_2&#8243; _builder_version=&#8220;4.27.4&#8243; _module_preset=&#8220;default&#8220; global_colors_info=&#8220;{}&#8220;][et_pb_blurb _builder_version=&#8220;4.27.4&#8243; _module_preset=&#8220;default&#8220; custom_margin=&#8220;0px||||false|false&#8220; custom_padding=&#8220;||1px|||&#8220; global_colors_info=&#8220;{}&#8220;]<\/p>\n<p data-start=\"204\" data-end=\"412\" style=\"text-align: left;\"><span style=\"font-size: medium;\">Schon fr\u00fch sp\u00fcrte ich: Da gibt es mehr. Mehr als das liebe, brave M\u00e4dchen, das allen gefallen m\u00f6chte. In mir lebte eine Sehnsucht \u2013 nach Freiheit, nach Tiefe, nach etwas, das nicht sichtbar, aber f\u00fchlbar ist.<\/span><\/p>\n<p data-start=\"414\" data-end=\"607\" style=\"text-align: left;\"><span style=\"font-size: medium;\">Mit 18 \u00f6ffnete sich mir eine neue Welt. Das erste Mal ganz allein. Das erste Mal: Alles ist m\u00f6glich. Ich sp\u00fcrte, dass mein Weg kein gerader sein w\u00fcrde \u2013 sondern ein wilder, leiser, kraftvoller.<\/span><\/p>\n<p data-start=\"609\" data-end=\"827\" style=\"text-align: left;\"><span style=\"font-size: medium;\">Jahre sp\u00e4ter \u2013 mitten im Glanz der Eventwelt, zwischen roten Teppichen und Aftershow-Partys \u2013 merkte ich: Ich funktioniere, aber ich f\u00fchle mich nicht mehr. Mein K\u00f6rper wurde laut, mein Herz m\u00fcde. Also bin ich gegangen.<\/span><\/p>\n<p data-start=\"829\" data-end=\"1037\" style=\"text-align: left;\"><span style=\"font-size: medium;\">2018 sa\u00dfen wir in unserem VW Bus, irgendwo in Uruguay, und ich wusste: Jetzt beginnt das Eigentliche. Eine Reise zur\u00fcck zu mir. Unter weitem Himmel, im Rhythmus der Natur, ohne Plan \u2013 aber mit offenem Herzen.<\/span><\/p>\n<p data-start=\"1039\" data-end=\"1297\" style=\"text-align: left;\"><span style=\"font-size: medium;\">INTI YOGA entstand aus dieser Stille, aus dieser Weite. Aus einer tiefen Erinnerung daran, wer ich bin \u2013 und was ich teilen m\u00f6chte. Seitdem darf ich R\u00e4ume \u00f6ffnen, in denen andere sich erinnern. In denen wir gemeinsam heilen, lachen, wachsen, weinen, flie\u00dfen.<\/span><\/p>\n<p data-start=\"1299\" data-end=\"1478\" style=\"text-align: left;\"><span style=\"font-size: medium;\">Dann kam sie \u2013 meine Tochter. In einer magischen Nacht, in unserem Zuhause, in Portugal. Ihr Ankommen war wie ein kosmisches JA. Zu mir. Zu meinem Frausein. Zu meinem Wirken in der Welt. Zu allem, was ich bin.<\/span><\/p>\n<p data-start=\"1480\" data-end=\"1614\" style=\"text-align: center;\"><span style=\"font-size: medium;\"><strong>Heute lebe ich Verbundenheit. Ich halte Raum f\u00fcr Wahrheit, f\u00fcr Licht und Schatten. Ich erinnere dich an das, was du l\u00e4ngst bist: Vollst\u00e4ndig.<\/strong><\/span><\/p>\n<p>[\/et_pb_blurb][\/et_pb_column][\/et_pb_row][et_pb_row _builder_version=&#8220;4.27.4&#8243; _module_preset=&#8220;default&#8220; global_colors_info=&#8220;{}&#8220;][et_pb_column type=&#8220;4_4&#8243; _builder_version=&#8220;4.27.4&#8243; _module_preset=&#8220;default&#8220; global_colors_info=&#8220;{}&#8220;][et_pb_gallery gallery_ids=&#8220;264567,264559,264562,264563&#8243; orientation=&#8220;portrait&#8220; show_title_and_caption=&#8220;off&#8220; show_pagination=&#8220;off&#8220; _builder_version=&#8220;4.27.4&#8243; _module_preset=&#8220;default&#8220; border_radii_image=&#8220;on|6px|6px|6px|6px&#8220; border_color_all_image=&#8220;#FDF6D3&#8243; border_style_all_image=&#8220;outset&#8220; box_shadow_style_image=&#8220;preset1&#8243; box_shadow_color_image=&#8220;#FDF6D3&#8243; global_colors_info=&#8220;{}&#8220;][\/et_pb_gallery][\/et_pb_column][\/et_pb_row][\/et_pb_section][et_pb_section fb_built=&#8220;1&#8243; custom_padding_last_edited=&#8220;on|tablet&#8220; _builder_version=&#8220;4.16&#8243; _module_preset=&#8220;default&#8220; background_image=&#8220;https:\/\/inti-yoga.de\/wp-content\/uploads\/2021\/09\/gold.png&#8220; background_size=&#8220;initial&#8220; background_position=&#8220;top_right&#8220; custom_padding_tablet=&#8220;0px||0px||false|false&#8220; custom_padding_phone=&#8220;0px||0px||false|false&#8220; background_last_edited=&#8220;on|tablet&#8220; background_enable_image_tablet=&#8220;off&#8220; global_colors_info=&#8220;{}&#8220;][et_pb_row module_id=&#8220;reservierung&#8220; _builder_version=&#8220;4.27.4&#8243; _module_preset=&#8220;default&#8220; min_height=&#8220;771.2px&#8220; custom_margin=&#8220;-6px|auto||auto||&#8220; locked=&#8220;off&#8220; global_colors_info=&#8220;{}&#8220;][et_pb_column type=&#8220;4_4&#8243; _builder_version=&#8220;4.27.4&#8243; _module_preset=&#8220;default&#8220; global_colors_info=&#8220;{}&#8220;][et_pb_contact_form email=&#8220;jessy@inti-yoga.de&#8220; title=&#8220;THE PORTAL &#8211; 11.-17.10.2025 ~ Anmeldung&#8220; use_redirect=&#8220;on&#8220; redirect_url=&#8220;https:\/\/inti-yoga.de\/danke-fuer-deine-buchung\/&#8220; submit_button_text=&#8220;Ich bin dabei!&#8220; submit_button_text_tablet=&#8220;Ich bin dabei!&#8220; submit_button_text_phone=&#8220;Ich bin dabei!&#8220; submit_button_text_last_edited=&#8220;on|phone&#8220; _builder_version=&#8220;4.27.4&#8243; _module_preset=&#8220;default&#8220; _unique_id=&#8220;e180d543-6ebe-456a-8d78-ceec3b24f308&#8243; form_field_background_color=&#8220;rgba(226,195,183,0.29)&#8220; form_field_text_color=&#8220;#000000&#8243; form_field_focus_background_color=&#8220;#FEFCF4&#8243; form_field_focus_text_color=&#8220;#A46462&#8243; form_field_custom_margin_tablet=&#8220;&#8220; form_field_custom_margin_phone=&#8220;17px||23px||false|false&#8220; form_field_custom_margin_last_edited=&#8220;on|phone&#8220; title_level=&#8220;h2&#8243; title_font=&#8220;Forum||||||||&#8220; title_text_align=&#8220;center&#8220; title_font_size=&#8220;39px&#8220; title_line_height=&#8220;1.7em&#8220; captcha_font=&#8220;Quicksand|300|||||||&#8220; captcha_font_size=&#8220;18px&#8220; captcha_letter_spacing=&#8220;2px&#8220; form_field_font=&#8220;Quicksand|300|||||||&#8220; form_field_font_size=&#8220;18px&#8220; custom_button=&#8220;on&#8220; button_text_size=&#8220;19px&#8220; button_use_icon=&#8220;off&#8220; link_option_url_new_window=&#8220;on&#8220; hover_enabled=&#8220;0&#8243; title_font_size_tablet=&#8220;39px&#8220; title_font_size_phone=&#8220;29px&#8220; title_font_size_last_edited=&#8220;on|phone&#8220; box_shadow_style=&#8220;preset3&#8243; box_shadow_blur=&#8220;36px&#8220; box_shadow_spread=&#8220;-16px&#8220; box_shadow_color=&#8220;#E2C3B7&#8243; box_shadow_style_button=&#8220;preset3&#8243; box_shadow_blur_button=&#8220;39px&#8220; box_shadow_color_button=&#8220;#E2C3B7&#8243; global_colors_info=&#8220;{}&#8220; sticky_enabled=&#8220;0&#8243;][et_pb_contact_field field_id=&#8220;Name&#8220; field_title=&#8220;Name&#8220; _builder_version=&#8220;4.16&#8243; custom_margin_tablet=&#8220;&#8220; custom_margin_phone=&#8220;||14px||false|false&#8220; custom_margin_last_edited=&#8220;on|phone&#8220; global_colors_info=&#8220;{}&#8220; button_text_size__hover_enabled=&#8220;off&#8220; button_one_text_size__hover_enabled=&#8220;off&#8220; button_two_text_size__hover_enabled=&#8220;off&#8220; button_text_color__hover_enabled=&#8220;off&#8220; button_one_text_color__hover_enabled=&#8220;off&#8220; button_two_text_color__hover_enabled=&#8220;off&#8220; button_border_width__hover_enabled=&#8220;off&#8220; button_one_border_width__hover_enabled=&#8220;off&#8220; button_two_border_width__hover_enabled=&#8220;off&#8220; button_border_color__hover_enabled=&#8220;off&#8220; button_one_border_color__hover_enabled=&#8220;off&#8220; button_two_border_color__hover_enabled=&#8220;off&#8220; button_border_radius__hover_enabled=&#8220;off&#8220; button_one_border_radius__hover_enabled=&#8220;off&#8220; button_two_border_radius__hover_enabled=&#8220;off&#8220; button_letter_spacing__hover_enabled=&#8220;off&#8220; button_one_letter_spacing__hover_enabled=&#8220;off&#8220; button_two_letter_spacing__hover_enabled=&#8220;off&#8220; button_bg_color__hover_enabled=&#8220;off&#8220; button_one_bg_color__hover_enabled=&#8220;off&#8220; button_two_bg_color__hover_enabled=&#8220;off&#8220;][\/et_pb_contact_field][et_pb_contact_field field_id=&#8220;Nachname&#8220; field_title=&#8220;Nachname&#8220; _builder_version=&#8220;4.16&#8243; _module_preset=&#8220;default&#8220; custom_margin_tablet=&#8220;&#8220; custom_margin_phone=&#8220;||14px||false|false&#8220; custom_margin_last_edited=&#8220;on|phone&#8220; global_colors_info=&#8220;{}&#8220;][\/et_pb_contact_field][et_pb_contact_field field_id=&#8220;Email&#8220; field_title=&#8220;E-Mail-Adresse&#8220; field_type=&#8220;email&#8220; _builder_version=&#8220;4.16&#8243; custom_margin_tablet=&#8220;&#8220; custom_margin_phone=&#8220;||14px||false|false&#8220; custom_margin_last_edited=&#8220;on|phone&#8220; global_colors_info=&#8220;{}&#8220; button_text_size__hover_enabled=&#8220;off&#8220; button_one_text_size__hover_enabled=&#8220;off&#8220; button_two_text_size__hover_enabled=&#8220;off&#8220; button_text_color__hover_enabled=&#8220;off&#8220; button_one_text_color__hover_enabled=&#8220;off&#8220; button_two_text_color__hover_enabled=&#8220;off&#8220; button_border_width__hover_enabled=&#8220;off&#8220; button_one_border_width__hover_enabled=&#8220;off&#8220; button_two_border_width__hover_enabled=&#8220;off&#8220; button_border_color__hover_enabled=&#8220;off&#8220; button_one_border_color__hover_enabled=&#8220;off&#8220; button_two_border_color__hover_enabled=&#8220;off&#8220; button_border_radius__hover_enabled=&#8220;off&#8220; button_one_border_radius__hover_enabled=&#8220;off&#8220; button_two_border_radius__hover_enabled=&#8220;off&#8220; button_letter_spacing__hover_enabled=&#8220;off&#8220; button_one_letter_spacing__hover_enabled=&#8220;off&#8220; button_two_letter_spacing__hover_enabled=&#8220;off&#8220; button_bg_color__hover_enabled=&#8220;off&#8220; button_one_bg_color__hover_enabled=&#8220;off&#8220; button_two_bg_color__hover_enabled=&#8220;off&#8220;][\/et_pb_contact_field][et_pb_contact_field field_id=&#8220;Telefonnummer&#8220; field_title=&#8220;Telefonnummer&#8220; _builder_version=&#8220;4.16&#8243; _module_preset=&#8220;default&#8220; custom_margin_tablet=&#8220;&#8220; custom_margin_phone=&#8220;||14px||false|false&#8220; custom_margin_last_edited=&#8220;on|phone&#8220; global_colors_info=&#8220;{}&#8220;][\/et_pb_contact_field][et_pb_contact_field field_id=&#8220;Date_of_birth&#8220; field_title=&#8220;Geburtsdatum&#8220; _builder_version=&#8220;4.18.0&#8243; custom_margin_tablet=&#8220;&#8220; custom_margin_phone=&#8220;||14px||false|false&#8220; custom_margin_last_edited=&#8220;on|phone&#8220; global_colors_info=&#8220;{}&#8220; button_text_size__hover_enabled=&#8220;off&#8220; button_one_text_size__hover_enabled=&#8220;off&#8220; button_two_text_size__hover_enabled=&#8220;off&#8220; button_text_color__hover_enabled=&#8220;off&#8220; button_one_text_color__hover_enabled=&#8220;off&#8220; button_two_text_color__hover_enabled=&#8220;off&#8220; button_border_width__hover_enabled=&#8220;off&#8220; button_one_border_width__hover_enabled=&#8220;off&#8220; button_two_border_width__hover_enabled=&#8220;off&#8220; button_border_color__hover_enabled=&#8220;off&#8220; button_one_border_color__hover_enabled=&#8220;off&#8220; button_two_border_color__hover_enabled=&#8220;off&#8220; button_border_radius__hover_enabled=&#8220;off&#8220; button_one_border_radius__hover_enabled=&#8220;off&#8220; button_two_border_radius__hover_enabled=&#8220;off&#8220; button_letter_spacing__hover_enabled=&#8220;off&#8220; button_one_letter_spacing__hover_enabled=&#8220;off&#8220; button_two_letter_spacing__hover_enabled=&#8220;off&#8220; button_bg_color__hover_enabled=&#8220;off&#8220; button_one_bg_color__hover_enabled=&#8220;off&#8220; button_two_bg_color__hover_enabled=&#8220;off&#8220;][\/et_pb_contact_field][et_pb_contact_field field_id=&#8220;Adresse&#8220; field_title=&#8220;Stra\u00dfe, Hausnummer&#8220; fullwidth_field=&#8220;on&#8220; _builder_version=&#8220;4.23.1&#8243; _module_preset=&#8220;default&#8220; global_colors_info=&#8220;{}&#8220;][\/et_pb_contact_field][et_pb_contact_field field_id=&#8220;PLZ&#8220; field_title=&#8220;PLZ&#8220; fullwidth_field=&#8220;on&#8220; _builder_version=&#8220;4.23.1&#8243; _module_preset=&#8220;default&#8220; global_colors_info=&#8220;{}&#8220;][\/et_pb_contact_field][et_pb_contact_field field_id=&#8220;PLZ_2&#8243; field_title=&#8220;Ort&#8220; fullwidth_field=&#8220;on&#8220; _builder_version=&#8220;4.23.1&#8243; _module_preset=&#8220;default&#8220; global_colors_info=&#8220;{}&#8220;][\/et_pb_contact_field][et_pb_contact_field field_id=&#8220;zimmerwahl&#8220; field_title=&#8220;Zimmerwahl&#8220; field_type=&#8220;select&#8220; select_options=&#8220;%91{%22value%22:%221 Person im Einzelzimmer | 2.300\u20ac%22,%22checked%22:0,%22dragID%22:-1},{%22value%22:%221 Person im Doppelzimmer | 2.100\u20ac%22,%22checked%22:0,%22dragID%22:0},{%22value%22:%222 Personen | 1.950\u20ac pP *Herzensmensch-Angebot%22,%22checked%22:0,%22dragID%22:1}%93&#8243; fullwidth_field=&#8220;on&#8220; _builder_version=&#8220;4.27.4&#8243; _module_preset=&#8220;default&#8220; global_colors_info=&#8220;{}&#8220;][\/et_pb_contact_field][et_pb_contact_field field_id=&#8220;Message&#8220; field_title=&#8220;Bitte gib hier deine Ern\u00e4hrungspr\u00e4ferenzen\/Allergien ein oder etwas, das du uns wissen alssen m\u00f6chtest&#8220; field_type=&#8220;text&#8220; required_mark=&#8220;off&#8220; fullwidth_field=&#8220;on&#8220; _builder_version=&#8220;4.27.4&#8243; custom_margin_tablet=&#8220;&#8220; custom_margin_phone=&#8220;||14px||false|false&#8220; custom_margin_last_edited=&#8220;on|phone&#8220; global_colors_info=&#8220;{}&#8220; button_text_size__hover_enabled=&#8220;off&#8220; button_one_text_size__hover_enabled=&#8220;off&#8220; button_two_text_size__hover_enabled=&#8220;off&#8220; button_text_color__hover_enabled=&#8220;off&#8220; button_one_text_color__hover_enabled=&#8220;off&#8220; button_two_text_color__hover_enabled=&#8220;off&#8220; button_border_width__hover_enabled=&#8220;off&#8220; button_one_border_width__hover_enabled=&#8220;off&#8220; button_two_border_width__hover_enabled=&#8220;off&#8220; button_border_color__hover_enabled=&#8220;off&#8220; button_one_border_color__hover_enabled=&#8220;off&#8220; button_two_border_color__hover_enabled=&#8220;off&#8220; button_border_radius__hover_enabled=&#8220;off&#8220; button_one_border_radius__hover_enabled=&#8220;off&#8220; button_two_border_radius__hover_enabled=&#8220;off&#8220; button_letter_spacing__hover_enabled=&#8220;off&#8220; button_one_letter_spacing__hover_enabled=&#8220;off&#8220; button_two_letter_spacing__hover_enabled=&#8220;off&#8220; button_bg_color__hover_enabled=&#8220;off&#8220; button_one_bg_color__hover_enabled=&#8220;off&#8220; button_two_bg_color__hover_enabled=&#8220;off&#8220;][\/et_pb_contact_field][et_pb_contact_field field_id=&#8220;code&#8220; field_title=&#8220;RABATT CODE hier eingeben&#8220; required_mark=&#8220;off&#8220; fullwidth_field=&#8220;on&#8220; _builder_version=&#8220;4.27.4&#8243; _module_preset=&#8220;default&#8220; hover_enabled=&#8220;0&#8243; global_colors_info=&#8220;{}&#8220; sticky_enabled=&#8220;0&#8243;][\/et_pb_contact_field][et_pb_contact_field field_id=&#8220;Best\u00e4tigung_Verbindliche_Anmeldung&#8220; field_title=&#8220; &#8220; field_type=&#8220;checkbox&#8220; checkbox_options=&#8220;%91{%22value%22:%22Hiermit best\u00e4tige ich die verbindliche Anmeldung zum Retreat und die Kenntnisnahme der Stornobedingungen%22,%22checked%22:0,%22dragID%22:-1}%93&#8243; fullwidth_field=&#8220;on&#8220; _builder_version=&#8220;4.16&#8243; _module_preset=&#8220;default&#8220; custom_margin_tablet=&#8220;&#8220; custom_margin_phone=&#8220;||14px||false|false&#8220; custom_margin_last_edited=&#8220;on|phone&#8220; global_colors_info=&#8220;{}&#8220;][\/et_pb_contact_field][et_pb_contact_field field_id=&#8220;Datenschutz&#8220; field_title=&#8220; &#8220; field_type=&#8220;checkbox&#8220; checkbox_options=&#8220;%91{%22value%22:%22Ich akzeptiere die %22,%22checked%22:0,%22dragID%22:-1,%22link_text%22:%22Datenschutzerkl\u00e4rung%22,%22link_url%22:%22www.inti-yoga.de\/datenschutz%22}%93&#8243; fullwidth_field=&#8220;on&#8220; _builder_version=&#8220;4.16&#8243; _module_preset=&#8220;default&#8220; global_colors_info=&#8220;{}&#8220;][\/et_pb_contact_field][et_pb_contact_field field_id=&#8220;Zustimmung_Newsletter&#8220; field_title=&#8220; &#8220; field_type=&#8220;checkbox&#8220; checkbox_options=&#8220;%91{%22value%22:%22 Ich bin damit einverstanden Herzenspost zu weiteren Retreats &#038; Events von Inti Yoga zu erhalten (optional)%22,%22checked%22:0,%22dragID%22:-1}%93&#8243; required_mark=&#8220;off&#8220; fullwidth_field=&#8220;on&#8220; _builder_version=&#8220;4.16&#8243; _module_preset=&#8220;default&#8220; global_colors_info=&#8220;{}&#8220;][\/et_pb_contact_field][\/et_pb_contact_form][\/et_pb_column][\/et_pb_row][et_pb_row column_structure=&#8220;1_2,1_2&#8243; _builder_version=&#8220;4.16&#8243; _module_preset=&#8220;default&#8220; global_colors_info=&#8220;{}&#8220;][et_pb_column type=&#8220;1_2&#8243; _builder_version=&#8220;4.16&#8243; _module_preset=&#8220;default&#8220; global_colors_info=&#8220;{}&#8220;][et_pb_toggle title=&#8220;Kann ich verg\u00fcnstigt teilnehmen?&#8220; open_toggle_text_color=&#8220;#AE862C&#8220; closed_toggle_background_color=&#8220;RGBA(253,246,211,0.48)&#8220; icon_color=&#8220;#AE862C&#8220; open_icon_color=&#8220;#AE862C&#8220; _builder_version=&#8220;4.27.4&#8243; _module_preset=&#8220;default&#8220; title_text_color=&#8220;#AE862C&#8220; hover_enabled=&#8220;0&#8243; border_color_all=&#8220;#FDF6D3&#8243; global_colors_info=&#8220;{}&#8220; sticky_enabled=&#8220;0&#8243;]<\/p>\n<p>Ja, wir vergeben bei all unseren Retreats verg\u00fcnstigte Stipendienpl\u00e4tze.\u00a0<\/p>\n<p>Du m\u00f6chtest so gerne dabei sein, jedoch scheint es dir finanziell gerade nicht m\u00f6glich zu sein? Sende uns eine Nachrciht an <a href=\"mailto:jessy@inti-yoga,de\">jessy@inti-yoga.de<\/a> mit deinem Budget und WARUM du gerne dabei w\u00e4rst.\u00a0<\/p>\n<p>Wir konnten bisher f\u00fcr alle InteressentInnen eine L\u00f6sung finden.\u00a0<\/p>\n<p>[\/et_pb_toggle][et_pb_toggle title=&#8220;Wie l\u00e4uft die Buchung ab?&#8220; open_toggle_text_color=&#8220;#AE862C&#8220; closed_toggle_background_color=&#8220;RGBA(253,246,211,0.48)&#8220; icon_color=&#8220;#AE862C&#8220; open_icon_color=&#8220;#AE862C&#8220; _builder_version=&#8220;4.27.4&#8243; _module_preset=&#8220;default&#8220; title_text_color=&#8220;#AE862C&#8220; border_color_all=&#8220;#FDF6D3&#8243; global_colors_info=&#8220;{}&#8220;]<\/p>\n<p>Um dir einen der 6 Pl\u00e4tze zu sichern, f\u00fcllst du das Anmeldeformular auf dieser Seite aus. Danach erh\u00e4ltst du innerhalb von 48h eine Email von uns, indem alle weiteren Schritte stehen. Deine Buchung ist erst best\u00e4tigt, sobald der Rereatbetrag auf dem genannten Konto eingegangen ist. Falls du <strong>in Raten zahlen<\/strong> m\u00f6chtest klicke auf den n\u00e4chsten Button.<\/p>\n<p>[\/et_pb_toggle][et_pb_toggle title=&#8220;Kann ich in Raten zahlen?&#8220; open_toggle_text_color=&#8220;#AE862C&#8220; closed_toggle_background_color=&#8220;RGBA(253,246,211,0.48)&#8220; icon_color=&#8220;#AE862C&#8220; open_icon_color=&#8220;#AE862C&#8220; _builder_version=&#8220;4.27.4&#8243; _module_preset=&#8220;default&#8220; title_text_color=&#8220;#AE862C&#8220; border_color_all=&#8220;#FDF6D3&#8243; global_colors_info=&#8220;{}&#8220;]<\/p>\n<p>Flexible Ratenzahlung ist m\u00f6glich (bis max. 5 Raten). Bitte sei\u00b4 so frei und kontaktiere uns dazu per Email oder WhatsApp und wir finden die perfekte L\u00f6sung f\u00fcr dich.<\/p>\n<p>[\/et_pb_toggle][et_pb_toggle title=&#8220;Was ist Licht- &#038; Schattenarbeit?&#8220; open_toggle_text_color=&#8220;#AE862C&#8220; closed_toggle_background_color=&#8220;RGBA(253,246,211,0.48)&#8220; icon_color=&#8220;#AE862C&#8220; open_icon_color=&#8220;#AE862C&#8220; _builder_version=&#8220;4.27.4&#8243; _module_preset=&#8220;default&#8220; title_text_color=&#8220;#AE862C&#8220; border_color_all=&#8220;#FDF6D3&#8243; global_colors_info=&#8220;{}&#8220;]<\/p>\n<p>Wir forschen tief. Genussvoll und ohne jeglichen Druck, graben zu m\u00fcssen. Die Dunkelheit f\u00fchlen, aber nicht von ihr verschluckt werden. Wir wollen gemeinsam die S\u00fc\u00dfe des Lebens kosten, innere Freiheit sp\u00fcren und uns sowhl im Weinen als auch im Lachen sicher f\u00fchlen. Es geht um ein Erinnern an dein inneres Gold, diesen Ort in dir, der unantastbar ist und voller Frieden.<\/p>\n<p>H\u00d6RE DIR DAZU AUCH SEHR GERNE <strong>JESSY\u00b4S PODCAST EPISODE #22<\/strong> von THE TARIANT SELF AN:<\/p>\n<p><a href=\"https:\/\/open.spotify.com\/episode\/68bOBFHme633jl0NjGHCYx?si=3c430de181e645c1\">&#8222;Licht- &amp; Schattenarbeit: Wie echtes inneres Wachstum entsteht&#8220;<\/a><\/p>\n<p>[\/et_pb_toggle][et_pb_toggle title=&#8220;Ist das Retreat f\u00fcr Singles oder Paare?&#8220; open_toggle_text_color=&#8220;#AE862C&#8220; closed_toggle_background_color=&#8220;RGBA(253,246,211,0.48)&#8220; icon_color=&#8220;#AE862C&#8220; open_icon_color=&#8220;#AE862C&#8220; _builder_version=&#8220;4.27.4&#8243; _module_preset=&#8220;default&#8220; title_text_color=&#8220;#AE862C&#8220; border_color_all=&#8220;#FDF6D3&#8243; global_colors_info=&#8220;{}&#8220;]<\/p>\n<p>Alleinreisend, als Paar oder Freunde: Dieses Retreat bietet Raum f\u00fcr deine Entfaltung, egal ob du mit oder ohne Herzensmensch anreist.<\/p>\n<p>WICHITG: Solltet ihr zu Zweit buchen, erhaltet ihr einen Rabatt iHv 300\u20ac insgesamt!<\/p>\n<p>[\/et_pb_toggle][\/et_pb_column][et_pb_column type=&#8220;1_2&#8243; _builder_version=&#8220;4.16&#8243; _module_preset=&#8220;default&#8220; global_colors_info=&#8220;{}&#8220;][et_pb_toggle title=&#8220;Bis wann kann ich kostenlos stornieren?&#8220; open_toggle_text_color=&#8220;#AE862C&#8220; closed_toggle_background_color=&#8220;RGBA(253,246,211,0.48)&#8220; icon_color=&#8220;#AE862C&#8220; open_icon_color=&#8220;#AE862C&#8220; _builder_version=&#8220;4.27.4&#8243; _module_preset=&#8220;default&#8220; title_text_color=&#8220;#AE862C&#8220; border_color_all=&#8220;#FDF6D3&#8243; global_colors_info=&#8220;{}&#8220;]<\/p>\n<p>Bei Stornierung vor dem 22.08. erh\u00e4ltst du dein Gesamtbetrag abz\u00fcglich einer Aufwandsentsch\u00e4digung von 350,-\u20ac.<\/p>\n<p>Bei Stornierung nach dem 22.08. wird der Gesamtbetrag einbehalten, deinen Platz kannst du jedoch jederzeit an einen anderen Menschen \u00fcbertragen.<\/p>\n<p>[\/et_pb_toggle][et_pb_toggle title=&#8220;Gibt es sonst noch extra Kosten?&#8220; open_toggle_text_color=&#8220;#AE862C&#8220; closed_toggle_background_color=&#8220;RGBA(253,246,211,0.48)&#8220; icon_color=&#8220;#AE862C&#8220; open_icon_color=&#8220;#AE862C&#8220; _builder_version=&#8220;4.27.4&#8243; _module_preset=&#8220;default&#8220; title_text_color=&#8220;#AE862C&#8220; border_color_all=&#8220;#FDF6D3&#8243; global_colors_info=&#8220;{}&#8220;]<\/p>\n<p>Nicht inbegriffen sind die Anreise mit dem Flugzeug (Shuttleservice wird organisiert, s. n\u00e4chstes Feld) und Ausgaben in deiner freien Zeit.\u00a0<\/p>\n<p>[\/et_pb_toggle][et_pb_toggle title=&#8220;Wann und wie kann ich anreisen? &#8220; open_toggle_text_color=&#8220;#AE862C&#8220; closed_toggle_background_color=&#8220;RGBA(253,246,211,0.48)&#8220; icon_color=&#8220;#AE862C&#8220; open_icon_color=&#8220;#AE862C&#8220; _builder_version=&#8220;4.27.4&#8243; _module_preset=&#8220;default&#8220; title_text_color=&#8220;#AE862C&#8220; border_color_all=&#8220;#FDF6D3&#8243; global_colors_info=&#8220;{}&#8220;]<\/p>\n<p>Wir organisieren einen Shuttleservice vom Flughafen Lisabon, sowie vom Flughafen Faro, jeweils am 11.10. gegen Mittag.\u00a0<\/p>\n<p>Die zus\u00e4tzlichen Kosten hierf\u00fcr betragen zw. 25-50\u20ac pP\/Fahrt.<\/p>\n<p>[\/et_pb_toggle][et_pb_toggle title=&#8220;Wie funktioniert die Zimmeraufteilung?&#8220; open_toggle_text_color=&#8220;#AE862C&#8220; closed_toggle_background_color=&#8220;RGBA(253,246,211,0.48)&#8220; icon_color=&#8220;#AE862C&#8220; open_icon_color=&#8220;#AE862C&#8220; _builder_version=&#8220;4.27.4&#8243; _module_preset=&#8220;default&#8220; title_text_color=&#8220;#AE862C&#8220; border_color_all=&#8220;#FDF6D3&#8243; global_colors_info=&#8220;{}&#8220;]<\/p>\n<p>First come first serve: Bei deiner Anmeldung w\u00e4hlst du deine Zimmerkategorie aus.<\/p>\n<p>Die Villa verf\u00fcgt \u00fcber 1 TWIN Zimmer, 3 Doppelzimmer (2 davon werden als Einzelzimmer genutzt).\u00a0<\/p>\n<p>3 der Zimmer verf\u00fcgen \u00fcber ein Ensuite Badezimmer mit WC und Dusche. Des weiteren gibt es 2 separate Toiletten.<\/p>\n<p>Hast du Fragen zu den Zimmern? Schreibe uns \u00fcber den Button eine Nachricht.<\/p>\n<p>[\/et_pb_toggle][et_pb_toggle title=&#8220;Ern\u00e4hrung, Allergien, etc.&#8220; open_toggle_text_color=&#8220;#AE862C&#8220; closed_toggle_background_color=&#8220;RGBA(253,246,211,0.48)&#8220; icon_color=&#8220;#AE862C&#8220; open_icon_color=&#8220;#AE862C&#8220; _builder_version=&#8220;4.27.4&#8243; _module_preset=&#8220;default&#8220; title_text_color=&#8220;#AE862C&#8220; border_color_all=&#8220;#FDF6D3&#8243; global_colors_info=&#8220;{}&#8220;]<\/p>\n<p>Alle Speisen &amp; Getr\u00e4nke, die wir genie\u00dfen werden <strong>vegetarisch und in BIO Qualit\u00e4t<\/strong> sein. Glutenfrei, vegan etc. sind kein Problem: Bitte teile uns Allergien, Unvertr\u00e4glichkeiten und ggfs. sonstige wichtige Hinweise bzgl. deiner Ern\u00e4hrung bei deiner Anmeldung mit.<\/p>\n<p>[\/et_pb_toggle][\/et_pb_column][\/et_pb_row][et_pb_row _builder_version=&#8220;4.27.4&#8243; _module_preset=&#8220;default&#8220; global_colors_info=&#8220;{}&#8220;][et_pb_column type=&#8220;4_4&#8243; _builder_version=&#8220;4.27.4&#8243; _module_preset=&#8220;default&#8220; global_colors_info=&#8220;{}&#8220;][et_pb_image src=&#8220;https:\/\/inti-yoga.de\/wp-content\/uploads\/2025\/06\/IMGL2705-scaled.jpg&#8220; title_text=&#8220;IMGL2705&#8243; _builder_version=&#8220;4.27.4&#8243; _module_preset=&#8220;default&#8220; border_radii=&#8220;on|7px|7px|7px|7px&#8220; box_shadow_style=&#8220;preset1&#8243; box_shadow_spread=&#8220;11px&#8220; box_shadow_color=&#8220;#FDF6D3&#8243; global_colors_info=&#8220;{}&#8220;][\/et_pb_image][\/et_pb_column][\/et_pb_row][\/et_pb_section][et_pb_section fb_built=&#8220;1&#8243; _builder_version=&#8220;4.16&#8243; _module_preset=&#8220;default&#8220; custom_padding=&#8220;16px||4px|||&#8220; global_colors_info=&#8220;{}&#8220;][et_pb_row _builder_version=&#8220;4.16&#8243; _module_preset=&#8220;default&#8220; custom_padding=&#8220;21px||16px|||&#8220; global_colors_info=&#8220;{}&#8220;][et_pb_column type=&#8220;4_4&#8243; _builder_version=&#8220;4.16&#8243; _module_preset=&#8220;default&#8220; global_colors_info=&#8220;{}&#8220;][dnxte_button button_text=&#8220;Ich bin dabei &#8220; button_link=&#8220;#reservierung&#8220; _builder_version=&#8220;4.16&#8243; _module_preset=&#8220;default&#8220; global_colors_info=&#8220;{}&#8220;][\/dnxte_button][et_pb_text _builder_version=&#8220;4.16&#8243; _module_preset=&#8220;default&#8220; text_text_color=&#8220;#E2C3B7&#8243; text_line_height=&#8220;1em&#8220; header_text_color=&#8220;#E2C3B7&#8243; header_font_size=&#8220;33px&#8220; header_line_height=&#8220;2em&#8220; global_colors_info=&#8220;{}&#8220;]<\/p>\n<p>Wir freuen uns sehr auf dich,<\/p>\n<p>[\/et_pb_text][et_pb_text _builder_version=&#8220;4.16&#8243; _module_preset=&#8220;default&#8220; text_font=&#8220;Just Sunday|300|||||||&#8220; text_text_color=&#8220;#A46462&#8243; text_font_size=&#8220;36px&#8220; text_line_height=&#8220;1em&#8220; global_colors_info=&#8220;{}&#8220;]<\/p>\n<p>\u200b Love, Jessy &amp; Bene \u2665<\/p>\n<p>[\/et_pb_text][\/et_pb_column][\/et_pb_row][\/et_pb_section][et_pb_section fb_built=&#8220;1&#8243; _builder_version=&#8220;4.18.0&#8243; _module_preset=&#8220;default&#8220; use_background_color_gradient=&#8220;on&#8220; background_color_gradient_direction=&#8220;179deg&#8220; background_color_gradient_stops=&#8220;#ffffff 0%|rgba(255,255,255,0) 100%&#8220; background_color_gradient_overlays_image=&#8220;on&#8220; background_enable_image=&#8220;off&#8220; min_height=&#8220;423.7px&#8220; custom_margin=&#8220;13px||-64px|||&#8220; custom_padding=&#8220;0px||52px|||&#8220; bottom_divider_style=&#8220;wave2&#8243; bottom_divider_color=&#8220;RGBA(255,255,255,0)&#8220; locked=&#8220;off&#8220; global_colors_info=&#8220;{}&#8220;][et_pb_row _builder_version=&#8220;4.17.4&#8243; _module_preset=&#8220;default&#8220; global_colors_info=&#8220;{}&#8220;][et_pb_column type=&#8220;4_4&#8243; _builder_version=&#8220;4.17.4&#8243; _module_preset=&#8220;default&#8220; global_colors_info=&#8220;{}&#8220;][et_pb_text _builder_version=&#8220;4.24.0&#8243; _module_preset=&#8220;default&#8220; text_text_color=&#8220;#E2C3B7&#8243; text_line_height=&#8220;1em&#8220; header_text_color=&#8220;#E2C3B7&#8243; header_font_size=&#8220;33px&#8220; header_line_height=&#8220;2em&#8220; global_colors_info=&#8220;{}&#8220;]<\/p>\n<h2><span style=\"color: #333333;\">Fehlt dir noch eine Information oder hast du Fragen?<\/span><\/h2>\n<p>[\/et_pb_text][et_pb_text _builder_version=&#8220;4.18.0&#8243; _module_preset=&#8220;default&#8220; text_font=&#8220;Just Sunday|300|||||||&#8220; text_text_color=&#8220;#A46462&#8243; text_font_size=&#8220;36px&#8220; text_line_height=&#8220;1em&#8220; text_line_height_tablet=&#8220;1em&#8220; text_line_height_phone=&#8220;1.7em&#8220; text_line_height_last_edited=&#8220;on|phone&#8220; header_line_height_tablet=&#8220;&#8220; header_line_height_phone=&#8220;1em&#8220; header_line_height_last_edited=&#8220;on|phone&#8220; global_colors_info=&#8220;{}&#8220;]<\/p>\n<p>Schreib\u00b4 uns gerne via WhatsApp oder E-Mail:<\/p>\n<p>[\/et_pb_text][\/et_pb_column][\/et_pb_row][et_pb_row _builder_version=&#8220;4.18.0&#8243; _module_preset=&#8220;default&#8220; global_colors_info=&#8220;{}&#8220;][et_pb_column type=&#8220;4_4&#8243; _builder_version=&#8220;4.18.0&#8243; _module_preset=&#8220;default&#8220; global_colors_info=&#8220;{}&#8220;][et_pb_icon font_icon=&#8220;&#xf232;||fa||400&#8243; icon_color=&#8220;#A5D5AC&#8220; icon_width=&#8220;122px&#8220; url=&#8220;https:\/\/wa.me\/4917655025281&#8243; _builder_version=&#8220;4.27.4&#8243; _module_preset=&#8220;default&#8220; background_enable_color=&#8220;off&#8220; transform_translate_linked=&#8220;off&#8220; custom_padding=&#8220;10px|10px|10px|10px|false|false&#8220; border_radii=&#8220;on|30px|30px|30px|30px&#8220; global_colors_info=&#8220;{}&#8220;][\/et_pb_icon][et_pb_icon font_icon=&#8220;&#xe010;||divi||400&#8243; url=&#8220;https:\/\/inti-yoga.de\/kontakt\/&#8220; _builder_version=&#8220;4.27.4&#8243; _module_preset=&#8220;default&#8220; global_colors_info=&#8220;{}&#8220;][\/et_pb_icon][\/et_pb_column][\/et_pb_row][\/et_pb_section][et_pb_section fb_built=&#8220;1&#8243; prev_background_color=&#8220;#ffffff&#8220; next_background_color=&#8220;#ffffff&#8220; _builder_version=&#8220;4.24.0&#8243; _module_preset=&#8220;default&#8220; use_background_color_gradient=&#8220;on&#8220; background_color_gradient_direction=&#8220;121deg&#8220; background_color_gradient_stops=&#8220;#ffffff 48%|rgba(0,0,0,0) 100%&#8220; background_color_gradient_overlays_image=&#8220;on&#8220; background_color_gradient_start=&#8220;#ffffff&#8220; background_color_gradient_start_position=&#8220;48%&#8220; background_color_gradient_end=&#8220;rgba(0,0,0,0)&#8220; background_image=&#8220;https:\/\/inti-yoga.de\/wp-content\/uploads\/2021\/12\/yogaretreat.jpg&#8220; background_size=&#8220;contain&#8220; background_position=&#8220;bottom_right&#8220; width=&#8220;100%&#8220; max_width=&#8220;100%&#8220; height_tablet=&#8220;&#8220; height_phone=&#8220;&#8220; height_last_edited=&#8220;on|tablet&#8220; custom_padding=&#8220;29px|||||&#8220; top_divider_style=&#8220;wave2&#8243; bottom_divider_style=&#8220;wave2&#8243; bottom_divider_height=&#8220;40px&#8220; bottom_divider_flip=&#8220;horizontal&#8220; background_last_edited=&#8220;on|tablet&#8220; background_color_gradient_direction_tablet=&#8220;177deg&#8220; background_color_gradient_stops_tablet=&#8220;#ffffff 39%|rgba(0,0,0,0) 100%&#8220; background_color_gradient_stops_phone=&#8220;#ffffff 74%|rgba(0,0,0,0) 100%&#8220; background_color_gradient_start_position_tablet=&#8220;39%&#8220; background_color_gradient_start_position_phone=&#8220;74%&#8220; background_color_gradient_end_position_tablet=&#8220;100%&#8220; background_image_tablet=&#8220;https:\/\/inti-yoga.de\/wp-content\/uploads\/2021\/12\/DSC_4449.jpg&#8220; background_enable_image_tablet=&#8220;on&#8220; parallax_phone=&#8220;off&#8220; background_size_tablet=&#8220;contain&#8220; background_size_phone=&#8220;contain&#8220; background_position_tablet=&#8220;center_left&#8220; background_position_phone=&#8220;bottom_left&#8220; background_vertical_offset_phone=&#8220;-5%&#8220; module_alignment_tablet=&#8220;&#8220; module_alignment_phone=&#8220;&#8220; module_alignment_last_edited=&#8220;on|tablet&#8220; global_colors_info=&#8220;{}&#8220;][et_pb_row column_structure=&#8220;1_2,1_2&#8243; _builder_version=&#8220;4.16&#8243; _module_preset=&#8220;default&#8220; height_tablet=&#8220;auto&#8220; height_phone=&#8220;auto&#8220; height_last_edited=&#8220;on|tablet&#8220; global_colors_info=&#8220;{}&#8220;][et_pb_column type=&#8220;1_2&#8243; _builder_version=&#8220;4.16&#8243; _module_preset=&#8220;default&#8220; global_colors_info=&#8220;{}&#8220;][et_pb_text _builder_version=&#8220;4.16&#8243; _module_preset=&#8220;default&#8220; custom_margin_tablet=&#8220;||581px||false|false&#8220; custom_margin_phone=&#8220;||38px||false|false&#8220; custom_margin_last_edited=&#8220;on|tablet&#8220; inline_fonts=&#8220;Just Sunday&#8220; global_colors_info=&#8220;{}&#8220;]<\/p>\n<h2>wir glauben zutiefst<\/h2>\n<h2>an eine friedvolle Welt<\/h2>\n<p>Universelle Harmonie und ein starkes Vertrauen ins Leben beginnt IN uns. Deshalb besteht die Essenz unseres Wirkens darin, dir Wege in dein individuelles Leuchten vorzuschlagen. Wege, die du gen\u00fcsslich &amp; alltagsnah gehen kannst. Sodass dein Leuchten zum Strahlen kommt und du dir mehr und mehr erlaubst dein grenzenloses Potenzial in Freude und Leichtigkeit zu leben. Denn das ist wahre INNERE Freiheit.<\/p>\n<p>Wir schaffen einen Yoga-basierten Rahmen f\u00fcr pers\u00f6nliches Wachstum mit Elementen aus der Yogaphilosophie, Pers\u00f6nlichkeitsentwicklung, Schamanismus, Breathwork und unseren eigenen Erfahrungen.<\/p>\n<p>Als Paar bewegen wir uns durch die Welt der modernen und alltagsnahen Spiritualit\u00e4t. Am liebsten gemeinsam mit dir.<\/p>\n<p><span style=\"font-family: 'Just Sunday'; font-weight: normal; font-size: xx-large; color: #a46462;\">Von unseren Herzen zu deinem, <\/span><span style=\"font-family: 'Just Sunday'; font-weight: normal; font-size: xx-large; color: #a46462;\">Jessy &amp; Bene<\/span><\/p>\n<p>[\/et_pb_text][\/et_pb_column][et_pb_column type=&#8220;1_2&#8243; _builder_version=&#8220;4.16&#8243; _module_preset=&#8220;default&#8220; global_colors_info=&#8220;{}&#8220;][\/et_pb_column][\/et_pb_row][\/et_pb_section][et_pb_section fb_built=&#8220;1&#8243; disabled_on=&#8220;on|on|on&#8220; module_id=&#8220;reservierung&#8220; _builder_version=&#8220;4.16&#8243; _module_preset=&#8220;default&#8220; custom_margin=&#8220;3px|||||&#8220; custom_padding=&#8220;12px||16px|||&#8220; disabled=&#8220;on&#8220; global_colors_info=&#8220;{}&#8220;][\/et_pb_section]<\/p>\n","protected":false},"excerpt":{"rendered":"<p>Destaque de outono \u263c Apenas 6 lugares no total \u263c<div class=\"et_pb_module dnxte_multi_heading dnxte_multi_heading_0\">\n\t\t\t\t\n\t\t\t\t\n\t\t\t\t\n\t\t\t\t\n\t\t\t\t\n\t\t\t\t\n\t\t\t\t<div class=\"et_pb_module_inner\">\n\t\t\t\t\t<div class=\"wrapper\"><h1 class='header-level'><span class=\"dnxt-text-one\"><span class=\"dnxt-gradient-text-color-1\">&#8220;The<\/span><\/span><span class=\"dnxt-text-two\"><span class=\"dnxt-gradient-text-color-2\">&#8220;11.-17.10.2025&#8243;<\/span><\/span><span class=\"dnxt-text-three\"><span class=\"dnxt-gradient-text-color-3\">&#8220;Algarve<\/span><\/span><\/h1><\/div>\n\t\t\t\t<\/div>\n\t\t\t<\/div><\/p>","protected":false},"author":1,"featured_media":264381,"parent":0,"menu_order":0,"comment_status":"closed","ping_status":"closed","template":"page-template-blank.php","meta":{"_et_pb_use_builder":"on","_et_pb_old_content":"","_et_gb_content_width":"","footnotes":""},"class_list":["post-264377","page","type-page","status-publish","has-post-thumbnail","hentry"],"yoast_head":"<!-- This site is optimized with the Yoast SEO Premium plugin v19.0 (Yoast SEO v27.5) - https:\/\/yoast.com\/product\/yoast-seo-premium-wordpress\/ -->\n<title>THE PORTAL - Yogaretreat mit Licht- &amp; Schattenarbeit | 11.-17.10. Portugal<\/title>\n<meta name=\"description\" content=\"Transformierende Innenschau und bewusste Ausrichtung in einer Villa an der Algarve - umgeben von Natur und Meeresrauschen an Portugals K\u00fcste\" \/>\n<meta name=\"robots\" content=\"index, follow, max-snippet:-1, max-image-preview:large, max-video-preview:-1\" \/>\n<link rel=\"canonical\" href=\"https:\/\/inti-yoga.de\/pt\/yoga-retreat-portugal-algarve\/\" \/>\n<meta property=\"og:locale\" content=\"pt_PT\" \/>\n<meta property=\"og:type\" content=\"article\" \/>\n<meta property=\"og:title\" content=\"The Portal - YOGA Retreat am Meer in Portugal, Algarve 2025\" \/>\n<meta property=\"og:description\" content=\"Transformierende Innenschau und bewusste Ausrichtung in einer Villa an der Algarve - umgeben von Natur und Meeresrauschen an Portugals K\u00fcste\" \/>\n<meta property=\"og:url\" content=\"https:\/\/inti-yoga.de\/pt\/yoga-retreat-portugal-algarve\/\" \/>\n<meta property=\"og:site_name\" content=\"inti-yoga.de\" \/>\n<meta property=\"article:publisher\" content=\"https:\/\/www.facebook.com\/jessyintiyoga\" \/>\n<meta property=\"article:modified_time\" content=\"2025-07-25T09:00:30+00:00\" \/>\n<meta property=\"og:image\" content=\"https:\/\/inti-yoga.de\/wp-content\/uploads\/2025\/06\/BY1A4129.jpg\" \/>\n\t<meta property=\"og:image:width\" content=\"1600\" \/>\n\t<meta property=\"og:image:height\" content=\"1067\" \/>\n\t<meta property=\"og:image:type\" content=\"image\/jpeg\" \/>\n<meta name=\"twitter:card\" content=\"summary_large_image\" \/>\n<meta name=\"twitter:label1\" content=\"Tempo estimado de leitura\" \/>\n\t<meta name=\"twitter:data1\" content=\"21 minutos\" \/>\n<script type=\"application\/ld+json\" class=\"yoast-schema-graph\">{\"@context\":\"https:\\\/\\\/schema.org\",\"@graph\":[{\"@type\":\"WebPage\",\"@id\":\"https:\\\/\\\/inti-yoga.de\\\/yoga-retreat-portugal-algarve\\\/\",\"url\":\"https:\\\/\\\/inti-yoga.de\\\/yoga-retreat-portugal-algarve\\\/\",\"name\":\"THE PORTAL - Yogaretreat mit Licht- & Schattenarbeit | 11.-17.10. Portugal\",\"isPartOf\":{\"@id\":\"https:\\\/\\\/inti-yoga.de\\\/#website\"},\"primaryImageOfPage\":{\"@id\":\"https:\\\/\\\/inti-yoga.de\\\/yoga-retreat-portugal-algarve\\\/#primaryimage\"},\"image\":{\"@id\":\"https:\\\/\\\/inti-yoga.de\\\/yoga-retreat-portugal-algarve\\\/#primaryimage\"},\"thumbnailUrl\":\"https:\\\/\\\/inti-yoga.de\\\/wp-content\\\/uploads\\\/2025\\\/06\\\/BY1A4129.jpg\",\"datePublished\":\"2025-06-15T14:14:28+00:00\",\"dateModified\":\"2025-07-25T09:00:30+00:00\",\"description\":\"Transformierende Innenschau und bewusste Ausrichtung in einer Villa an der Algarve - umgeben von Natur und Meeresrauschen an Portugals K\u00fcste\",\"breadcrumb\":{\"@id\":\"https:\\\/\\\/inti-yoga.de\\\/yoga-retreat-portugal-algarve\\\/#breadcrumb\"},\"inLanguage\":\"pt-PT\",\"potentialAction\":[{\"@type\":\"ReadAction\",\"target\":[\"https:\\\/\\\/inti-yoga.de\\\/yoga-retreat-portugal-algarve\\\/\"]}]},{\"@type\":\"ImageObject\",\"inLanguage\":\"pt-PT\",\"@id\":\"https:\\\/\\\/inti-yoga.de\\\/yoga-retreat-portugal-algarve\\\/#primaryimage\",\"url\":\"https:\\\/\\\/inti-yoga.de\\\/wp-content\\\/uploads\\\/2025\\\/06\\\/BY1A4129.jpg\",\"contentUrl\":\"https:\\\/\\\/inti-yoga.de\\\/wp-content\\\/uploads\\\/2025\\\/06\\\/BY1A4129.jpg\",\"width\":1600,\"height\":1067,\"caption\":\"Yoga Retreat Aljezur Algarve Oktober 2025\"},{\"@type\":\"BreadcrumbList\",\"@id\":\"https:\\\/\\\/inti-yoga.de\\\/yoga-retreat-portugal-algarve\\\/#breadcrumb\",\"itemListElement\":[{\"@type\":\"ListItem\",\"position\":1,\"name\":\"Startseite\",\"item\":\"https:\\\/\\\/inti-yoga.de\\\/\"},{\"@type\":\"ListItem\",\"position\":2,\"name\":\"The Portal &#8211; YOGA Retreat am Meer in Portugal, Algarve 2025\"}]},{\"@type\":\"WebSite\",\"@id\":\"https:\\\/\\\/inti-yoga.de\\\/#website\",\"url\":\"https:\\\/\\\/inti-yoga.de\\\/\",\"name\":\"inti-yoga.de\",\"description\":\"Yoga und Pers\u00f6nlichkeitsentfaltung\",\"publisher\":{\"@id\":\"https:\\\/\\\/inti-yoga.de\\\/#organization\"},\"potentialAction\":[{\"@type\":\"SearchAction\",\"target\":{\"@type\":\"EntryPoint\",\"urlTemplate\":\"https:\\\/\\\/inti-yoga.de\\\/?s={search_term_string}\"},\"query-input\":{\"@type\":\"PropertyValueSpecification\",\"valueRequired\":true,\"valueName\":\"search_term_string\"}}],\"inLanguage\":\"pt-PT\"},{\"@type\":\"Organization\",\"@id\":\"https:\\\/\\\/inti-yoga.de\\\/#organization\",\"name\":\"INTI Yoga\",\"url\":\"https:\\\/\\\/inti-yoga.de\\\/\",\"logo\":{\"@type\":\"ImageObject\",\"inLanguage\":\"pt-PT\",\"@id\":\"https:\\\/\\\/inti-yoga.de\\\/#\\\/schema\\\/logo\\\/image\\\/\",\"url\":\"https:\\\/\\\/inti-yoga.de\\\/wp-content\\\/uploads\\\/2021\\\/10\\\/cropped-Logo_Inti_vergoldet_transparent_Schrift.png\",\"contentUrl\":\"https:\\\/\\\/inti-yoga.de\\\/wp-content\\\/uploads\\\/2021\\\/10\\\/cropped-Logo_Inti_vergoldet_transparent_Schrift.png\",\"width\":512,\"height\":512,\"caption\":\"INTI Yoga\"},\"image\":{\"@id\":\"https:\\\/\\\/inti-yoga.de\\\/#\\\/schema\\\/logo\\\/image\\\/\"},\"sameAs\":[\"https:\\\/\\\/www.facebook.com\\\/jessyintiyoga\",\"https:\\\/\\\/www.instagram.com\\\/jessy_inti_yoga\\\/\"]}]}<\/script>\n<!-- \/ Yoast SEO Premium plugin. -->","yoast_head_json":{"title":"THE PORTAL - Yogaretreat mit Licht- & Schattenarbeit | 11.-17.10. Portugal","description":"Transformierende Innenschau und bewusste Ausrichtung in einer Villa an der Algarve - umgeben von Natur und Meeresrauschen an Portugals K\u00fcste","robots":{"index":"index","follow":"follow","max-snippet":"max-snippet:-1","max-image-preview":"max-image-preview:large","max-video-preview":"max-video-preview:-1"},"canonical":"https:\/\/inti-yoga.de\/pt\/yoga-retreat-portugal-algarve\/","og_locale":"pt_PT","og_type":"article","og_title":"The Portal - YOGA Retreat am Meer in Portugal, Algarve 2025","og_description":"Transformierende Innenschau und bewusste Ausrichtung in einer Villa an der Algarve - umgeben von Natur und Meeresrauschen an Portugals K\u00fcste","og_url":"https:\/\/inti-yoga.de\/pt\/yoga-retreat-portugal-algarve\/","og_site_name":"inti-yoga.de","article_publisher":"https:\/\/www.facebook.com\/jessyintiyoga","article_modified_time":"2025-07-25T09:00:30+00:00","og_image":[{"width":1600,"height":1067,"url":"https:\/\/inti-yoga.de\/wp-content\/uploads\/2025\/06\/BY1A4129.jpg","type":"image\/jpeg"}],"twitter_card":"summary_large_image","twitter_misc":{"Tempo estimado de leitura":"21 minutos"},"schema":{"@context":"https:\/\/schema.org","@graph":[{"@type":"WebPage","@id":"https:\/\/inti-yoga.de\/yoga-retreat-portugal-algarve\/","url":"https:\/\/inti-yoga.de\/yoga-retreat-portugal-algarve\/","name":"THE PORTAL - Yogaretreat mit Licht- & Schattenarbeit | 11.-17.10. Portugal","isPartOf":{"@id":"https:\/\/inti-yoga.de\/#website"},"primaryImageOfPage":{"@id":"https:\/\/inti-yoga.de\/yoga-retreat-portugal-algarve\/#primaryimage"},"image":{"@id":"https:\/\/inti-yoga.de\/yoga-retreat-portugal-algarve\/#primaryimage"},"thumbnailUrl":"https:\/\/inti-yoga.de\/wp-content\/uploads\/2025\/06\/BY1A4129.jpg","datePublished":"2025-06-15T14:14:28+00:00","dateModified":"2025-07-25T09:00:30+00:00","description":"Transformierende Innenschau und bewusste Ausrichtung in einer Villa an der Algarve - umgeben von Natur und Meeresrauschen an Portugals K\u00fcste","breadcrumb":{"@id":"https:\/\/inti-yoga.de\/yoga-retreat-portugal-algarve\/#breadcrumb"},"inLanguage":"pt-PT","potentialAction":[{"@type":"ReadAction","target":["https:\/\/inti-yoga.de\/yoga-retreat-portugal-algarve\/"]}]},{"@type":"ImageObject","inLanguage":"pt-PT","@id":"https:\/\/inti-yoga.de\/yoga-retreat-portugal-algarve\/#primaryimage","url":"https:\/\/inti-yoga.de\/wp-content\/uploads\/2025\/06\/BY1A4129.jpg","contentUrl":"https:\/\/inti-yoga.de\/wp-content\/uploads\/2025\/06\/BY1A4129.jpg","width":1600,"height":1067,"caption":"Yoga Retreat Aljezur Algarve Oktober 2025"},{"@type":"BreadcrumbList","@id":"https:\/\/inti-yoga.de\/yoga-retreat-portugal-algarve\/#breadcrumb","itemListElement":[{"@type":"ListItem","position":1,"name":"Startseite","item":"https:\/\/inti-yoga.de\/"},{"@type":"ListItem","position":2,"name":"The Portal &#8211; YOGA Retreat am Meer in Portugal, Algarve 2025"}]},{"@type":"WebSite","@id":"https:\/\/inti-yoga.de\/#website","url":"https:\/\/inti-yoga.de\/","name":"inti-yoga.com","description":"Yoga e desenvolvimento da personalidade","publisher":{"@id":"https:\/\/inti-yoga.de\/#organization"},"potentialAction":[{"@type":"SearchAction","target":{"@type":"EntryPoint","urlTemplate":"https:\/\/inti-yoga.de\/?s={search_term_string}"},"query-input":{"@type":"PropertyValueSpecification","valueRequired":true,"valueName":"search_term_string"}}],"inLanguage":"pt-PT"},{"@type":"Organization","@id":"https:\/\/inti-yoga.de\/#organization","name":"INTI Yoga","url":"https:\/\/inti-yoga.de\/","logo":{"@type":"ImageObject","inLanguage":"pt-PT","@id":"https:\/\/inti-yoga.de\/#\/schema\/logo\/image\/","url":"https:\/\/inti-yoga.de\/wp-content\/uploads\/2021\/10\/cropped-Logo_Inti_vergoldet_transparent_Schrift.png","contentUrl":"https:\/\/inti-yoga.de\/wp-content\/uploads\/2021\/10\/cropped-Logo_Inti_vergoldet_transparent_Schrift.png","width":512,"height":512,"caption":"INTI Yoga"},"image":{"@id":"https:\/\/inti-yoga.de\/#\/schema\/logo\/image\/"},"sameAs":["https:\/\/www.facebook.com\/jessyintiyoga","https:\/\/www.instagram.com\/jessy_inti_yoga\/"]}]}},"jetpack_sharing_enabled":true,"_links":{"self":[{"href":"https:\/\/inti-yoga.de\/pt\/wp-json\/wp\/v2\/pages\/264377","targetHints":{"allow":["GET"]}}],"collection":[{"href":"https:\/\/inti-yoga.de\/pt\/wp-json\/wp\/v2\/pages"}],"about":[{"href":"https:\/\/inti-yoga.de\/pt\/wp-json\/wp\/v2\/types\/page"}],"author":[{"embeddable":true,"href":"https:\/\/inti-yoga.de\/pt\/wp-json\/wp\/v2\/users\/1"}],"replies":[{"embeddable":true,"href":"https:\/\/inti-yoga.de\/pt\/wp-json\/wp\/v2\/comments?post=264377"}],"version-history":[{"count":0,"href":"https:\/\/inti-yoga.de\/pt\/wp-json\/wp\/v2\/pages\/264377\/revisions"}],"wp:featuredmedia":[{"embeddable":true,"href":"https:\/\/inti-yoga.de\/pt\/wp-json\/wp\/v2\/media\/264381"}],"wp:attachment":[{"href":"https:\/\/inti-yoga.de\/pt\/wp-json\/wp\/v2\/media?parent=264377"}],"curies":[{"name":"wp","href":"https:\/\/api.w.org\/{rel}","templated":true}]}}