{"id":260172,"date":"2021-12-26T21:10:39","date_gmt":"2021-12-26T20:10:39","guid":{"rendered":"https:\/\/inti-yoga.de\/?page_id=260172"},"modified":"2024-07-14T15:30:29","modified_gmt":"2024-07-14T13:30:29","slug":"yoga-retreat-bayern-alpen","status":"publish","type":"page","link":"https:\/\/inti-yoga.de\/es\/yoga-retreat-bayern-alpen\/","title":{"rendered":"Mountain Magic YOGA Retiro en Baviera '| Alpes Allg\u00e4u Agosto 2024"},"content":{"rendered":"<p>[et_pb_section fb_built=&#8220;1&#8243; custom_padding_last_edited=&#8220;on|phone&#8220; module_class=&#8220;pa-promo-bar&#8220; _builder_version=&#8220;4.24.0&#8243; _module_preset=&#8220;default&#8220; background_color=&#8220;#000000&#8243; background_enable_image=&#8220;off&#8220; transform_scale_tablet=&#8220;&#8220; transform_scale_phone=&#8220;&#8220; transform_scale_last_edited=&#8220;on|phone&#8220; transform_translate_tablet=&#8220;&#8220; transform_translate_phone=&#8220;&#8220; transform_translate_last_edited=&#8220;on|phone&#8220; transform_rotate_tablet=&#8220;&#8220; transform_rotate_phone=&#8220;&#8220; transform_rotate_last_edited=&#8220;on|phone&#8220; transform_skew_tablet=&#8220;&#8220; transform_skew_phone=&#8220;&#8220; transform_skew_last_edited=&#8220;on|phone&#8220; transform_origin_tablet=&#8220;&#8220; transform_origin_phone=&#8220;&#8220; transform_origin_last_edited=&#8220;on|phone&#8220; transform_styles_last_edited=&#8220;on|phone&#8220; height_tablet=&#8220;&#8220; height_phone=&#8220;auto&#8220; height_last_edited=&#8220;on|phone&#8220; custom_margin=&#8220;0px||||false|false&#8220; custom_margin_tablet=&#8220;&#8220; custom_margin_phone=&#8220;0px||0px||false|false&#8220; custom_margin_last_edited=&#8220;on|phone&#8220; custom_padding=&#8220;5px||5px||false|false&#8220; custom_padding_tablet=&#8220;5px||5px||false|false&#8220; custom_padding_phone=&#8220;10px||40px||false|false&#8220; transform_styles_tablet=&#8220;&#8220; transform_styles_phone=&#8220;&#8220; locked=&#8220;off&#8220; global_colors_info=&#8220;{}&#8220;][et_pb_row column_structure=&#8220;3_4,1_4&#8243; custom_padding_last_edited=&#8220;on|desktop&#8220; _builder_version=&#8220;4.24.0&#8243; _module_preset=&#8220;default&#8220; transform_scale_tablet=&#8220;&#8220; transform_scale_phone=&#8220;&#8220; transform_scale_last_edited=&#8220;on|phone&#8220; transform_translate_tablet=&#8220;&#8220; transform_translate_phone=&#8220;&#8220; transform_translate_last_edited=&#8220;on|phone&#8220; transform_rotate_tablet=&#8220;&#8220; transform_rotate_phone=&#8220;&#8220; transform_rotate_last_edited=&#8220;on|phone&#8220; transform_skew_tablet=&#8220;&#8220; transform_skew_phone=&#8220;&#8220; transform_skew_last_edited=&#8220;on|phone&#8220; transform_origin_tablet=&#8220;&#8220; transform_origin_phone=&#8220;&#8220; transform_origin_last_edited=&#8220;on|phone&#8220; transform_styles_last_edited=&#8220;on|phone&#8220; width=&#8220;auto&#8220; width_tablet=&#8220;auto&#8220; width_phone=&#8220;auto&#8220; width_last_edited=&#8220;on|phone&#8220; custom_margin=&#8220;0px||0px||false|false&#8220; custom_margin_tablet=&#8220;0px||0px||false|false&#8220; custom_margin_phone=&#8220;0px||0px||false|false&#8220; custom_margin_last_edited=&#8220;on|phone&#8220; custom_padding=&#8220;5px||5px||false|false&#8220; custom_padding_tablet=&#8220;5px||5px||false|false&#8220; custom_padding_phone=&#8220;5px||5px||false|false&#8220; transform_styles_tablet=&#8220;&#8220; transform_styles_phone=&#8220;&#8220; global_colors_info=&#8220;{}&#8220;][et_pb_column type=&#8220;3_4&#8243; _builder_version=&#8220;4.24.0&#8243; _module_preset=&#8220;default&#8220; transform_scale_tablet=&#8220;&#8220; transform_scale_phone=&#8220;&#8220; transform_scale_last_edited=&#8220;on|desktop&#8220; transform_translate_tablet=&#8220;106px|0px&#8220; transform_translate_phone=&#8220;0px|0px&#8220; transform_translate_last_edited=&#8220;on|desktop&#8220; transform_translate_linked=&#8220;off&#8220; transform_translate_linked_phone=&#8220;off&#8220; transform_rotate_tablet=&#8220;&#8220; transform_rotate_phone=&#8220;&#8220; transform_rotate_last_edited=&#8220;on|desktop&#8220; transform_skew_tablet=&#8220;&#8220; transform_skew_phone=&#8220;&#8220; transform_skew_last_edited=&#8220;on|desktop&#8220; transform_origin_tablet=&#8220;&#8220; transform_origin_phone=&#8220;&#8220; transform_origin_last_edited=&#8220;on|desktop&#8220; transform_styles_last_edited=&#8220;on|desktop&#8220; custom_padding_tablet=&#8220;&#8220; custom_padding_phone=&#8220;&#8220; custom_padding_last_edited=&#8220;on|phone&#8220; transform_styles_tablet=&#8220;&#8220; transform_styles_phone=&#8220;&#8220; global_colors_info=&#8220;{}&#8220;][et_pb_text _builder_version=&#8220;4.24.0&#8243; _module_preset=&#8220;9222b40f-46e0-43a7-8925-36ed0b91a65c&#8220; text_font_size=&#8220;21px&#8220; transform_scale_tablet=&#8220;&#8220; transform_scale_phone=&#8220;&#8220; transform_scale_last_edited=&#8220;on|desktop&#8220; transform_translate_tablet=&#8220;&#8220; transform_translate_phone=&#8220;0px|6px&#8220; transform_translate_last_edited=&#8220;on|tablet&#8220; transform_translate_linked=&#8220;off&#8220; transform_rotate_tablet=&#8220;&#8220; transform_rotate_phone=&#8220;&#8220; transform_rotate_last_edited=&#8220;on|desktop&#8220; transform_skew_tablet=&#8220;&#8220; transform_skew_phone=&#8220;&#8220; transform_skew_last_edited=&#8220;on|desktop&#8220; transform_origin_tablet=&#8220;&#8220; transform_origin_phone=&#8220;&#8220; transform_origin_last_edited=&#8220;on|desktop&#8220; transform_styles_last_edited=&#8220;on|tablet&#8220; width=&#8220;100%&#8220; width_tablet=&#8220;&#8220; width_phone=&#8220;&#8220; width_last_edited=&#8220;on|phone&#8220; min_height=&#8220;15.5px&#8220; custom_margin_tablet=&#8220;&#8220; custom_margin_phone=&#8220;||-17px||false|false&#8220; custom_margin_last_edited=&#8220;on|desktop&#8220; custom_padding=&#8220;5px||1px||false|false&#8220; text_font_size_tablet=&#8220;21px&#8220; text_font_size_phone=&#8220;13px&#8220; text_font_size_last_edited=&#8220;on|phone&#8220; transform_styles_tablet=&#8220;&#8220; transform_styles_phone=&#8220;&#8220; text_orientation_tablet=&#8220;&#8220; text_orientation_phone=&#8220;&#8220; text_orientation_last_edited=&#8220;on|phone&#8220; global_colors_info=&#8220;{}&#8220;]<\/p>\n<p><span style=\"color: #ffffff;\"><strong>\u263c Sommer Highlight <\/strong>bei Inti Yoga \u263c<\/span><\/p>\n<p>[\/et_pb_text][\/et_pb_column][et_pb_column type=&#8220;1_4&#8243; _builder_version=&#8220;4.24.0&#8243; _module_preset=&#8220;default&#8220; global_colors_info=&#8220;{}&#8220;][et_pb_button button_url=&#8220;#reservierung&#8220; button_text=&#8220;Zur Anmeldung&#8220; _builder_version=&#8220;4.24.0&#8243; _module_preset=&#8220;default&#8220; button_text_size=&#8220;14px&#8220; custom_margin=&#8220;1px|||||&#8220; sticky_position=&#8220;top&#8220; sticky_offset_surrounding=&#8220;off&#8220; sticky_transition=&#8220;off&#8220; global_colors_info=&#8220;{}&#8220;][\/et_pb_button][\/et_pb_column][\/et_pb_row][\/et_pb_section][et_pb_section fb_built=&#8220;1&#8243; custom_padding_last_edited=&#8220;on|tablet&#8220; _builder_version=&#8220;4.24.0&#8243; _module_preset=&#8220;default&#8220; use_background_color_gradient=&#8220;on&#8220; background_color_gradient_direction=&#8220;226deg&#8220; background_color_gradient_stops=&#8220;#fcea8f 0%|rgba(255,255,255,0) 53%&#8220; background_color_gradient_overlays_image=&#8220;on&#8220; background_image=&#8220;https:\/\/inti-yoga.de\/wp-content\/uploads\/2024\/02\/BY1A7379.jpg&#8220; transform_scale_tablet=&#8220;&#8220; transform_scale_phone=&#8220;&#8220; transform_scale_last_edited=&#8220;on|phone&#8220; transform_translate_tablet=&#8220;&#8220; transform_translate_phone=&#8220;&#8220; transform_translate_last_edited=&#8220;on|phone&#8220; transform_rotate_tablet=&#8220;&#8220; transform_rotate_phone=&#8220;&#8220; transform_rotate_last_edited=&#8220;on|phone&#8220; transform_skew_tablet=&#8220;&#8220; transform_skew_phone=&#8220;&#8220; transform_skew_last_edited=&#8220;on|phone&#8220; transform_origin_tablet=&#8220;&#8220; transform_origin_phone=&#8220;&#8220; transform_origin_last_edited=&#8220;on|phone&#8220; transform_styles_last_edited=&#8220;on|phone&#8220; width_tablet=&#8220;&#8220; width_phone=&#8220;auto&#8220; width_last_edited=&#8220;on|phone&#8220; min_height_tablet=&#8220;&#8220; min_height_phone=&#8220;&#8220; min_height_last_edited=&#8220;on|phone&#8220; height_tablet=&#8220;&#8220; height_phone=&#8220;565px&#8220; height_last_edited=&#8220;on|phone&#8220; custom_margin=&#8220;0px||||false|false&#8220; custom_margin_tablet=&#8220;0px||-110px||false|false&#8220; custom_margin_phone=&#8220;0px|||0px|false|false&#8220; custom_margin_last_edited=&#8220;on|desktop&#8220; custom_padding=&#8220;178px||283px|||&#8220; custom_padding_tablet=&#8220;||132px||false|false&#8220; custom_padding_phone=&#8220;0px||0px||false|false&#8220; filter_brightness=&#8220;107%&#8220; bottom_divider_height=&#8220;58px&#8220; bottom_divider_height_tablet=&#8220;58px&#8220; bottom_divider_height_phone=&#8220;0px&#8220; bottom_divider_height_last_edited=&#8220;on|phone&#8220; background_last_edited=&#8220;on|tablet&#8220; use_background_color_gradient_tablet=&#8220;on&#8220; use_background_color_gradient_phone=&#8220;on&#8220; background_color_gradient_direction_tablet=&#8220;51deg&#8220; background_color_gradient_direction_phone=&#8220;179deg&#8220; background_color_gradient_stops_tablet=&#8220;rgba(255,255,255,0) 52%|#fceea9 94%&#8220; background_color_gradient_stops_phone=&#8220;#fcefb0 0%|rgba(255,255,255,0) 13%&#8220; background_color_gradient_start_position_tablet=&#8220;52%&#8220; background_color_gradient_end_tablet=&#8220;#ffffff&#8220; background_color_gradient_end_position_tablet=&#8220;82%&#8220; background_image_phone=&#8220;https:\/\/inti-yoga.de\/wp-content\/uploads\/2022\/05\/BY1A7379-1-scaled-e1670273143905.jpg&#8220; background_enable_image_phone=&#8220;on&#8220; background_position_tablet=&#8220;bottom_center&#8220; background_position_phone=&#8220;top_right&#8220; background_horizontal_offset_phone=&#8220;0%&#8220; background_vertical_offset_phone=&#8220;0%&#8220; transform_styles_tablet=&#8220;&#8220; transform_styles_phone=&#8220;&#8220; filter_contrast_tablet=&#8220;105%&#8220; filter_contrast_phone=&#8220;100%&#8220; filter_contrast_last_edited=&#8220;on|phone&#8220; global_colors_info=&#8220;{}&#8220; filter_blur__hover_enabled=&#8220;off|desktop&#8220;][et_pb_row _builder_version=&#8220;4.24.0&#8243; _module_preset=&#8220;default&#8220; transform_scale_tablet=&#8220;&#8220; transform_scale_phone=&#8220;&#8220; transform_scale_last_edited=&#8220;on|phone&#8220; transform_translate_tablet=&#8220;&#8220; transform_translate_phone=&#8220;0px|-121px&#8220; transform_translate_last_edited=&#8220;on|phone&#8220; transform_translate_linked_phone=&#8220;off&#8220; transform_rotate_tablet=&#8220;&#8220; transform_rotate_phone=&#8220;&#8220; transform_rotate_last_edited=&#8220;on|phone&#8220; transform_skew_tablet=&#8220;&#8220; transform_skew_phone=&#8220;&#8220; transform_skew_last_edited=&#8220;on|phone&#8220; transform_origin_tablet=&#8220;&#8220; transform_origin_phone=&#8220;&#8220; transform_origin_last_edited=&#8220;on|phone&#8220; transform_styles_last_edited=&#8220;on|phone&#8220; height_tablet=&#8220;&#8220; height_phone=&#8220;507px&#8220; height_last_edited=&#8220;on|phone&#8220; custom_margin_tablet=&#8220;&#8220; custom_margin_phone=&#8220;||||false|false&#8220; custom_margin_last_edited=&#8220;on|phone&#8220; custom_padding=&#8220;||6px|||&#8220; transform_styles_tablet=&#8220;&#8220; transform_styles_phone=&#8220;&#8220; global_colors_info=&#8220;{}&#8220;][et_pb_column type=&#8220;4_4&#8243; _builder_version=&#8220;4.16&#8243; _module_preset=&#8220;default&#8220; global_colors_info=&#8220;{}&#8220;][dnxte_multi_heading text_one=&#8220;Mountain Magic&#8220; text_two=&#8220;Yoga &#038; Wander Retreat&#8220; text_three=&#8220;31. Juli- 04. August 2024 | Allg\u00e4u, Bayern&#8220; display_type_select=&#8220;on&#8220; text_one_margin=&#8220;15px||40px||false|false&#8220; text_one_padding=&#8220;||||false|false&#8220; text_two_margin=&#8220;||||false|false&#8220; text_one_margin_tablet=&#8220;15px||40px||false|false&#8220; text_one_margin_phone=&#8220;110px||||false|false&#8220; text_one_margin_last_edited=&#8220;on|phone&#8220; text_one_padding_tablet=&#8220;|0px||110px|false|false&#8220; text_one_padding_phone=&#8220;|0px||0px|false|false&#8220; text_one_padding_last_edited=&#8220;on|phone&#8220; text_two_padding_tablet=&#8220;|||110px|false|false&#8220; text_two_padding_phone=&#8220;|0px||0px|false|false&#8220; text_two_padding_last_edited=&#8220;on|tablet&#8220; text_three_padding_tablet=&#8220;|||110px|false|false&#8220; text_three_padding_phone=&#8220;|||0px|false|false&#8220; text_three_padding_last_edited=&#8220;on|tablet&#8220; disabled_on=&#8220;off|off|off&#8220; _builder_version=&#8220;4.25.1&#8243; _module_preset=&#8220;default&#8220; text_one_font=&#8220;Just Sunday|300|||||||&#8220; text_one_text_align=&#8220;center&#8220; text_one_text_color=&#8220;#FFFFFF&#8220; text_one_font_size=&#8220;56px&#8220; text_one_line_height=&#8220;1.8em&#8220; text_two_font=&#8220;Forum|||||on|||&#8220; text_two_text_align=&#8220;center&#8220; text_two_text_color=&#8220;#FDF6D3&#8243; text_two_font_size=&#8220;29px&#8220; text_two_line_height=&#8220;1.2em&#8220; text_three_font=&#8220;Forum|||||on|||&#8220; text_three_text_align=&#8220;center&#8220; text_three_text_color=&#8220;#FDF6D3&#8243; text_three_font_size=&#8220;29px&#8220; text_three_letter_spacing=&#8220;1px&#8220; text_three_line_height=&#8220;1.7em&#8220; transform_scale_tablet=&#8220;&#8220; transform_scale_phone=&#8220;&#8220; transform_scale_last_edited=&#8220;on|phone&#8220; transform_translate=&#8220;-329px|0px&#8220; transform_translate_tablet=&#8220;&#8220; transform_translate_phone=&#8220;0px|138px&#8220; transform_translate_last_edited=&#8220;on|phone&#8220; transform_rotate_tablet=&#8220;&#8220; transform_rotate_phone=&#8220;&#8220; transform_rotate_last_edited=&#8220;on|phone&#8220; transform_skew_tablet=&#8220;&#8220; transform_skew_phone=&#8220;&#8220; transform_skew_last_edited=&#8220;on|phone&#8220; transform_origin_tablet=&#8220;&#8220; transform_origin_phone=&#8220;&#8220; transform_origin_last_edited=&#8220;on|phone&#8220; transform_styles_last_edited=&#8220;on|phone&#8220; custom_margin=&#8220;|-111px|||false|false&#8220; custom_margin_tablet=&#8220;|-111px|||false|false&#8220; custom_margin_phone=&#8220;0px|0px|||false|false&#8220; custom_margin_last_edited=&#8220;on|phone&#8220; custom_padding=&#8220;124px||||false|false&#8220; custom_padding_tablet=&#8220;124px||||false|false&#8220; custom_padding_phone=&#8220;119px||||false|false&#8220; custom_padding_last_edited=&#8220;on|phone&#8220; text_one_font_tablet=&#8220;Just Sunday|600|||||||&#8220; text_one_font_phone=&#8220;Just Sunday|100|||||||&#8220; text_one_font_last_edited=&#8220;on|tablet&#8220; text_one_text_align_tablet=&#8220;center&#8220; text_one_text_align_phone=&#8220;center&#8220; text_one_text_align_last_edited=&#8220;on|tablet&#8220; text_one_text_color_tablet=&#8220;#fcf7ea&#8220; text_one_text_color_phone=&#8220;#FDF6D3&#8243; text_one_text_color_last_edited=&#8220;on|phone&#8220; text_one_font_size_tablet=&#8220;56px&#8220; text_one_font_size_phone=&#8220;34px&#8220; text_one_font_size_last_edited=&#8220;on|phone&#8220; text_one_letter_spacing_tablet=&#8220;&#8220; text_one_letter_spacing_phone=&#8220;&#8220; text_one_letter_spacing_last_edited=&#8220;on|phone&#8220; text_one_line_height_tablet=&#8220;1.8em&#8220; text_one_line_height_phone=&#8220;0em&#8220; text_one_line_height_last_edited=&#8220;on|phone&#8220; text_two_text_color_tablet=&#8220;#000000&#8243; text_two_text_color_phone=&#8220;#FDF6D3&#8243; text_two_text_color_last_edited=&#8220;on|phone&#8220; text_three_text_align_tablet=&#8220;center&#8220; text_three_text_align_phone=&#8220;center&#8220; text_three_text_align_last_edited=&#8220;on|phone&#8220; text_three_text_color_tablet=&#8220;#000000&#8243; text_three_text_color_phone=&#8220;#FDF6D3&#8243; text_three_text_color_last_edited=&#8220;on|tablet&#8220; text_three_line_height_tablet=&#8220;1.7em&#8220; text_three_line_height_phone=&#8220;1em&#8220; text_three_line_height_last_edited=&#8220;on|phone&#8220; transform_styles_tablet=&#8220;&#8220; transform_styles_phone=&#8220;&#8220; global_colors_info=&#8220;{}&#8220;][\/dnxte_multi_heading][\/et_pb_column][\/et_pb_row][\/et_pb_section][et_pb_section fb_built=&#8220;1&#8243; disabled_on=&#8220;off|on|off&#8220; _builder_version=&#8220;4.21.0&#8243; _module_preset=&#8220;default&#8220; custom_margin=&#8220;-150px||||false|false&#8220; custom_margin_tablet=&#8220;-150px||||false|false&#8220; custom_margin_phone=&#8220;-150px||||false|false&#8220; custom_margin_last_edited=&#8220;on|desktop&#8220; locked=&#8220;off&#8220; global_colors_info=&#8220;{}&#8220;][et_pb_row _builder_version=&#8220;4.21.0&#8243; _module_preset=&#8220;default&#8220; max_width=&#8220;1300px&#8220; custom_padding=&#8220;0px||0px||true|false&#8220; scroll_vertical_motion=&#8220;0|50|50|100|0.5|0|0&#8243; locked=&#8220;off&#8220; global_colors_info=&#8220;{}&#8220;][et_pb_column type=&#8220;4_4&#8243; _builder_version=&#8220;4.21.0&#8243; _module_preset=&#8220;default&#8220; global_colors_info=&#8220;{}&#8220;][dnxte_divider dnext_sid_use_icon=&#8220;on&#8220; dnext_sid_img=&#8220;https:\/\/inti-yoga.de\/wp-content\/uploads\/2023\/04\/logo-cropped.png&#8220; dnext_sid_image_max_width=&#8220;34px&#8220; dnext_sid_divider_style=&#8220;solid&#8220; dnext_sid_divider_color=&#8220;#DBAE97&#8243; _builder_version=&#8220;4.21.0&#8243; _module_preset=&#8220;default&#8220; custom_margin=&#8220;1px|||||&#8220; locked=&#8220;off&#8220; global_colors_info=&#8220;{}&#8220;][\/dnxte_divider][et_pb_blurb title=&#8220;Bekannt aus&#8220; _builder_version=&#8220;4.21.0&#8243; _module_preset=&#8220;6037591e-a5db-4daa-8f75-205e8a596635&#8243; header_text_color=&#8220;#e29476&#8243; header_font_size=&#8220;34px&#8220; custom_margin=&#8220;||-2px|||&#8220; global_colors_info=&#8220;{}&#8220;][\/et_pb_blurb][dnxte_logo_carousel_parent dnxt_carousel_pagination_type=&#8220;none&#8220; dnxt_carousel_breakpoint_desktop=&#8220;5&#8243; dnxt_carousel_breakpoint_desktop_tablet=&#8220;5&#8243; dnxt_carousel_breakpoint_desktop_phone=&#8220;3&#8243; dnxt_carousel_breakpoint_desktop_last_edited=&#8220;on|desktop&#8220; _builder_version=&#8220;4.21.0&#8243; _module_preset=&#8220;default&#8220; custom_margin=&#8220;||-30px||false|false&#8220; global_colors_info=&#8220;{}&#8220;][dnxte_logo_carousel_child logo_carousel_image=&#8220;https:\/\/inti-yoga.de\/wp-content\/uploads\/2023\/05\/yogameyhome.png&#8220; logo_carousel_alt=&#8220;yogamehome&#8220; logo_carousel_width_tablet=&#8220;&#8220; logo_carousel_width_phone=&#8220;&#8220; logo_carousel_width_last_edited=&#8220;on|desktop&#8220; _builder_version=&#8220;4.21.0&#8243; _module_preset=&#8220;default&#8220; filter_saturate=&#8220;0%&#8220; global_colors_info=&#8220;{}&#8220; filter_saturate__hover_enabled=&#8220;on|desktop&#8220; filter_saturate__hover=&#8220;100%&#8220;][\/dnxte_logo_carousel_child][dnxte_logo_carousel_child logo_carousel_image=&#8220;https:\/\/inti-yoga.de\/wp-content\/uploads\/2023\/05\/everysports.png&#8220; logo_carousel_alt=&#8220;eversports&#8220; _builder_version=&#8220;4.21.0&#8243; _module_preset=&#8220;default&#8220; filter_saturate=&#8220;0%&#8220; global_colors_info=&#8220;{}&#8220; filter_saturate__hover=&#8220;100%&#8220; filter_saturate__hover_enabled=&#8220;on|desktop&#8220;][\/dnxte_logo_carousel_child][dnxte_logo_carousel_child logo_carousel_image=&#8220;https:\/\/inti-yoga.de\/wp-content\/uploads\/2023\/05\/higherselfhome.png&#8220; logo_carousel_alt=&#8220;Higher Self Home &#8220; _builder_version=&#8220;4.21.0&#8243; _module_preset=&#8220;default&#8220; filter_saturate=&#8220;0%&#8220; global_colors_info=&#8220;{}&#8220; filter_saturate__hover=&#8220;100%&#8220; filter_saturate__hover_enabled=&#8220;on|desktop&#8220;][\/dnxte_logo_carousel_child][dnxte_logo_carousel_child logo_carousel_image=&#8220;https:\/\/inti-yoga.de\/wp-content\/uploads\/2023\/05\/indra-logo.png&#8220; logo_carousel_alt=&#8220;Indra &#8220; _builder_version=&#8220;4.21.0&#8243; _module_preset=&#8220;default&#8220; filter_saturate=&#8220;0%&#8220; global_colors_info=&#8220;{}&#8220; filter_saturate__hover=&#8220;100%&#8220; filter_saturate__hover_enabled=&#8220;on|desktop&#8220;][\/dnxte_logo_carousel_child][dnxte_logo_carousel_child logo_carousel_image=&#8220;https:\/\/inti-yoga.de\/wp-content\/uploads\/2023\/05\/happieness-safari.png&#8220; logo_carousel_alt=&#8220;Happiness Safari&#8220; _builder_version=&#8220;4.21.0&#8243; _module_preset=&#8220;default&#8220; filter_saturate=&#8220;0%&#8220; global_colors_info=&#8220;{}&#8220; filter_saturate__hover=&#8220;100%&#8220; filter_saturate__hover_enabled=&#8220;on|desktop&#8220;][\/dnxte_logo_carousel_child][\/dnxte_logo_carousel_parent][dnxte_divider dnext_sid_use_icon=&#8220;on&#8220; dnext_sid_img=&#8220;https:\/\/inti-yoga.de\/wp-content\/uploads\/2023\/04\/logo-cropped.png&#8220; dnext_sid_image_max_width=&#8220;34px&#8220; dnext_sid_divider_style=&#8220;solid&#8220; dnext_sid_divider_color=&#8220;#DBAE97&#8243; _builder_version=&#8220;4.21.0&#8243; _module_preset=&#8220;default&#8220; custom_margin=&#8220;1px|||||&#8220; locked=&#8220;off&#8220; global_colors_info=&#8220;{}&#8220;][\/dnxte_divider][\/et_pb_column][\/et_pb_row][\/et_pb_section][et_pb_section fb_built=&#8220;1&#8243; custom_padding_last_edited=&#8220;on|phone&#8220; _builder_version=&#8220;4.24.0&#8243; _module_preset=&#8220;default&#8220; use_background_color_gradient=&#8220;on&#8220; background_color_gradient_stops=&#8220;#ffffff 13%|#fcf4e8 100%&#8220; min_height=&#8220;405.1px&#8220; custom_padding=&#8220;0px||0px||false|false&#8220; custom_padding_tablet=&#8220;0px||0px|||&#8220; custom_padding_phone=&#8220;||0px||false|false&#8220; global_colors_info=&#8220;{}&#8220;][et_pb_row column_structure=&#8220;3_5,2_5&#8243; _builder_version=&#8220;4.17.3&#8243; _module_preset=&#8220;default&#8220; min_height=&#8220;395.4px&#8220; custom_margin=&#8220;47px|auto|47px|auto|true|&#8220; custom_padding=&#8220;8px||1px|||&#8220; global_colors_info=&#8220;{}&#8220;][et_pb_column type=&#8220;3_5&#8243; _builder_version=&#8220;4.17.3&#8243; _module_preset=&#8220;default&#8220; global_colors_info=&#8220;{}&#8220;][et_pb_video src=&#8220;https:\/\/vimeo.com\/908203293?share=copy&#8220; image_src=&#8220;https:\/\/inti-yoga.de\/wp-content\/uploads\/2024\/02\/thumb.jpg&#8220; play_icon_color=&#8220;#FDF6D3&#8243; thumbnail_overlay_color=&#8220;RGBA(255,255,255,0)&#8220; src_tablet=&#8220;https:\/\/vimeo.com\/704117708&#8243; src_phone=&#8220;https:\/\/vimeo.com\/704117708&#8243; src_last_edited=&#8220;off|desktop&#8220; image_src_tablet=&#8220;https:\/\/inti-yoga.de\/wp-content\/uploads\/2024\/02\/thumb.jpg&#8220; image_src_phone=&#8220;https:\/\/inti-yoga.de\/wp-content\/uploads\/2024\/02\/thumb.jpg&#8220; image_src_last_edited=&#8220;on|phone&#8220; _builder_version=&#8220;4.24.0&#8243; _module_preset=&#8220;default&#8220; custom_margin=&#8220;16px||4px|||&#8220; custom_margin_tablet=&#8220;16px||4px|||&#8220; custom_margin_phone=&#8220;-80px||||false|false&#8220; custom_margin_last_edited=&#8220;on|phone&#8220; filter_saturate=&#8220;62%&#8220; filter_brightness=&#8220;111%&#8220; filter_opacity=&#8220;97%&#8220; border_radii=&#8220;on|5px|5px|5px|5px&#8220; global_colors_info=&#8220;{}&#8220;][\/et_pb_video][et_pb_text _builder_version=&#8220;4.17.3&#8243; _module_preset=&#8220;default&#8220; text_font=&#8220;Quicksand|300||||on|||&#8220; text_font_size=&#8220;21px&#8220; text_line_height=&#8220;1.9em&#8220; custom_margin=&#8220;||9px|||&#8220; global_colors_info=&#8220;{}&#8220;]<\/p>\n<p>Wir laden dich ein zum Mountain Magic Yoga Retreat im Allg\u00e4u.<\/p>\n<p>[\/et_pb_text][et_pb_text _builder_version=&#8220;4.24.0&#8243; _module_preset=&#8220;default&#8220; text_font=&#8220;Just Sunday|300|||||||&#8220; text_text_color=&#8220;#214E34&#8243; text_font_size=&#8220;27px&#8220; text_line_height=&#8220;1em&#8220; locked=&#8220;off&#8220; global_colors_info=&#8220;{}&#8220;]<\/p>\n<p>Mit Liebe, Jessy &amp; Bene<\/p>\n<p>[\/et_pb_text][et_pb_blurb _builder_version=&#8220;4.24.0&#8243; _module_preset=&#8220;default&#8220; global_colors_info=&#8220;{}&#8220;]<\/p>\n<p style=\"text-align: center;\"><span style=\"color: #c79b1d;\">\u0950<\/span><\/p>\n<p>[\/et_pb_blurb][\/et_pb_column][et_pb_column type=&#8220;2_5&#8243; _builder_version=&#8220;4.17.3&#8243; _module_preset=&#8220;default&#8220; global_colors_info=&#8220;{}&#8220;][et_pb_text _builder_version=&#8220;4.23.4&#8243; _module_preset=&#8220;default&#8220; text_font=&#8220;Just Sunday|300|||||||&#8220; text_text_color=&#8220;#AE862C&#8220; text_font_size=&#8220;50px&#8220; min_height=&#8220;52px&#8220; custom_margin=&#8220;0px|||||&#8220; global_colors_info=&#8220;{}&#8220;]<\/p>\n<p>Die Magie der Natur<\/p>\n<p>[\/et_pb_text][et_pb_text _builder_version=&#8220;4.24.0&#8243; _module_preset=&#8220;default&#8220; custom_margin=&#8220;0px||||false|false&#8220; custom_padding_tablet=&#8220;&#8220; custom_padding_phone=&#8220;||0px||false|false&#8220; custom_padding_last_edited=&#8220;on|phone&#8220; locked=&#8220;off&#8220; global_colors_info=&#8220;{}&#8220;]<\/p>\n<p><span>\u00a0Dieses Retreat verbindet Yoga mit Methoden der Pers\u00f6nlichkeitsentwicklung.<\/span><\/p>\n<h3><span>YOGA \u2022 BREATHWORK \u2022 WANDERN<\/span><\/h3>\n<p><span> Sp\u00fcre &amp; erfahre dich selbst auf allen Ebenen im wundersch\u00f6nen Allg\u00e4u umringt von den Alpen.<\/span><\/p>\n<p><span>Wir widmen uns jeden Tag einem Element auf dessen Qualit\u00e4ten unsere Yogapraxis wie auch unser Ausflug \/Workshop beruht.<\/span><\/p>\n<h3><span>ERDE \u2022 FEUER \u2022 WASSER \u2022 LUFT \u2022 \u00c4THER<\/span><\/h3>\n<p><span>\u00a0Unter dem Sternenhimmel der Berge und dem w\u00e4rmenden Sonnenschein atmen wir Mountain Magic ein und entspannen. Wir werden eins mit den Elementen.\u00a0<\/span><\/p>\n<p><span><\/span><\/p>\n<p>[\/et_pb_text][\/et_pb_column][\/et_pb_row][\/et_pb_section][et_pb_section fb_built=&#8220;1&#8243; custom_padding_last_edited=&#8220;on|phone&#8220; _builder_version=&#8220;4.24.0&#8243; _module_preset=&#8220;default&#8220; use_background_color_gradient=&#8220;on&#8220; background_color_gradient_stops=&#8220;#fcf4e8 0%|rgba(255,255,255,0) 44%&#8220; min_height=&#8220;1983.9px&#8220; custom_margin=&#8220;-150px||||false|false&#8220; custom_margin_tablet=&#8220;-150px||||false|false&#8220; custom_margin_phone=&#8220;-50px||||false|false&#8220; custom_margin_last_edited=&#8220;on|phone&#8220; custom_padding=&#8220;0px||0px||false|false&#8220; custom_padding_tablet=&#8220;29px||0px||false|false&#8220; custom_padding_phone=&#8220;0px||||false|false&#8220; global_colors_info=&#8220;{}&#8220;][et_pb_row _builder_version=&#8220;4.24.0&#8243; _module_preset=&#8220;default&#8220; custom_margin_tablet=&#8220;&#8220; custom_margin_phone=&#8220;||||false|false&#8220; custom_margin_last_edited=&#8220;on|phone&#8220; custom_padding=&#8220;0px||||false|false&#8220; global_colors_info=&#8220;{}&#8220;][et_pb_column type=&#8220;4_4&#8243; _builder_version=&#8220;4.16&#8243; _module_preset=&#8220;default&#8220; global_colors_info=&#8220;{}&#8220;][dnxte_divider dnext_sid_use_icon=&#8220;on&#8220; dnext_sid_img=&#8220;https:\/\/inti-yoga.de\/wp-content\/uploads\/2023\/04\/logo-cropped.png&#8220; dnext_sid_image_max_width=&#8220;34px&#8220; dnext_sid_divider_style=&#8220;solid&#8220; dnext_sid_divider_color=&#8220;#DBAE97&#8243; _builder_version=&#8220;4.21.0&#8243; _module_preset=&#8220;default&#8220; custom_margin=&#8220;1px|||||&#8220; locked=&#8220;off&#8220; global_colors_info=&#8220;{}&#8220;][\/dnxte_divider][et_pb_text _builder_version=&#8220;4.16&#8243; _module_preset=&#8220;default&#8220; text_font_size=&#8220;24px&#8220; header_2_font_size=&#8220;33px&#8220; header_2_letter_spacing=&#8220;3px&#8220; header_2_text_color_tablet=&#8220;&#8220; header_2_text_color_phone=&#8220;#214E34&#8243; header_2_text_color_last_edited=&#8220;on|phone&#8220; header_2_font_size_tablet=&#8220;33px&#8220; header_2_font_size_phone=&#8220;25px&#8220; header_2_font_size_last_edited=&#8220;on|phone&#8220; global_colors_info=&#8220;{}&#8220;]<\/p>\n<h2>Willkommen Daheim<\/h2>\n<p>[\/et_pb_text][\/et_pb_column][\/et_pb_row][et_pb_row _builder_version=&#8220;4.16&#8243; _module_preset=&#8220;default&#8220; custom_padding=&#8220;||3px|||&#8220; global_colors_info=&#8220;{}&#8220;][et_pb_column type=&#8220;4_4&#8243; _builder_version=&#8220;4.16&#8243; _module_preset=&#8220;default&#8220; global_colors_info=&#8220;{}&#8220;][et_pb_text _builder_version=&#8220;4.16&#8243; _module_preset=&#8220;default&#8220; header_2_font=&#8220;Just Sunday|300|||||||&#8220; header_2_text_color=&#8220;#c79b1d&#8220; header_2_font_size=&#8220;53px&#8220; global_colors_info=&#8220;{}&#8220;]<\/p>\n<h2>Unser Kraftort im Allg\u00e4u<\/h2>\n<p>[\/et_pb_text][et_pb_text _builder_version=&#8220;4.23.4&#8243; _module_preset=&#8220;default&#8220; text_font=&#8220;Actor|300|||||||&#8220; text_text_color=&#8220;#214E34&#8243; global_colors_info=&#8220;{}&#8220;]<\/p>\n<p>Ayurvedahof Engel \/ Niedersonthofen \/ Allg\u00e4u \/ S\u00fcd-Deutschland<\/p>\n<p>[\/et_pb_text][\/et_pb_column][\/et_pb_row][et_pb_row _builder_version=&#8220;4.16&#8243; _module_preset=&#8220;default&#8220; custom_padding=&#8220;||47px|||&#8220; global_colors_info=&#8220;{}&#8220;][et_pb_column type=&#8220;4_4&#8243; _builder_version=&#8220;4.16&#8243; _module_preset=&#8220;default&#8220; global_colors_info=&#8220;{}&#8220;][et_pb_text _builder_version=&#8220;4.23.4&#8243; _module_preset=&#8220;default&#8220; text_font_size=&#8220;16px&#8220; custom_margin=&#8220;0px||||false|false&#8220; global_colors_info=&#8220;{}&#8220;]<\/p>\n<p>Vollkommen umgeben von Natur, inmitten der Berge wird es hier in Leichtigkeit m\u00f6glich, den Alltag hinter dir zu lassen und <strong>ein Gesp\u00fcr f\u00fcr dich<\/strong> selbst zu entwickeln.<\/p>\n<p>Von unserem eigenen Koch erwartet dich k\u00f6stlich-gute und direkt vor Ort zubereitete <strong>Kulinarik, welche die Seele ber\u00fchrt<\/strong>.<\/p>\n<p>,Der Geist des Ortes und die nat\u00fcrlichen Materialien aus denen der Ayurvedahof Engel im Allg\u00e4u gebaut ist, unterst\u00fctzen <strong>dein pers\u00f6nliches Wachstum<\/strong> und deine Entfaltung.<\/p>\n<p>Mit 7 liebevoll eingerichteten Doppel- bzw. Twin-zimmern, <strong>Yogaraum<\/strong> mit Blick auf Wald &amp; Wiesen, <strong>Sauna<\/strong>, <strong>Badefass<\/strong> und gro\u00dfem <strong>Yogadeck im Freien<\/strong> bietet uns diese Location alles, was du ben\u00f6tigst, um dich falle zu lassen, zu erholen &amp; entspannen und vor allem: zu empfangen.<span><\/span><\/p>\n<p><span><\/span><\/p>\n<p>[\/et_pb_text][\/et_pb_column][\/et_pb_row][et_pb_row column_structure=&#8220;1_2,1_2&#8243; use_custom_gutter=&#8220;on&#8220; gutter_width=&#8220;1&#8243; _builder_version=&#8220;4.17.3&#8243; _module_preset=&#8220;default&#8220; module_alignment=&#8220;center&#8220; custom_padding=&#8220;0px||0px||false|false&#8220; global_colors_info=&#8220;{}&#8220;][et_pb_column type=&#8220;1_2&#8243; _builder_version=&#8220;4.17.3&#8243; _module_preset=&#8220;default&#8220; global_colors_info=&#8220;{}&#8220;][et_pb_image src=&#8220;https:\/\/inti-yoga.de\/wp-content\/uploads\/2024\/01\/yogadeck.jpg&#8220; alt=&#8220;H\u00fctte Yogaretreat Alpen 2024&#8243; title_text=&#8220;yogadeck Yoga Plattform Aussicht&#8220; align=&#8220;center&#8220; module_class=&#8220;diable lightbox&#8220; _builder_version=&#8220;4.24.0&#8243; _module_preset=&#8220;default&#8220; filter_saturate=&#8220;109%&#8220; filter_brightness=&#8220;105%&#8220; filter_opacity=&#8220;95%&#8220; custom_css_main_element=&#8220;padding: 3px;&#8220; border_radii=&#8220;on|9px|9px|9px|9px&#8220; border_color_all=&#8220;#dbb84e&#8220; global_colors_info=&#8220;{}&#8220;][\/et_pb_image][et_pb_image src=&#8220;https:\/\/inti-yoga.de\/wp-content\/uploads\/2024\/01\/Seminarraum-1.jpg&#8220; alt=&#8220;H\u00fctte Yogaretreat Alpen 2024&#8243; title_text=&#8220;Seminarraum-1&#8243; align=&#8220;center&#8220; disabled_on=&#8220;off|off|on&#8220; module_class=&#8220;diable lightbox&#8220; _builder_version=&#8220;4.24.0&#8243; _module_preset=&#8220;default&#8220; filter_saturate=&#8220;139%&#8220; filter_brightness=&#8220;102%&#8220; filter_opacity=&#8220;95%&#8220; custom_css_main_element=&#8220;padding: 3px;&#8220; border_radii=&#8220;on|9px|9px|9px|9px&#8220; border_color_all=&#8220;#dbb84e&#8220; global_colors_info=&#8220;{}&#8220;][\/et_pb_image][et_pb_image src=&#8220;https:\/\/inti-yoga.de\/wp-content\/uploads\/2024\/01\/Tafel.jpg&#8220; alt=&#8220;H\u00fctte Yogaretreat Alpen 2024&#8243; title_text=&#8220;Tafel&#8220; align=&#8220;center&#8220; disabled_on=&#8220;off|off|on&#8220; module_class=&#8220;diable lightbox&#8220; _builder_version=&#8220;4.24.0&#8243; _module_preset=&#8220;default&#8220; filter_opacity=&#8220;95%&#8220; custom_css_main_element=&#8220;padding: 3px;&#8220; border_radii=&#8220;on|9px|9px|9px|9px&#8220; border_color_all=&#8220;#dbb84e&#8220; global_colors_info=&#8220;{}&#8220;][\/et_pb_image][\/et_pb_column][et_pb_column type=&#8220;1_2&#8243; _builder_version=&#8220;4.17.3&#8243; _module_preset=&#8220;default&#8220; global_colors_info=&#8220;{}&#8220;][et_pb_image src=&#8220;https:\/\/inti-yoga.de\/wp-content\/uploads\/2024\/01\/haus3.jpg&#8220; alt=&#8220;H\u00fctte Yogaretreat Alpen 2024&#8243; title_text=&#8220;haus3&#8243; align=&#8220;center&#8220; module_class=&#8220;diable lightbox&#8220; _builder_version=&#8220;4.24.0&#8243; _module_preset=&#8220;default&#8220; filter_brightness=&#8220;102%&#8220; filter_opacity=&#8220;95%&#8220; custom_css_main_element=&#8220;padding: 3px;&#8220; border_radii=&#8220;on|9px|9px|9px|9px&#8220; border_color_all=&#8220;#dbb84e&#8220; global_colors_info=&#8220;{}&#8220;][\/et_pb_image][et_pb_image src=&#8220;https:\/\/inti-yoga.de\/wp-content\/uploads\/2024\/01\/Zimmer-2-1.jpg&#8220; alt=&#8220;H\u00fctte Yogaretreat Alpen 2024&#8243; title_text=&#8220;Zimmer 2 (1)&#8220; align=&#8220;center&#8220; disabled_on=&#8220;off|off|on&#8220; module_class=&#8220;diable lightbox&#8220; _builder_version=&#8220;4.24.0&#8243; _module_preset=&#8220;default&#8220; filter_saturate=&#8220;92%&#8220; custom_css_main_element=&#8220;padding: 3px;&#8220; border_radii=&#8220;on|9px|9px|9px|9px&#8220; border_color_all=&#8220;#dbb84e&#8220; global_colors_info=&#8220;{}&#8220;][\/et_pb_image][et_pb_image src=&#8220;https:\/\/inti-yoga.de\/wp-content\/uploads\/2024\/01\/haus2.jpg&#8220; alt=&#8220;H\u00fctte Yogaretreat Alpen 2024&#8243; title_text=&#8220;haus2&#8243; align=&#8220;center&#8220; disabled_on=&#8220;off|off|on&#8220; module_class=&#8220;diable lightbox&#8220; _builder_version=&#8220;4.24.0&#8243; _module_preset=&#8220;default&#8220; custom_css_main_element=&#8220;padding: 3px;&#8220; border_radii=&#8220;on|9px|9px|9px|9px&#8220; border_color_all=&#8220;#dbb84e&#8220; global_colors_info=&#8220;{}&#8220;][\/et_pb_image][\/et_pb_column][\/et_pb_row][et_pb_row column_structure=&#8220;1_4,1_4,1_4,1_4&#8243; _builder_version=&#8220;4.20.0&#8243; _module_preset=&#8220;default&#8220; locked=&#8220;off&#8220; global_colors_info=&#8220;{}&#8220;][et_pb_column type=&#8220;1_4&#8243; _builder_version=&#8220;4.20.0&#8243; _module_preset=&#8220;default&#8220; global_colors_info=&#8220;{}&#8220;][dnxte_divider dnext_sid_use_icon=&#8220;on&#8220; dnext_sid_img=&#8220;https:\/\/inti-yoga.de\/wp-content\/uploads\/2023\/04\/logo-cropped.png&#8220; dnext_sid_image_max_width=&#8220;34px&#8220; dnext_sid_divider_style=&#8220;solid&#8220; dnext_sid_divider_color=&#8220;#DBAE97&#8243; disabled_on=&#8220;off|off|on&#8220; _builder_version=&#8220;4.21.0&#8243; _module_preset=&#8220;default&#8220; custom_margin=&#8220;1px|||||&#8220; locked=&#8220;off&#8220; global_colors_info=&#8220;{}&#8220;][\/dnxte_divider][dnxte_blurb blurb_heading=&#8220;Alle Getr\u00e4nke &#038; Speisen vegetarisch \/ vegan&#8220; blurb_description=&#8220;<\/p>\n<p>Essen ist Energie.<\/p>\n<div class=%22et_pb_text_inner%22>\n<div data-shortcode-id=%228.0.0.0-1707429517326%22 data-quickaccess-editable=%22yes%22 class=%22et-fb-popover-tinymce%22>\n<div class=%22mce-content-body%22 contenteditable=%22true%22 style=%22position: relative;%22>\n<p>Kulinarisch wirst du wieder verw\u00f6hnt von Jean-Marie Passionierter Berufskoch, Feinschmecker &#038; begeisterter Bergsteiger.<\/p>\n<\/div>\n<\/div>\n<\/div>\n<p>&#8220; font_icon_color=&#8220;#849b84&#8243; font_icon_size=&#8220;57px&#8220; dnxt_image=&#8220;https:\/\/inti-yoga.de\/wp-content\/uploads\/2024\/02\/Chefkoch-Ayurvedahof-Bayern-500-x-500.jpg&#8220; image_placement=&#8220;top-center&#8220; dnxt_header_margin=&#8220;12px||||false|false&#8220; dnxt_image_max_width_tablet=&#8220;&#8220; dnxt_image_max_width_phone=&#8220;&#8220; dnxt_image_max_width_last_edited=&#8220;on|phone&#8220; dnxt_img_margin_tablet=&#8220;&#8220; dnxt_img_margin_phone=&#8220;||||false|false&#8220; dnxt_img_margin_last_edited=&#8220;on|phone&#8220; dnxt_img_padding_tablet=&#8220;&#8220; dnxt_img_padding_phone=&#8220;|60px||60px|false|false&#8220; dnxt_img_padding_last_edited=&#8220;on|phone&#8220; _builder_version=&#8220;4.24.0&#8243; _module_preset=&#8220;default&#8220; dnxt_heading_text_align=&#8220;center&#8220; dnxt_body_text_align=&#8220;center&#8220; transform_scale_tablet=&#8220;&#8220; transform_scale_phone=&#8220;&#8220; transform_scale_last_edited=&#8220;on|desktop&#8220; transform_translate_tablet=&#8220;&#8220; transform_translate_phone=&#8220;&#8220; transform_translate_last_edited=&#8220;on|desktop&#8220; transform_rotate_tablet=&#8220;&#8220; transform_rotate_phone=&#8220;&#8220; transform_rotate_last_edited=&#8220;on|desktop&#8220; transform_skew_tablet=&#8220;&#8220; transform_skew_phone=&#8220;&#8220; transform_skew_last_edited=&#8220;on|desktop&#8220; transform_origin_tablet=&#8220;&#8220; transform_origin_phone=&#8220;&#8220; transform_origin_last_edited=&#8220;on|desktop&#8220; transform_styles_last_edited=&#8220;on|desktop&#8220; module_alignment=&#8220;center&#8220; filter_contrast=&#8220;99%&#8220; transform_styles_tablet=&#8220;&#8220; transform_styles_phone=&#8220;&#8220; border_radii_dnxt_img_borders=&#8220;on|300px|300px|300px|300px&#8220; box_shadow_style_dnxt_image_shadow=&#8220;preset1&#8243; locked=&#8220;off&#8220; global_colors_info=&#8220;{}&#8220;][\/dnxte_blurb][\/et_pb_column][et_pb_column type=&#8220;1_4&#8243; _builder_version=&#8220;4.20.0&#8243; _module_preset=&#8220;default&#8220; global_colors_info=&#8220;{}&#8220;][dnxte_blurb blurb_heading=&#8220;Sacred Yoga Space mit Fernsicht&#8220; blurb_description=&#8220;<\/p>\n<p>Yoga Deck &#038; Yoga Shala mit atemberaubendem Ausblick auf die Berge<\/p>\n<p>&#8220; font_icon_color=&#8220;#e2a485&#8243; font_icon_size=&#8220;57px&#8220; dnxt_image=&#8220;https:\/\/inti-yoga.de\/wp-content\/uploads\/2024\/02\/500&#215;500-Yogadeck-Alpen-1.jpg&#8220; image_placement=&#8220;top-center&#8220; dnxt_img_margin=&#8220;||||false|false&#8220; dnxt_header_margin=&#8220;12px||||false|false&#8220; dnxt_image_max_width_tablet=&#8220;&#8220; dnxt_image_max_width_phone=&#8220;100%&#8220; dnxt_image_max_width_last_edited=&#8220;on|phone&#8220; dnxt_img_padding_tablet=&#8220;&#8220; dnxt_img_padding_phone=&#8220;|60px||60px|false|false&#8220; dnxt_img_padding_last_edited=&#8220;on|phone&#8220; _builder_version=&#8220;4.24.0&#8243; _module_preset=&#8220;default&#8220; dnxt_heading_text_align=&#8220;center&#8220; dnxt_body_text_align=&#8220;center&#8220; module_alignment=&#8220;center&#8220; filter_saturate=&#8220;139%&#8220; filter_brightness=&#8220;98%&#8220; border_radii=&#8220;on|15px|15px|15px|15px&#8220; border_radii_dnxt_img_borders=&#8220;on|340px|340px|340px|340px&#8220; border_color_all_dnxt_img_borders=&#8220;RGBA(255,255,255,0)&#8220; box_shadow_style_dnxt_image_shadow=&#8220;preset1&#8243; box_shadow_vertical_dnxt_image_shadow=&#8220;0px&#8220; box_shadow_blur_dnxt_image_shadow=&#8220;17px&#8220; box_shadow_spread_dnxt_image_shadow=&#8220;-10px&#8220; locked=&#8220;off&#8220; global_colors_info=&#8220;{}&#8220;][\/dnxte_blurb][\/et_pb_column][et_pb_column type=&#8220;1_4&#8243; _builder_version=&#8220;4.20.0&#8243; _module_preset=&#8220;default&#8220; global_colors_info=&#8220;{}&#8220;][dnxte_blurb blurb_heading=&#8220;Wellness f\u00fcr die Seele&#8220; blurb_description=&#8220;<\/p>\n<p>Genie\u00dfe eine wohltuende Sauna und ein entspannendes Bad im Badefass, um K\u00f6rper und Geist zu revitalisieren.<\/p>\n<p>&#8220; font_icon_color=&#8220;#b2d38f&#8220; font_icon_size=&#8220;57px&#8220; dnxt_image=&#8220;https:\/\/inti-yoga.de\/wp-content\/uploads\/2024\/02\/Sauna-Yoga-Retreat-1.jpg&#8220; image_placement=&#8220;top-center&#8220; dnxt_header_margin=&#8220;12px||||false|false&#8220; dnxt_image_max_width_tablet=&#8220;&#8220; dnxt_image_max_width_phone=&#8220;100%&#8220; dnxt_image_max_width_last_edited=&#8220;on|phone&#8220; dnxt_img_padding_tablet=&#8220;&#8220; dnxt_img_padding_phone=&#8220;|60px||60px|false|false&#8220; dnxt_img_padding_last_edited=&#8220;on|phone&#8220; _builder_version=&#8220;4.24.0&#8243; _module_preset=&#8220;default&#8220; dnxt_heading_text_align=&#8220;center&#8220; dnxt_body_text_align=&#8220;center&#8220; module_alignment=&#8220;center&#8220; filter_brightness=&#8220;104%&#8220; border_radii_dnxt_img_borders=&#8220;on|340px|340px|340px|340px&#8220; border_width_all_dnxt_img_borders=&#8220;0px&#8220; border_color_all_dnxt_img_borders=&#8220;RGBA(255,255,255,0)&#8220; box_shadow_style_dnxt_image_shadow=&#8220;preset1&#8243; locked=&#8220;off&#8220; global_colors_info=&#8220;{}&#8220;][\/dnxte_blurb][\/et_pb_column][et_pb_column type=&#8220;1_4&#8243; _builder_version=&#8220;4.20.0&#8243; _module_preset=&#8220;default&#8220; global_colors_info=&#8220;{}&#8220;][dnxte_blurb blurb_heading=&#8220;Nahbarkeit &#038; kleine Gruppe&#8220; blurb_description=&#8220;<\/p>\n<p>Dieses Retreat ist auch f\u00fcr uns ein Highlight, weil es unser %22kleinstes%22 und somit famili\u00e4rstes Retreat unserer Retreat Reihe ist.<\/p>\n<p>&#8220; font_icon_color=&#8220;#ffc15e&#8220; font_icon_size=&#8220;57px&#8220; dnxt_image=&#8220;https:\/\/inti-yoga.de\/wp-content\/uploads\/2024\/02\/Yoga-Retreat-Fuessen.jpg&#8220; image_placement=&#8220;top-center&#8220; dnxt_header_margin=&#8220;12px||||false|false&#8220; dnxt_image_max_width_tablet=&#8220;&#8220; dnxt_image_max_width_phone=&#8220;100%&#8220; dnxt_image_max_width_last_edited=&#8220;on|phone&#8220; dnxt_img_padding_tablet=&#8220;&#8220; dnxt_img_padding_phone=&#8220;|60px||60px|false|false&#8220; dnxt_img_padding_last_edited=&#8220;on|phone&#8220; _builder_version=&#8220;4.24.0&#8243; _module_preset=&#8220;default&#8220; dnxt_heading_text_align=&#8220;center&#8220; dnxt_body_text_align=&#8220;center&#8220; module_alignment=&#8220;center&#8220; border_radii_dnxt_img_borders=&#8220;on|203px|203px|203px|203px&#8220; border_width_all_dnxt_img_borders=&#8220;0px&#8220; border_color_all_dnxt_img_borders=&#8220;RGBA(255,255,255,0)&#8220; border_style_all_dnxt_img_borders=&#8220;none&#8220; box_shadow_style_dnxt_image_shadow=&#8220;preset1&#8243; locked=&#8220;off&#8220; global_colors_info=&#8220;{}&#8220;][\/dnxte_blurb][\/et_pb_column][\/et_pb_row][et_pb_row use_custom_gutter=&#8220;on&#8220; gutter_width=&#8220;1&#8243; _builder_version=&#8220;4.17.3&#8243; _module_preset=&#8220;default&#8220; custom_margin=&#8220;0px|auto||auto|false|false&#8220; custom_margin_tablet=&#8220;-50px||-60px||false|false&#8220; custom_margin_phone=&#8220;||-110px||false|false&#8220; custom_margin_last_edited=&#8220;on|phone&#8220; custom_padding=&#8220;0px||0px||false|false&#8220; module_alignment_tablet=&#8220;left&#8220; module_alignment_phone=&#8220;left&#8220; module_alignment_last_edited=&#8220;on|tablet&#8220; global_colors_info=&#8220;{}&#8220;][et_pb_column type=&#8220;4_4&#8243; _builder_version=&#8220;4.16&#8243; _module_preset=&#8220;default&#8220; global_colors_info=&#8220;{}&#8220;][et_pb_gallery gallery_ids=&#8220;263498,263501,263517,263511&#8243; zoom_icon_color=&#8220;RGBA(255,255,255,0)&#8220; hover_overlay_color=&#8220;RGBA(255,255,255,0)&#8220; disabled_on=&#8220;on|off|off&#8220; module_class=&#8220;disable lightbox&#8220; _builder_version=&#8220;4.24.0&#8243; _module_preset=&#8220;c88e0f72-2234-47de-ad5f-1bf1c8d7e6f3&#8243; transform_scale_tablet=&#8220;101%|101%&#8220; transform_scale_phone=&#8220;117%|117%&#8220; transform_scale_last_edited=&#8220;on|phone&#8220; transform_translate_tablet=&#8220;76px|0px&#8220; transform_translate_phone=&#8220;39px|0px&#8220; transform_translate_last_edited=&#8220;on|tablet&#8220; transform_translate_linked_tablet=&#8220;off&#8220; transform_rotate_tablet=&#8220;&#8220; transform_rotate_phone=&#8220;&#8220; transform_rotate_last_edited=&#8220;on|tablet&#8220; transform_skew_tablet=&#8220;&#8220; transform_skew_phone=&#8220;&#8220; transform_skew_last_edited=&#8220;on|tablet&#8220; transform_origin_tablet=&#8220;&#8220; transform_origin_phone=&#8220;&#8220; transform_origin_last_edited=&#8220;on|tablet&#8220; transform_styles_last_edited=&#8220;on|phone&#8220; width=&#8220;100%&#8220; width_tablet=&#8220;100%&#8220; width_phone=&#8220;auto&#8220; width_last_edited=&#8220;on|phone&#8220; filter_opacity=&#8220;90%&#8220; transform_styles_tablet=&#8220;&#8220; transform_styles_phone=&#8220;&#8220; module_alignment_tablet=&#8220;&#8220; module_alignment_phone=&#8220;&#8220; module_alignment_last_edited=&#8220;on|tablet&#8220; custom_css_main_element=&#8220;padding: 1px;&#8220; border_color_all=&#8220;RGBA(255,255,255,0)&#8220; border_radii_image=&#8220;on|9px|9px|9px|9px&#8220; border_color_all_image=&#8220;RGBA(255,255,255,0)&#8220; global_colors_info=&#8220;{}&#8220; custom_css_gallery_item_last_edited=&#8220;off|desktop&#8220; custom_css_gallery_item__hover_enabled=&#8220;on|desktop&#8220; custom_css_main_element_last_edited=&#8220;off|tablet&#8220;][\/et_pb_gallery][\/et_pb_column][\/et_pb_row][\/et_pb_section][et_pb_section fb_built=&#8220;1&#8243; custom_padding_last_edited=&#8220;on|tablet&#8220; _builder_version=&#8220;4.17.3&#8243; _module_preset=&#8220;default&#8220; custom_margin=&#8220;50px|||||&#8220; custom_margin_tablet=&#8220;0px||||false|false&#8220; custom_margin_phone=&#8220;100px||||false|false&#8220; custom_margin_last_edited=&#8220;on|tablet&#8220; custom_padding=&#8220;25px||7px|||&#8220; custom_padding_tablet=&#8220;0px||0px||false|false&#8220; custom_padding_phone=&#8220;0px||0px||false|false&#8220; global_colors_info=&#8220;{}&#8220;][et_pb_row column_structure=&#8220;1_2,1_2&#8243; _builder_version=&#8220;4.16&#8243; _module_preset=&#8220;default&#8220; custom_margin=&#8220;-2px|auto||auto||&#8220; global_colors_info=&#8220;{}&#8220;][et_pb_column type=&#8220;1_2&#8243; _builder_version=&#8220;4.16&#8243; _module_preset=&#8220;default&#8220; global_colors_info=&#8220;{}&#8220;][dnxte_divider dnext_sid_use_icon=&#8220;on&#8220; dnext_sid_img=&#8220;https:\/\/inti-yoga.de\/wp-content\/uploads\/2023\/04\/logo-cropped.png&#8220; dnext_sid_image_max_width=&#8220;34px&#8220; dnext_sid_divider_style=&#8220;solid&#8220; dnext_sid_divider_color=&#8220;#DBAE97&#8243; _builder_version=&#8220;4.21.0&#8243; _module_preset=&#8220;default&#8220; custom_margin=&#8220;1px|||||&#8220; locked=&#8220;off&#8220; global_colors_info=&#8220;{}&#8220;][\/dnxte_divider][dnxte_text_color_motion text_color_motion=&#8220;Innere Freiheit kultivieren&#8220; color_motion_color_one=&#8220;#C79B1D&#8220; color_motion_color_two=&#8220;#F3D058&#8243; color_motion_color_three=&#8220;#615D2A&#8220; color_motion_color_four=&#8220;#C79B1D&#8220; _builder_version=&#8220;4.16&#8243; _module_preset=&#8220;default&#8220; dnxt_color_motion_fonts_font_size=&#8220;70px&#8220; custom_margin=&#8220;5px|-62px|2px|-82px||&#8220; custom_margin_tablet=&#8220;5px|-62px|2px|-82px||&#8220; custom_margin_phone=&#8220;5px|0px|2px|0px|false|false&#8220; custom_margin_last_edited=&#8220;on|phone&#8220; dnxt_color_motion_fonts_font_size_tablet=&#8220;58px&#8220; dnxt_color_motion_fonts_font_size_phone=&#8220;39px&#8220; dnxt_color_motion_fonts_font_size_last_edited=&#8220;on|tablet&#8220; global_colors_info=&#8220;{}&#8220;][\/dnxte_text_color_motion][et_pb_text _builder_version=&#8220;4.17.3&#8243; _module_preset=&#8220;default&#8220; header_2_text_color=&#8220;#214E34&#8243; custom_margin=&#8220;-20px|||||&#8220; global_colors_info=&#8220;{}&#8220;]<\/p>\n<h2>Im einklang mit den elementen treten wir in verbindung mit unserer ur-natur<\/h2>\n<p>[\/et_pb_text][et_pb_text _builder_version=&#8220;4.24.0&#8243; _module_preset=&#8220;default&#8220; text_font=&#8220;Forum||||||||&#8220; text_text_color=&#8220;#214E34&#8243; header_text_color=&#8220;#A46462&#8243; global_colors_info=&#8220;{}&#8220;]<\/p>\n<h1>Von Herzen bist du willkommen<\/h1>\n<p><span style=\"color: #333300;\"><strong>YOGA &amp; Wander Retreat vom 31. Juli &#8211; 04. August 2024<\/strong><\/span><\/p>\n<p>[\/et_pb_text][dnxte_button button_text=&#8220;Zur Anmeldung&#8220; button_link=&#8220;#reservierung&#8220; _builder_version=&#8220;4.17.3&#8243; _module_preset=&#8220;default&#8220; global_colors_info=&#8220;{}&#8220;][\/dnxte_button][et_pb_image src=&#8220;https:\/\/inti-yoga.de\/wp-content\/uploads\/2024\/02\/BY1A6002.jpg&#8220; alt=&#8220;Yoga und Wandern Allg\u00e4u&#8220; title_text=&#8220;Jessy Inti Yoga&#8220; _builder_version=&#8220;4.24.0&#8243; _module_preset=&#8220;default&#8220; filter_opacity=&#8220;90%&#8220; border_radii=&#8220;on|10px|10px|10px|10px&#8220; global_colors_info=&#8220;{}&#8220;][\/et_pb_image][et_pb_text _builder_version=&#8220;4.23.4&#8243; _module_preset=&#8220;default&#8220; text_font_size=&#8220;24px&#8220; header_2_font_size=&#8220;33px&#8220; header_2_letter_spacing=&#8220;3px&#8220; header_2_text_color_tablet=&#8220;&#8220; header_2_text_color_phone=&#8220;#214E34&#8243; header_2_text_color_last_edited=&#8220;on|phone&#8220; header_2_font_size_tablet=&#8220;33px&#8220; header_2_font_size_phone=&#8220;25px&#8220; header_2_font_size_last_edited=&#8220;on|phone&#8220; global_colors_info=&#8220;{}&#8220;]<\/p>\n<h3>UNSER YOGA IST F\u00dcR ALLE LEVEL UND K\u00d6RPER GEEIGNET<\/h3>\n<p>Statt Leistung m\u00f6chten wir dir Erholung schenken<\/p>\n<h3>KEINE WANDER-ERFAHRUNG ERFOLDERLICH<\/h3>\n<p>Die Wander Touren sind unter der Baumgrenze, also nicht Alpin und dauern max. ca. 3 Stunden<\/p>\n<p>&nbsp;<\/p>\n<p>[\/et_pb_text][\/et_pb_column][et_pb_column type=&#8220;1_2&#8243; _builder_version=&#8220;4.16&#8243; _module_preset=&#8220;default&#8220; global_colors_info=&#8220;{}&#8220;][et_pb_accordion _builder_version=&#8220;4.23.4&#8243; _module_preset=&#8220;default&#8220; toggle_text_align=&#8220;center&#8220; toggle_font_size=&#8220;14px&#8220; body_font=&#8220;Quicksand|300|||||||&#8220; body_text_align=&#8220;center&#8220; body_text_color=&#8220;#000000&#8243; body_font_size=&#8220;18px&#8220; custom_margin=&#8220;2px|2px||43px|false|false&#8220; custom_margin_tablet=&#8220;88px|2px||43px|false|false&#8220; custom_margin_phone=&#8220;0px|0px||0px|false|false&#8220; custom_margin_last_edited=&#8220;on|tablet&#8220; custom_padding=&#8220;0px|3px|14px||false|false&#8220; custom_padding_tablet=&#8220;0px|3px|14px||false|false&#8220; custom_padding_phone=&#8220;0px|0px|14px||false|false&#8220; custom_padding_last_edited=&#8220;on|phone&#8220; locked=&#8220;off&#8220; global_colors_info=&#8220;{}&#8220;][et_pb_accordion_item title=&#8220;    &#8220; open=&#8220;on&#8220; open_toggle_text_color=&#8220;#C79B1D&#8220; _builder_version=&#8220;4.23.4&#8243; _module_preset=&#8220;default&#8220; body_font_size=&#8220;18px&#8220; box_shadow_style=&#8220;preset3&#8243; box_shadow_blur=&#8220;40px&#8220; box_shadow_color=&#8220;#E2C3B7&#8243; global_colors_info=&#8220;{}&#8220; toggle_text_color=&#8220;#C79B1D&#8220; toggle_level=&#8220;h2&#8243; toggle_font=&#8220;Forum|||||on|||&#8220; toggle_text_align=&#8220;center&#8220; toggle_font_size=&#8220;26px&#8220; toggle_letter_spacing=&#8220;2px&#8220; toggle_line_height=&#8220;1.2em&#8220;]<\/p>\n<h2 style=\"text-align: center;\">MOUNTAIN MAGIC<\/h2>\n<h2 style=\"text-align: center;\">Programm Yoga Retreat Allg\u00e4u 2024\u00a0<\/h2>\n<p><strong>Mi 31. Juli ERDE<\/strong><\/p>\n<p>Check-In ab 14:00 Uhr mit tollen Snacks<\/p>\n<p>16:00 Uhr Erdende Yogapraxis &amp; Opening Circle<\/p>\n<p>18:30 Uhr Dinner<\/p>\n<p><strong>Do 01. August FEUER<\/strong><\/p>\n<p>8:15 &#8211; 9:30 Uhr Yoga-Morgenpraxis<\/p>\n<p>9:30 Uhr Reichhaltiges Fr\u00fchst\u00fcck + Lunchbox<\/p>\n<p>Gemeinsames Wandern mit Gipfelkreuz!<\/p>\n<p>18:00 Uhr Dinner\u00a0<\/p>\n<p>Feuerritual | Lagerfeuer<\/p>\n<p><strong>Fr 02. August LUFT<\/strong><\/p>\n<p>8:15 &#8211; 9:30 Uhr Yoga-Morgenpraxis<\/p>\n<p>9:30 Uhr Brunch &amp; freie Zeit<\/p>\n<p>13:00 Uhr Leichter Lunch<\/p>\n<p style=\"text-align: center;\">15:00 &#8211; 17:00 Uhr Breathwork Zeremonie mit Benedikt<\/p>\n<p style=\"text-align: center;\">18:00 Uhr Dinner<\/p>\n<p><strong>Sa 03. August WASSER<\/strong><\/p>\n<p style=\"text-align: center;\">8:15 &#8211; 9:30 Uhr Yoga-Morgenpraxis<\/p>\n<p style=\"text-align: center;\">9:30 Uhr Reichhaltiges Fr\u00fchst\u00fcck + Lunchbox<\/p>\n<p style=\"text-align: center;\">Gemeinsamer Ausflug zum Wasserfall mit optionalem Wandern \u00b4Seeumrundung\u00b4<\/p>\n<p style=\"text-align: center;\">17:00 Uhr Cacao Zeremonie &amp; Sharing Circle<\/p>\n<p style=\"text-align: center;\">18:30 Uhr Dinner<\/p>\n<p style=\"text-align: center;\"><strong>So 14. August \u00c4THER<\/strong><\/p>\n<p style=\"text-align: center;\">8:15-9:30 Uhr Morgen-Yogapraxis<\/p>\n<p style=\"text-align: center;\">ab 9:30 Uhr Brunch + anschlie\u00dfend Abreise<\/p>\n<p>[\/et_pb_accordion_item][\/et_pb_accordion][\/et_pb_column][\/et_pb_row][\/et_pb_section][et_pb_section fb_built=&#8220;1&#8243; custom_padding_last_edited=&#8220;on|phone&#8220; next_background_color=&#8220;#ffffff&#8220; disabled_on=&#8220;on|off|off&#8220; _builder_version=&#8220;4.16&#8243; _module_preset=&#8220;default&#8220; use_background_color_gradient=&#8220;on&#8220; background_color_gradient_stops=&#8220;#ffffff 0%|rgba(253,246,211,0.48) 100%&#8220; background_color_gradient_start=&#8220;#ffffff&#8220; background_color_gradient_end=&#8220;rgba(253,246,211,0.48)&#8220; min_height=&#8220;542px&#8220; min_height_tablet=&#8220;542px&#8220; min_height_phone=&#8220;542px&#8220; min_height_last_edited=&#8220;on|phone&#8220; custom_margin=&#8220;8px|||||&#8220; custom_margin_tablet=&#8220;0px||||false|false&#8220; custom_margin_phone=&#8220;0px||||false|false&#8220; custom_margin_last_edited=&#8220;on|phone&#8220; custom_padding=&#8220;28px||100px|||&#8220; custom_padding_tablet=&#8220;||100px|||&#8220; custom_padding_phone=&#8220;||0px||false|false&#8220; bottom_divider_style=&#8220;wave2&#8243; bottom_divider_height=&#8220;66px&#8220; global_colors_info=&#8220;{}&#8220;][et_pb_row column_structure=&#8220;1_3,1_3,1_3&#8243; _builder_version=&#8220;4.23.4&#8243; _module_preset=&#8220;default&#8220; global_colors_info=&#8220;{}&#8220;][et_pb_column type=&#8220;1_3&#8243; _builder_version=&#8220;4.23.4&#8243; _module_preset=&#8220;default&#8220; global_colors_info=&#8220;{}&#8220;][et_pb_text _builder_version=&#8220;4.23.4&#8243; _module_preset=&#8220;default&#8220; header_3_font=&#8220;Just Sunday||||||||&#8220; header_3_font_size=&#8220;48px&#8220; global_colors_info=&#8220;{}&#8220;]<\/p>\n<h3>Elemente<\/h3>\n<p>&nbsp;<\/p>\n<p>Die Natur wertzusch\u00e4tzen unterst\u00fctzt uns dabei, auch mehr <strong>Wertsch\u00e4tzung<\/strong> f\u00fcr uns selbst zu empfinden.<\/p>\n<p>Lasse die Elemente dich lehren, dir selbst <strong>mehr Selbstliebe &amp; Akzeptanz<\/strong> zu schenken.<\/p>\n<p>[\/et_pb_text][et_pb_image src=&#8220;https:\/\/inti-yoga.de\/wp-content\/uploads\/2023\/03\/Jessy-nature.jpg&#8220; alt=&#8220;Inti Yoga Retreat 2024&#8243; title_text=&#8220;Jessy nature&#8220; _builder_version=&#8220;4.24.0&#8243; _module_preset=&#8220;default&#8220; filter_opacity=&#8220;90%&#8220; border_radii=&#8220;on|10px|10px|10px|10px&#8220; global_colors_info=&#8220;{}&#8220;][\/et_pb_image][\/et_pb_column][et_pb_column type=&#8220;1_3&#8243; _builder_version=&#8220;4.16&#8243; _module_preset=&#8220;default&#8220; global_colors_info=&#8220;{}&#8220;][et_pb_text _builder_version=&#8220;4.16&#8243; _module_preset=&#8220;default&#8220; header_3_font=&#8220;Just Sunday||||||||&#8220; header_3_font_size=&#8220;48px&#8220; global_colors_info=&#8220;{}&#8220;]<\/p>\n<h3>Bewusstsein<\/h3>\n<p>&nbsp;<\/p>\n<p>Kennst du das Gef\u00fchl, wenn beim Wandern irgendwann der <strong>Kopf frei<\/strong> wird? Und dir dann alles milder erscheint und du dich leichter f\u00fchlst?<\/p>\n<p>Dieses <strong>Bewusstsein zu deiner wahren Natur<\/strong> werden wir st\u00e4rken.<\/p>\n<p>[\/et_pb_text][et_pb_image src=&#8220;https:\/\/inti-yoga.de\/wp-content\/uploads\/2024\/02\/BY1A6394.jpg&#8220; alt=&#8220;Yogalehrerin Inti Yoga&#8220; title_text=&#8220;Jessy Inti Yoga&#8220; _builder_version=&#8220;4.24.0&#8243; _module_preset=&#8220;default&#8220; filter_opacity=&#8220;90%&#8220; border_radii=&#8220;on|10px|10px|10px|10px&#8220; global_colors_info=&#8220;{}&#8220;][\/et_pb_image][\/et_pb_column][et_pb_column type=&#8220;1_3&#8243; _builder_version=&#8220;4.16&#8243; _module_preset=&#8220;default&#8220; global_colors_info=&#8220;{}&#8220;][et_pb_text _builder_version=&#8220;4.16&#8243; _module_preset=&#8220;default&#8220; header_3_font=&#8220;Just Sunday||||||||&#8220; header_3_font_size=&#8220;48px&#8220; global_colors_info=&#8220;{}&#8220;]<\/p>\n<h3>Ein Geschenk<\/h3>\n<p>&nbsp;<\/p>\n<p>RETREAT bedeutet eine geplante <strong>spirituelle Ruhepause<\/strong> und R\u00fcckzug von der gewohnten Umgebung.<\/p>\n<p>Schenke dir die Gelegenheit, diese <strong>tiefe Verbindung zu dir selbst<\/strong> und der Natur zu sp\u00fcren.<\/p>\n<p>[\/et_pb_text][et_pb_image src=&#8220;https:\/\/inti-yoga.de\/wp-content\/uploads\/2023\/05\/BY1A5876.jpg&#8220; alt=&#8220;Yoga Retreat Alpen&#8220; title_text=&#8220;Inti Yoga Alpen&#8220; _builder_version=&#8220;4.24.0&#8243; _module_preset=&#8220;default&#8220; filter_opacity=&#8220;90%&#8220; border_radii=&#8220;on|10px|10px|10px|10px&#8220; global_colors_info=&#8220;{}&#8220;][\/et_pb_image][\/et_pb_column][\/et_pb_row][\/et_pb_section][et_pb_section fb_built=&#8220;1&#8243; custom_padding_last_edited=&#8220;on|phone&#8220; next_background_color=&#8220;#ffffff&#8220; _builder_version=&#8220;4.16&#8243; _module_preset=&#8220;default&#8220; use_background_color_gradient=&#8220;on&#8220; background_color_gradient_stops=&#8220;#ffffff 6%|rgba(0,0,0,0) 66%&#8220; background_color_gradient_overlays_image=&#8220;on&#8220; background_color_gradient_start=&#8220;#ffffff&#8220; background_color_gradient_start_position=&#8220;6%&#8220; background_color_gradient_end=&#8220;rgba(0,0,0,0)&#8220; background_color_gradient_end_position=&#8220;66%&#8220; background_image=&#8220;https:\/\/inti-yoga.de\/wp-content\/uploads\/2021\/12\/Berge-scaled.jpeg&#8220; custom_margin=&#8220;3px|||||&#8220; custom_margin_tablet=&#8220;-100px||||false|false&#8220; custom_margin_phone=&#8220;-80px||||false|false&#8220; custom_margin_last_edited=&#8220;on|tablet&#8220; custom_padding=&#8220;276px||313px|||&#8220; custom_padding_tablet=&#8220;276px||313px|||&#8220; custom_padding_phone=&#8220;234px||294px||false|false&#8220; bottom_divider_style=&#8220;wave2&#8243; bottom_divider_height=&#8220;77px&#8220; bottom_divider_height_tablet=&#8220;77px&#8220; bottom_divider_height_phone=&#8220;42px&#8220; bottom_divider_height_last_edited=&#8220;on|phone&#8220; global_colors_info=&#8220;{}&#8220;][et_pb_row column_structure=&#8220;1_3,2_3&#8243; _builder_version=&#8220;4.16&#8243; _module_preset=&#8220;default&#8220; custom_margin=&#8220;-197px|auto||auto||&#8220; global_colors_info=&#8220;{}&#8220;][et_pb_column type=&#8220;1_3&#8243; _builder_version=&#8220;4.16&#8243; _module_preset=&#8220;default&#8220; global_colors_info=&#8220;{}&#8220;][\/et_pb_column][et_pb_column type=&#8220;2_3&#8243; _builder_version=&#8220;4.16&#8243; _module_preset=&#8220;default&#8220; global_colors_info=&#8220;{}&#8220;][dnxte_text_color_motion text_color_motion=&#8220;Eine aussergew\u00f6hnliches Retreat. Durchatmen. Freitheit. Verbindung. Wandern.&#8220; color_motion_color_one=&#8220;#C79B1D&#8220; color_motion_color_two=&#8220;#F3D058&#8243; color_motion_color_three=&#8220;#615D2A&#8220; color_motion_color_four=&#8220;#C79B1D&#8220; _builder_version=&#8220;4.16&#8243; _module_preset=&#8220;default&#8220; dnxt_color_motion_fonts_font_size=&#8220;61px&#8220; custom_margin=&#8220;-2px||2px|||&#8220; dnxt_color_motion_fonts_font_size_tablet=&#8220;61px&#8220; dnxt_color_motion_fonts_font_size_phone=&#8220;38px&#8220; dnxt_color_motion_fonts_font_size_last_edited=&#8220;on|phone&#8220; global_colors_info=&#8220;{}&#8220;][\/dnxte_text_color_motion][\/et_pb_column][\/et_pb_row][\/et_pb_section][et_pb_section fb_built=&#8220;1&#8243; _builder_version=&#8220;4.16&#8243; _module_preset=&#8220;default&#8220; custom_margin=&#8220;32px|||||&#8220; custom_margin_tablet=&#8220;0px||||false|false&#8220; custom_margin_phone=&#8220;0px||||false|false&#8220; custom_margin_last_edited=&#8220;on|phone&#8220; custom_padding=&#8220;42px||33px|||&#8220; global_colors_info=&#8220;{}&#8220;][et_pb_row _builder_version=&#8220;4.16&#8243; _module_preset=&#8220;default&#8220; custom_padding=&#8220;||9px|||&#8220; global_colors_info=&#8220;{}&#8220;][et_pb_column type=&#8220;4_4&#8243; _builder_version=&#8220;4.16&#8243; _module_preset=&#8220;default&#8220; global_colors_info=&#8220;{}&#8220;][et_pb_blurb title=&#8220;Impressionen aus 2022&#8243; use_icon=&#8220;on&#8220; _builder_version=&#8220;4.23.4&#8243; _module_preset=&#8220;default&#8220; global_colors_info=&#8220;{}&#8220;]<\/p>\n<p>Einige Impressionen von unserem Mountain Magic Retreat 2022 ~ enjoy!<\/p>\n<p>[\/et_pb_blurb][\/et_pb_column][\/et_pb_row][et_pb_row column_structure=&#8220;1_2,1_2&#8243; use_custom_gutter=&#8220;on&#8220; gutter_width=&#8220;1&#8243; _builder_version=&#8220;4.17.3&#8243; _module_preset=&#8220;default&#8220; module_alignment=&#8220;center&#8220; custom_padding=&#8220;0px||0px||false|false&#8220; locked=&#8220;off&#8220; global_colors_info=&#8220;{}&#8220;][et_pb_column type=&#8220;1_2&#8243; _builder_version=&#8220;4.17.3&#8243; _module_preset=&#8220;default&#8220; global_colors_info=&#8220;{}&#8220;][et_pb_gallery gallery_ids=&#8220;263653,263650,263649,263647&#8243; fullwidth=&#8220;on&#8220; _builder_version=&#8220;4.24.0&#8243; _module_preset=&#8220;default&#8220; custom_margin=&#8220;||-5px|||&#8220; child_filter_opacity=&#8220;90%&#8220; custom_css_main_element=&#8220;padding: 3px;||\/* Show slider arrows always *\/||.et-pb-arrow-next {||       opacity: 1;||       right: 22px;||}||.et-pb-arrow-prev{||       opacity: 1;||       left: 22px;||}&#8220; border_radii=&#8220;on|10px|10px|10px|10px&#8220; locked=&#8220;off&#8220; global_colors_info=&#8220;{}&#8220;][\/et_pb_gallery][\/et_pb_column][et_pb_column type=&#8220;1_2&#8243; _builder_version=&#8220;4.17.3&#8243; _module_preset=&#8220;default&#8220; global_colors_info=&#8220;{}&#8220;][et_pb_gallery gallery_ids=&#8220;263648,263652,263654,263651&#8243; fullwidth=&#8220;on&#8220; _builder_version=&#8220;4.24.0&#8243; _module_preset=&#8220;default&#8220; custom_margin=&#8220;||-5px|||&#8220; filter_opacity=&#8220;90%&#8220; custom_css_main_element=&#8220;padding: 3px;||\/* Show slider arrows always *\/||.et-pb-arrow-next {||       opacity: 1;||       right: 22px;||  \t\t color: white;||}||.et-pb-arrow-prev{||       opacity: 1;||       left: 22px;||  \t\t color: white;||}&#8220; border_radii=&#8220;on|10px|10px|10px|10px&#8220; locked=&#8220;off&#8220; global_colors_info=&#8220;{}&#8220;][\/et_pb_gallery][\/et_pb_column][\/et_pb_row][\/et_pb_section][et_pb_section fb_built=&#8220;1&#8243; custom_padding_last_edited=&#8220;on|tablet&#8220; next_background_color=&#8220;#ffffff&#8220; _builder_version=&#8220;4.16&#8243; _module_preset=&#8220;default&#8220; use_background_color_gradient=&#8220;on&#8220; background_color_gradient_stops=&#8220;#ffffff 0%|rgba(0,0,0,0) 100%&#8220; background_color_gradient_overlays_image=&#8220;on&#8220; background_color_gradient_start=&#8220;#ffffff&#8220; background_color_gradient_end=&#8220;rgba(0,0,0,0)&#8220; background_image=&#8220;https:\/\/inti-yoga.de\/wp-content\/uploads\/2021\/12\/Yogaretreat-Natur-scaled.jpeg&#8220; background_size=&#8220;contain&#8220; background_position=&#8220;bottom_left&#8220; custom_margin=&#8220;39px||||false|false&#8220; custom_margin_tablet=&#8220;39px||||false|false&#8220; custom_margin_phone=&#8220;-40px||||false|false&#8220; custom_margin_last_edited=&#8220;on|phone&#8220; custom_padding=&#8220;21px||3px|||&#8220; custom_padding_tablet=&#8220;21px||80px||false|false&#8220; custom_padding_phone=&#8220;21px||80px||false|false&#8220; bottom_divider_style=&#8220;wave2&#8243; bottom_divider_height=&#8220;60px&#8220; bottom_divider_flip=&#8220;vertical&#8220; bottom_divider_height_tablet=&#8220;42px&#8220; bottom_divider_height_phone=&#8220;42px&#8220; bottom_divider_height_last_edited=&#8220;on|tablet&#8220; background_last_edited=&#8220;on|tablet&#8220; background_size_tablet=&#8220;initial&#8220; background_position_tablet=&#8220;top_center&#8220; global_colors_info=&#8220;{}&#8220;][et_pb_row column_structure=&#8220;1_2,1_2&#8243; _builder_version=&#8220;4.16&#8243; _module_preset=&#8220;default&#8220; global_colors_info=&#8220;{}&#8220;][et_pb_column type=&#8220;1_2&#8243; _builder_version=&#8220;4.16&#8243; _module_preset=&#8220;default&#8220; global_colors_info=&#8220;{}&#8220;][dnxte_text_color_motion text_color_motion=&#8220;Du bist es wert&#8220; heading_tag=&#8220;h3&#8243; color_motion_color_one=&#8220;#C79B1D&#8220; color_motion_color_two=&#8220;#F3D058&#8243; color_motion_color_three=&#8220;#615D2A&#8220; color_motion_color_four=&#8220;#C79B1D&#8220; _builder_version=&#8220;4.16&#8243; _module_preset=&#8220;default&#8220; dnxt_color_motion_fonts_font_size=&#8220;84px&#8220; custom_margin=&#8220;-1px||2px|||&#8220; dnxt_color_motion_fonts_font_size_tablet=&#8220;84px&#8220; dnxt_color_motion_fonts_font_size_phone=&#8220;58px&#8220; dnxt_color_motion_fonts_font_size_last_edited=&#8220;on|phone&#8220; global_colors_info=&#8220;{}&#8220;][\/dnxte_text_color_motion][\/et_pb_column][et_pb_column type=&#8220;1_2&#8243; _builder_version=&#8220;4.16&#8243; _module_preset=&#8220;default&#8220; global_colors_info=&#8220;{}&#8220;][et_pb_accordion _builder_version=&#8220;4.25.2&#8243; _module_preset=&#8220;default&#8220; body_font=&#8220;Quicksand|300|||||||&#8220; body_text_align=&#8220;center&#8220; body_text_color=&#8220;#000000&#8243; body_font_size=&#8220;18px&#8220; width=&#8220;121.8%&#8220; width_tablet=&#8220;105.1%&#8220; width_phone=&#8220;105.1%&#8220; width_last_edited=&#8220;on|tablet&#8220; min_height=&#8220;649.7px&#8220; custom_margin=&#8220;||2px|-53px||&#8220; custom_margin_tablet=&#8220;|0px||0px|false|false&#8220; custom_margin_phone=&#8220;|0px||0px|false|false&#8220; custom_margin_last_edited=&#8220;on|tablet&#8220; custom_padding_tablet=&#8220;|0px||0px|false|false&#8220; custom_padding_phone=&#8220;|0px||0px|false|false&#8220; custom_padding_last_edited=&#8220;on|tablet&#8220; box_shadow_style=&#8220;preset3&#8243; box_shadow_blur=&#8220;38px&#8220; box_shadow_color=&#8220;#E2C3B7&#8243; global_colors_info=&#8220;{}&#8220;][et_pb_accordion_item title=&#8220;   YOGA &#038; Wander Retreat vom 31. Juli &#8211; 04. August 2024&#8243; open=&#8220;on&#8220; open_toggle_text_color=&#8220;#C79B1D&#8220; _builder_version=&#8220;4.25.2&#8243; _module_preset=&#8220;default&#8220; body_text_align=&#8220;left&#8220; body_font_size=&#8220;18px&#8220; global_colors_info=&#8220;{}&#8220; toggle_text_color=&#8220;#C79B1D&#8220; toggle_level=&#8220;h2&#8243; toggle_font=&#8220;Forum|||||on|||&#8220; toggle_text_align=&#8220;center&#8220; toggle_font_size=&#8220;16px&#8220; toggle_letter_spacing=&#8220;2px&#8220; toggle_line_height=&#8220;1.8em&#8220;]<\/p>\n<p style=\"text-align: center;\"><span style=\"font-size: xx-large; color: #000000;\"><\/span><\/p>\n<p style=\"text-align: center;\"><span style=\"font-size: xx-large; color: #000000;\">Unvergessliche Investition in dich<\/span><\/p>\n<p style=\"text-align: center;\"><strong><span style=\"color: #993366;\">**** LAST MINUTE PREISE F\u00dcR SPONTANE HERZEN ****<\/span><\/strong><\/p>\n<p style=\"text-align: center;\"><span style=\"text-decoration: line-through;\">1.105\u20ac<\/span> 890\u20ac pP Mehrbettzimmer<\/p>\n<p style=\"text-align: center;\"><span style=\"text-decoration: line-through;\">1.270\u20ac<\/span> 1.105\u20ac pP im Doppelzimmer*<\/p>\n<p style=\"text-align: center;\"><span style=\"text-decoration: line-through;\">1.620\u20ac<\/span> 1.270\u20ac Einzelzimmer<\/p>\n<p><span style=\"font-size: x-large;\"><\/span><\/p>\n<p>INKLUSIVE<\/p>\n<p><span style=\"color: #c79b1d;\">\u0950 <span style=\"color: #000000;\"><strong>4 N\u00e4chte<\/strong> im Ayurvedahof Engel im Allg\u00e4u<\/span><\/span><\/p>\n<p><span style=\"color: #c79b1d;\">\u0950 <\/span>4x <strong>Yoga-Morgenpraxis<\/strong> mit Jessy zum Tagesthema &#8211; f\u00fcr alle Level, K\u00f6rper, M\u00e4nner &amp; Frauen<\/p>\n<p><span style=\"color: #c79b1d;\">\u0950 <\/span>Hochwertiges <strong>Willkommensgeschenk<\/strong><\/p>\n<p><span style=\"color: #c79b1d;\">\u0950 <\/span>\u00a0<strong>t\u00e4glich 3x<\/strong> vegetarisch\/vegane <strong>Kulinarik<\/strong> von unserem Koch<\/p>\n<p><span style=\"color: #c79b1d;\">\u0950 <\/span>\u00a0<strong>Lunchpakete<\/strong><\/p>\n<p><span style=\"color: #c79b1d;\">\u0950 <\/span>3 Zeremonien: <strong>Breathwork<\/strong>, Ritual-<strong>Cacao<\/strong>, Feuerritual<\/p>\n<p><span style=\"color: #c79b1d;\">\u0950 <\/span>Einsatz von \u00e4therischen \u00d6len &amp; Instrumenten<\/p>\n<p><span style=\"color: #c79b1d;\">\u0950 <span style=\"color: #000000;\">Ein Rahmen f\u00fcr wertvollen <strong>Austausch<\/strong> mit gleichgesinnten Menschen<\/span><\/span><\/p>\n<p><span style=\"color: #c79b1d;\">\u0950 <span style=\"color: #000000;\">Viel Potenzial auf wichtige <strong>Erkenntnisse<\/strong> f\u00fcr dein Leben<\/span><\/span><\/p>\n<p><span style=\"color: #c79b1d;\">\u0950 <\/span>allzeit Getr\u00e4nke, frische <strong>Tees, Snacks &amp; Obst<\/strong><\/p>\n<p><span style=\"color: #c79b1d;\">\u0950 <\/span><strong>2 gef\u00fchrte Wandertouren<\/strong>\/Ausfl\u00fcge<\/p>\n<p><span style=\"color: #c79b1d;\">\u0950 <span style=\"color: #000000;\">und vieles mehr, das dich tief ber\u00fchren wird&#8230;<\/span><\/span><\/p>\n<p>[\/et_pb_accordion_item][\/et_pb_accordion][\/et_pb_column][\/et_pb_row][\/et_pb_section][et_pb_section fb_built=&#8220;1&#8243; _builder_version=&#8220;4.17.3&#8243; _module_preset=&#8220;default&#8220; custom_padding=&#8220;||0px|||&#8220; global_colors_info=&#8220;{}&#8220;][et_pb_row _builder_version=&#8220;4.17.3&#8243; _module_preset=&#8220;default&#8220; custom_margin=&#8220;-53px|auto||auto||&#8220; global_colors_info=&#8220;{}&#8220;][et_pb_column type=&#8220;4_4&#8243; _builder_version=&#8220;4.17.3&#8243; _module_preset=&#8220;default&#8220; global_colors_info=&#8220;{}&#8220;][et_pb_button button_url=&#8220;#reservierung&#8220; button_text=&#8220;JETZT ANMELDEN&#8220; _builder_version=&#8220;4.17.3&#8243; _module_preset=&#8220;default&#8220; button_text_size=&#8220;26px&#8220; custom_margin=&#8220;1px|||||&#8220; global_colors_info=&#8220;{}&#8220;][\/et_pb_button][\/et_pb_column][\/et_pb_row][\/et_pb_section][et_pb_section fb_built=&#8220;1&#8243; fullwidth=&#8220;on&#8220; _builder_version=&#8220;4.25.2&#8243; _module_preset=&#8220;default&#8220; global_colors_info=&#8220;{}&#8220;][et_pb_fullwidth_header title=&#8220;* Bringe deinen Herzensmenschen mit und erhalte einen Rabatt!&#8220; text_orientation=&#8220;center&#8220; button_one_text=&#8220;zu zweit anmelden&#8220; _builder_version=&#8220;4.25.2&#8243; _module_preset=&#8220;default&#8220; global_colors_info=&#8220;{}&#8220;]<\/p>\n<p>Wenn ihr zu zweit anreist und gemeinsam eines der wundersch\u00f6nen Doppelzimmer bucht, erhaltet ihr jeder\/m 110,-\u20ac Nachlass! Einfach im Buchungsformular eingeben, dass ihr zu zweit kommt und ihr bezahlt <strong>jeweils nur 1.1.60,-\u20ac<\/strong> <strong>statt 1.270,-\u20ac im Doppelzimmer!<\/strong><\/p>\n<p>&nbsp;<\/p>\n<p>&nbsp;<\/p>\n<p>[\/et_pb_fullwidth_header][\/et_pb_section][et_pb_section fb_built=&#8220;1&#8243; _builder_version=&#8220;4.16&#8243; _module_preset=&#8220;default&#8220; custom_margin=&#8220;69px|||||&#8220; custom_margin_tablet=&#8220;69px|||||&#8220; custom_margin_phone=&#8220;0px||||false|false&#8220; custom_margin_last_edited=&#8220;on|tablet&#8220; custom_padding=&#8220;9px||4px|||&#8220; global_colors_info=&#8220;{}&#8220;][et_pb_row custom_padding_last_edited=&#8220;on|phone&#8220; _builder_version=&#8220;4.16&#8243; _module_preset=&#8220;default&#8220; background_enable_image=&#8220;off&#8220; background_size=&#8220;contain&#8220; background_position=&#8220;bottom_right&#8220; width=&#8220;84.5%&#8220; min_height_last_edited=&#8220;off|phone&#8220; height_tablet=&#8220;&#8220; height_phone=&#8220;&#8220; height_last_edited=&#8220;on|phone&#8220; custom_margin=&#8220;0px|auto||auto||&#8220; custom_padding=&#8220;20px|20px|20px|20px|false|false&#8220; custom_padding_tablet=&#8220;20px|20px|20px|20px|false|false&#8220; custom_padding_phone=&#8220;20px|20px|20px|20px|false|false&#8220; border_color_all=&#8220;#AE862C&#8220; global_colors_info=&#8220;{}&#8220;][et_pb_column type=&#8220;4_4&#8243; _builder_version=&#8220;4.16&#8243; _module_preset=&#8220;default&#8220; global_colors_info=&#8220;{}&#8220;][dnxte_testimonial_parent dnxte_testimonial_use_icon=&#8220;on&#8220; dnxt_testimonial_autoplay_delay=&#8220;3000&#8243; dnxt_testimonial_loop=&#8220;on&#8220; dnxt_testimonial_speed=&#8220;1000&#8243; dnxt_testimonial_arrows=&#8220;on&#8220; dnxt_testimonial_arrow_color=&#8220;#7A9B76&#8243; dnxt_testimonial_arrow_background_color=&#8220;RGBA(0,0,0,0)&#8220; dnxt_testimonial_dots_color=&#8220;#A46462&#8243; dnxt_testimonial_dots_active_color=&#8220;#AE862C&#8220; dnxt_testimonial_arrow_size=&#8220;35&#8243; dnxt_testimonial_pause_on_hover=&#8220;on&#8220; dnxt_testimonial_rating_bg_color=&#8220;RGBA(0,0,0,0)&#8220; dnxt_testimonial_rating_color=&#8220;#AE862C&#8220; dnxt_testimonial_icon_opacity=&#8220;0.1&#8243; dnxt_testimonial_icon_width=&#8220;0.1&#8243; _builder_version=&#8220;4.25.1&#8243; _module_preset=&#8220;default&#8220; background_color=&#8220;#ffffff&#8220; custom_margin=&#8220;1px|-10px||-10px|false|false&#8220; custom_padding=&#8220;47px|20px||20px|false|false&#8220; border_radii_image_border=&#8220;on|520px|520px|520px|520px&#8220; box_shadow_style=&#8220;preset3&#8243; box_shadow_blur=&#8220;49px&#8220; box_shadow_color=&#8220;#E2C3B7&#8243; global_colors_info=&#8220;{}&#8220;][dnxte_testimonial_child dnxte_testimonial_name=&#8220;Mandy&#8220; dnxte_testimonial_position=&#8220;Mountain Magic Retreat Teilnehmerin,&#8220; company_name=&#8220;M\u00fcnchen&#8220; dnxte_testimonial_description=&#8220;<\/p>\n<p>Mountain Magic war <strong>mein erstes Retreat<\/strong> und es war so wertvoll mich. Ein wundervolles, ehrliches und <strong>mit Liebe gef\u00fclltes Programm<\/strong> &#8211; eine wahrlich <strong>magische Zeit<\/strong>.<\/p>\n<p>&#8220; dnxte_testimonial_logo=&#8220;https:\/\/inti-yoga.de\/wp-content\/uploads\/2024\/01\/Mandy.jpeg&#8220; dnxte_testimonial_image_margin=&#8220;0|32px|0|0|false|false&#8220; _builder_version=&#8220;4.23.4&#8243; _module_preset=&#8220;default&#8220; header_font=&#8220;Just Sunday||||||||&#8220; header_text_color=&#8220;#214E34&#8243; header_font_size=&#8220;28px&#8220; header_letter_spacing=&#8220;2px&#8220; position_font=&#8220;Quicksand|300|||||||&#8220; position_text_color=&#8220;#000000&#8243; position_font_size=&#8220;15px&#8220; company_name_font=&#8220;Quicksand|300|||||||&#8220; company_name_text_color=&#8220;#000000&#8243; description_font=&#8220;Quicksand|300|||||||&#8220; description_text_color=&#8220;#000000&#8243; description_font_size=&#8220;19px&#8220; description_line_height=&#8220;1.8em&#8220; global_colors_info=&#8220;{}&#8220;][\/dnxte_testimonial_child][dnxte_testimonial_child dnxte_testimonial_name=&#8220;Alexandra&#8220; dnxte_testimonial_position=&#8220;Mountain Magic Retreat-Teilnehmerin,&#8220; company_name=&#8220;Nieder\u00f6sterreich&#8220; dnxte_testimonial_description=&#8220;<\/p>\n<p>Danke, danke, danke f\u00fcr diese wundervolle Anleitung und <strong>Begleitung<\/strong> f\u00fcr unser <strong>Wachsen und Heilen<\/strong> \ud83e\uddda\ud83d\ude4f\ud83c\udffc\ud83d\udc97<\/p>\n<p>&#8220; dnxte_testimonial_logo=&#8220;https:\/\/inti-yoga.de\/wp-content\/uploads\/2021\/11\/Alexandra-Niederoesterreich.jpg&#8220; dnxte_testimonial_image_margin=&#8220;0|32px|0|0|false|false&#8220; _builder_version=&#8220;4.24.0&#8243; _module_preset=&#8220;default&#8220; header_font=&#8220;Just Sunday||||||||&#8220; header_text_color=&#8220;#214E34&#8243; header_font_size=&#8220;28px&#8220; header_letter_spacing=&#8220;2px&#8220; position_font=&#8220;Quicksand|300|||||||&#8220; position_text_color=&#8220;#000000&#8243; position_font_size=&#8220;15px&#8220; company_name_font=&#8220;Quicksand|300|||||||&#8220; company_name_text_color=&#8220;#000000&#8243; description_font=&#8220;Quicksand|300|||||||&#8220; description_text_color=&#8220;#000000&#8243; description_font_size=&#8220;19px&#8220; description_line_height=&#8220;1.8em&#8220; global_colors_info=&#8220;{}&#8220;][\/dnxte_testimonial_child][dnxte_testimonial_child dnxte_testimonial_name=&#8220;Conny&#8220; dnxte_testimonial_position=&#8220;Yogasch\u00fclerin,&#8220; company_name=&#8220;Heilbronn&#8220; dnxte_testimonial_description=&#8220;<\/p>\n<p>Deine Retreats &#038; Yogastunden sind erf\u00fcllt von Urvertrauen, <strong>kraftvoll &#038; herzlich<\/strong>, <strong>kompetent &#038; bodenst\u00e4ndig<\/strong>. Dazu einladend, sich auszuprobieren &#038; Neues zu wagen.<\/p>\n<p>Ich bin jedes Mal von Neuem begeistert, Danke Jessy<\/p>\n<p>&#8220; dnxte_testimonial_logo=&#8220;https:\/\/inti-yoga.de\/wp-content\/uploads\/2021\/10\/Conny.jpg&#8220; dnxte_testimonial_image_margin=&#8220;0|32px|0|0|false|false&#8220; _builder_version=&#8220;4.23.4&#8243; _module_preset=&#8220;default&#8220; header_font=&#8220;Just Sunday||||||||&#8220; header_text_color=&#8220;#214E34&#8243; header_font_size=&#8220;28px&#8220; header_letter_spacing=&#8220;2px&#8220; position_font=&#8220;Quicksand|300|||||||&#8220; position_text_color=&#8220;#000000&#8243; position_font_size=&#8220;15px&#8220; company_name_font=&#8220;Quicksand|300|||||||&#8220; company_name_text_color=&#8220;#000000&#8243; description_font=&#8220;Quicksand|300|||||||&#8220; description_text_color=&#8220;#000000&#8243; description_font_size=&#8220;19px&#8220; description_line_height=&#8220;1.8em&#8220; global_colors_info=&#8220;{}&#8220;][\/dnxte_testimonial_child][dnxte_testimonial_child dnxte_testimonial_name=&#8220;Judith&#8220; dnxte_testimonial_position=&#8220;Mountain Magic Retreat Teilnehmerin &#038; Yogasch\u00fclerin | &#8220; company_name=&#8220;Hamburg&#8220; dnxte_testimonial_description=&#8220;<\/p>\n<p>Du bist so ein toller Guide. Immer wieder decke ich durch dich einen neuen Stein auf.<\/p>\n<p>Es ist <strong>jedes Mal eine wertvolle Reise in mein Inneres<\/strong>.<\/p>\n<p>&#8220; dnxte_testimonial_logo=&#8220;https:\/\/inti-yoga.de\/wp-content\/uploads\/2021\/09\/Judith.jpg&#8220; dnxte_testimonial_image_margin=&#8220;0|32px|0|0|false|false&#8220; _builder_version=&#8220;4.23.4&#8243; _module_preset=&#8220;default&#8220; header_font=&#8220;Just Sunday||||||||&#8220; header_text_color=&#8220;#214E34&#8243; header_font_size=&#8220;28px&#8220; header_letter_spacing=&#8220;2px&#8220; position_font=&#8220;Quicksand|300|||||||&#8220; position_text_color=&#8220;#000000&#8243; position_font_size=&#8220;15px&#8220; company_name_font=&#8220;Quicksand|300|||||||&#8220; company_name_text_color=&#8220;#000000&#8243; description_font=&#8220;Quicksand|300|||||||&#8220; description_text_color=&#8220;#000000&#8243; description_font_size=&#8220;19px&#8220; description_line_height=&#8220;1.8em&#8220; global_colors_info=&#8220;{}&#8220;][\/dnxte_testimonial_child][dnxte_testimonial_child dnxte_testimonial_name=&#8220;Vanessa&#8220; dnxte_testimonial_position=&#8220;Retreatteilnehmerin &#038; Yogasch\u00fclerin,&#8220; company_name=&#8220;M\u00fcnchen&#8220; dnxte_testimonial_description=&#8220;<\/p>\n<p>Deine Arbeit ist inzwischen Teil meines <strong>ganzheitlichen Heilungsprozesses<\/strong> geworden. Deine Retreats helfen mir, wieder mehr in <strong>Verbindung mit mir selbst<\/strong> zu kommen. Ich danke dir.<\/p>\n<p>&#8220; dnxte_testimonial_logo=&#8220;https:\/\/inti-yoga.de\/wp-content\/uploads\/2021\/10\/Vanessa.jpg&#8220; dnxte_testimonial_image_margin=&#8220;0|32px|0|0|false|false&#8220; _builder_version=&#8220;4.23.4&#8243; _module_preset=&#8220;default&#8220; header_font=&#8220;Just Sunday||||||||&#8220; header_text_color=&#8220;#214E34&#8243; header_font_size=&#8220;28px&#8220; header_letter_spacing=&#8220;2px&#8220; position_font=&#8220;Quicksand|300|||||||&#8220; position_text_color=&#8220;#000000&#8243; position_font_size=&#8220;15px&#8220; company_name_font=&#8220;Quicksand|300|||||||&#8220; company_name_text_color=&#8220;#000000&#8243; description_font=&#8220;Quicksand|300|||||||&#8220; description_text_color=&#8220;#000000&#8243; description_font_size=&#8220;19px&#8220; description_line_height=&#8220;1.8em&#8220; global_colors_info=&#8220;{}&#8220;][\/dnxte_testimonial_child][dnxte_testimonial_child dnxte_testimonial_name=&#8220;Beatrix&#8220; dnxte_testimonial_position=&#8220;Yogasch\u00fclerin,&#8220; company_name=&#8220;M\u00fcnchen&#8220; dnxte_testimonial_description=&#8220;<\/p>\n<p>Zeit mit dir ist immer wie Balsam f\u00fcr die Seele. <strong>Deine ruhige &#038; ehrliche Art ber\u00fchrt mich<\/strong>.<\/p>\n<p>Yoga mit dir ist wie eine Streicheleinheit f\u00fcr Geist und K\u00f6rper.<\/p>\n<p>&#8220; dnxte_testimonial_logo=&#8220;https:\/\/inti-yoga.de\/wp-content\/uploads\/2021\/09\/beatrix-e1631553528465.jpg&#8220; dnxte_testimonial_image_margin=&#8220;0|32px|0|0|false|false&#8220; _builder_version=&#8220;4.23.4&#8243; _module_preset=&#8220;default&#8220; header_font=&#8220;Just Sunday||||||||&#8220; header_text_color=&#8220;#214E34&#8243; header_font_size=&#8220;28px&#8220; header_letter_spacing=&#8220;2px&#8220; position_font=&#8220;Quicksand|300|||||||&#8220; position_text_color=&#8220;#000000&#8243; position_font_size=&#8220;15px&#8220; company_name_font=&#8220;Quicksand|300|||||||&#8220; company_name_text_color=&#8220;#000000&#8243; description_font=&#8220;Quicksand|300|||||||&#8220; description_text_color=&#8220;#000000&#8243; description_font_size=&#8220;19px&#8220; description_line_height=&#8220;1.8em&#8220; global_colors_info=&#8220;{}&#8220;][\/dnxte_testimonial_child][\/dnxte_testimonial_parent][\/et_pb_column][\/et_pb_row][\/et_pb_section][et_pb_section fb_built=&#8220;1&#8243; module_id=&#8220;reservierung&#8220; _builder_version=&#8220;4.16&#8243; _module_preset=&#8220;default&#8220; custom_margin=&#8220;3px|||||&#8220; custom_padding=&#8220;12px||16px|||&#8220; global_colors_info=&#8220;{}&#8220;][et_pb_row _builder_version=&#8220;4.16&#8243; _module_preset=&#8220;default&#8220; min_height=&#8220;771.2px&#8220; custom_margin=&#8220;70px|auto||auto||&#8220; global_colors_info=&#8220;{}&#8220;][et_pb_column type=&#8220;4_4&#8243; _builder_version=&#8220;4.16&#8243; _module_preset=&#8220;default&#8220; global_colors_info=&#8220;{}&#8220;][et_pb_contact_form email=&#8220;jessy@inti-yoga.de&#8220; title=&#8220;MOUNTAIN MAGIC ~ Yoga &#038; Natur-Retreat im Allg\u00e4u 2024 | Wir freuen uns so sehr auf dich \u2665&#8220; use_redirect=&#8220;on&#8220; redirect_url=&#8220;https:\/\/inti-yoga.de\/danke-fuer-deine-buchung\/&#8220; submit_button_text=&#8220;Ich bin dabei!&#8220; submit_button_text_tablet=&#8220;Ich bin dabei!&#8220; submit_button_text_phone=&#8220;Ich bin dabei!&#8220; submit_button_text_last_edited=&#8220;on|phone&#8220; _builder_version=&#8220;4.26.1&#8243; _module_preset=&#8220;default&#8220; _unique_id=&#8220;e180d543-6ebe-456a-8d78-ceec3b24f308&#8243; form_field_background_color=&#8220;rgba(226,195,183,0.29)&#8220; form_field_text_color=&#8220;#000000&#8243; form_field_focus_background_color=&#8220;#FEFCF4&#8243; form_field_focus_text_color=&#8220;#A46462&#8243; form_field_custom_margin_tablet=&#8220;&#8220; form_field_custom_margin_phone=&#8220;17px||23px||false|false&#8220; form_field_custom_margin_last_edited=&#8220;on|phone&#8220; title_level=&#8220;h2&#8243; title_font=&#8220;Forum||||||||&#8220; title_text_align=&#8220;center&#8220; title_font_size=&#8220;39px&#8220; title_line_height=&#8220;1.7em&#8220; captcha_font=&#8220;Quicksand|300|||||||&#8220; captcha_font_size=&#8220;18px&#8220; captcha_letter_spacing=&#8220;2px&#8220; form_field_font=&#8220;Quicksand|300|||||||&#8220; form_field_font_size=&#8220;18px&#8220; custom_button=&#8220;on&#8220; button_text_size=&#8220;19px&#8220; button_use_icon=&#8220;off&#8220; link_option_url_new_window=&#8220;on&#8220; hover_enabled=&#8220;0&#8243; title_font_size_tablet=&#8220;39px&#8220; title_font_size_phone=&#8220;29px&#8220; title_font_size_last_edited=&#8220;on|phone&#8220; box_shadow_style=&#8220;preset3&#8243; box_shadow_blur=&#8220;36px&#8220; box_shadow_spread=&#8220;-16px&#8220; box_shadow_color=&#8220;#E2C3B7&#8243; box_shadow_style_button=&#8220;preset3&#8243; box_shadow_blur_button=&#8220;39px&#8220; box_shadow_color_button=&#8220;#E2C3B7&#8243; global_colors_info=&#8220;{}&#8220; sticky_enabled=&#8220;0&#8243;][et_pb_contact_field field_id=&#8220;Name&#8220; field_title=&#8220;Name&#8220; _builder_version=&#8220;4.16&#8243; custom_margin_tablet=&#8220;&#8220; custom_margin_phone=&#8220;||14px||false|false&#8220; custom_margin_last_edited=&#8220;on|phone&#8220; global_colors_info=&#8220;{}&#8220; button_text_size__hover_enabled=&#8220;off&#8220; button_one_text_size__hover_enabled=&#8220;off&#8220; button_two_text_size__hover_enabled=&#8220;off&#8220; button_text_color__hover_enabled=&#8220;off&#8220; button_one_text_color__hover_enabled=&#8220;off&#8220; button_two_text_color__hover_enabled=&#8220;off&#8220; button_border_width__hover_enabled=&#8220;off&#8220; button_one_border_width__hover_enabled=&#8220;off&#8220; button_two_border_width__hover_enabled=&#8220;off&#8220; button_border_color__hover_enabled=&#8220;off&#8220; button_one_border_color__hover_enabled=&#8220;off&#8220; button_two_border_color__hover_enabled=&#8220;off&#8220; button_border_radius__hover_enabled=&#8220;off&#8220; button_one_border_radius__hover_enabled=&#8220;off&#8220; button_two_border_radius__hover_enabled=&#8220;off&#8220; button_letter_spacing__hover_enabled=&#8220;off&#8220; button_one_letter_spacing__hover_enabled=&#8220;off&#8220; button_two_letter_spacing__hover_enabled=&#8220;off&#8220; button_bg_color__hover_enabled=&#8220;off&#8220; button_one_bg_color__hover_enabled=&#8220;off&#8220; button_two_bg_color__hover_enabled=&#8220;off&#8220;][\/et_pb_contact_field][et_pb_contact_field field_id=&#8220;Nachname&#8220; field_title=&#8220;Nachname&#8220; _builder_version=&#8220;4.16&#8243; _module_preset=&#8220;default&#8220; custom_margin_tablet=&#8220;&#8220; custom_margin_phone=&#8220;||14px||false|false&#8220; custom_margin_last_edited=&#8220;on|phone&#8220; global_colors_info=&#8220;{}&#8220;][\/et_pb_contact_field][et_pb_contact_field field_id=&#8220;Email&#8220; field_title=&#8220;E-Mail-Adresse&#8220; field_type=&#8220;email&#8220; _builder_version=&#8220;4.16&#8243; custom_margin_tablet=&#8220;&#8220; custom_margin_phone=&#8220;||14px||false|false&#8220; custom_margin_last_edited=&#8220;on|phone&#8220; global_colors_info=&#8220;{}&#8220; button_text_size__hover_enabled=&#8220;off&#8220; button_one_text_size__hover_enabled=&#8220;off&#8220; button_two_text_size__hover_enabled=&#8220;off&#8220; button_text_color__hover_enabled=&#8220;off&#8220; button_one_text_color__hover_enabled=&#8220;off&#8220; button_two_text_color__hover_enabled=&#8220;off&#8220; button_border_width__hover_enabled=&#8220;off&#8220; button_one_border_width__hover_enabled=&#8220;off&#8220; button_two_border_width__hover_enabled=&#8220;off&#8220; button_border_color__hover_enabled=&#8220;off&#8220; button_one_border_color__hover_enabled=&#8220;off&#8220; button_two_border_color__hover_enabled=&#8220;off&#8220; button_border_radius__hover_enabled=&#8220;off&#8220; button_one_border_radius__hover_enabled=&#8220;off&#8220; button_two_border_radius__hover_enabled=&#8220;off&#8220; button_letter_spacing__hover_enabled=&#8220;off&#8220; button_one_letter_spacing__hover_enabled=&#8220;off&#8220; button_two_letter_spacing__hover_enabled=&#8220;off&#8220; button_bg_color__hover_enabled=&#8220;off&#8220; button_one_bg_color__hover_enabled=&#8220;off&#8220; button_two_bg_color__hover_enabled=&#8220;off&#8220;][\/et_pb_contact_field][et_pb_contact_field field_id=&#8220;Telefonnummer&#8220; field_title=&#8220;Telefonnummer&#8220; _builder_version=&#8220;4.16&#8243; _module_preset=&#8220;default&#8220; custom_margin_tablet=&#8220;&#8220; custom_margin_phone=&#8220;||14px||false|false&#8220; custom_margin_last_edited=&#8220;on|phone&#8220; global_colors_info=&#8220;{}&#8220;][\/et_pb_contact_field][et_pb_contact_field field_id=&#8220;Stra\u00dfe,_Hausnummer&#8220; field_title=&#8220;Stra\u00dfe, Hausnummer&#8220; fullwidth_field=&#8220;on&#8220; _builder_version=&#8220;4.23.4&#8243; _module_preset=&#8220;default&#8220; global_colors_info=&#8220;{}&#8220;][\/et_pb_contact_field][et_pb_contact_field field_id=&#8220;PLZ&#8220; field_title=&#8220;PLZ&#8220; fullwidth_field=&#8220;on&#8220; _builder_version=&#8220;4.23.4&#8243; _module_preset=&#8220;default&#8220; global_colors_info=&#8220;{}&#8220;][\/et_pb_contact_field][et_pb_contact_field field_id=&#8220;Ort&#8220; field_title=&#8220;Ort&#8220; fullwidth_field=&#8220;on&#8220; _builder_version=&#8220;4.23.4&#8243; _module_preset=&#8220;default&#8220; global_colors_info=&#8220;{}&#8220;][\/et_pb_contact_field][et_pb_contact_field field_id=&#8220;Zimmerkategorie&#8220; field_title=&#8220;Zimmerkategorie&#8220; field_type=&#8220;select&#8220; select_options=&#8220;%91{%22value%22:%221 Person im Doppelzimmer | 1.105\u20ac statt 1.270\u20ac pP%22,%22checked%22:0,%22dragID%22:-1},{%22value%22:%22Einzelnutzung Doppelzimmer | 1.270\u20ac statt 1.620\u20ac pP%22,%22checked%22:0,%22dragID%22:0},{%22value%22:%22Mehrbettzimmer | 890\u20ac statt 1.105\u20ac%22,%22checked%22:0,%22dragID%22:1}%93&#8243; fullwidth_field=&#8220;on&#8220; _builder_version=&#8220;4.25.2&#8243; _module_preset=&#8220;default&#8220; global_colors_info=&#8220;{}&#8220;][\/et_pb_contact_field][et_pb_contact_field field_id=&#8220;Message&#8220; field_title=&#8220;Bitte gib hier deine Nachricht und\/oder eventuelle Allergien an.&#8220; field_type=&#8220;text&#8220; fullwidth_field=&#8220;on&#8220; _builder_version=&#8220;4.26.1&#8243; custom_margin_tablet=&#8220;&#8220; custom_margin_phone=&#8220;||14px||false|false&#8220; custom_margin_last_edited=&#8220;on|phone&#8220; hover_enabled=&#8220;0&#8243; global_colors_info=&#8220;{}&#8220; button_text_size__hover_enabled=&#8220;off&#8220; button_one_text_size__hover_enabled=&#8220;off&#8220; button_two_text_size__hover_enabled=&#8220;off&#8220; button_text_color__hover_enabled=&#8220;off&#8220; button_one_text_color__hover_enabled=&#8220;off&#8220; button_two_text_color__hover_enabled=&#8220;off&#8220; button_border_width__hover_enabled=&#8220;off&#8220; button_one_border_width__hover_enabled=&#8220;off&#8220; button_two_border_width__hover_enabled=&#8220;off&#8220; button_border_color__hover_enabled=&#8220;off&#8220; button_one_border_color__hover_enabled=&#8220;off&#8220; button_two_border_color__hover_enabled=&#8220;off&#8220; button_border_radius__hover_enabled=&#8220;off&#8220; button_one_border_radius__hover_enabled=&#8220;off&#8220; button_two_border_radius__hover_enabled=&#8220;off&#8220; button_letter_spacing__hover_enabled=&#8220;off&#8220; button_one_letter_spacing__hover_enabled=&#8220;off&#8220; button_two_letter_spacing__hover_enabled=&#8220;off&#8220; button_bg_color__hover_enabled=&#8220;off&#8220; button_one_bg_color__hover_enabled=&#8220;off&#8220; button_two_bg_color__hover_enabled=&#8220;off&#8220; required_mark=&#8220;off&#8220; sticky_enabled=&#8220;0&#8243;][\/et_pb_contact_field][et_pb_contact_field field_id=&#8220;Best\u00e4tigung_Verbindliche_Anmeldung&#8220; field_title=&#8220; &#8220; field_type=&#8220;checkbox&#8220; checkbox_options=&#8220;%91{%22value%22:%22Hiermit best\u00e4tige ich die verbindliche Anmeldung zum Retreat und die Kenntnisnahme der Stornobedingungen%22,%22checked%22:0,%22dragID%22:-1}%93&#8243; fullwidth_field=&#8220;on&#8220; _builder_version=&#8220;4.16&#8243; _module_preset=&#8220;default&#8220; custom_margin_tablet=&#8220;&#8220; custom_margin_phone=&#8220;||14px||false|false&#8220; custom_margin_last_edited=&#8220;on|phone&#8220; global_colors_info=&#8220;{}&#8220;][\/et_pb_contact_field][et_pb_contact_field field_id=&#8220;Datenschutz&#8220; field_title=&#8220; &#8220; field_type=&#8220;checkbox&#8220; checkbox_options=&#8220;%91{%22value%22:%22Ich akzeptiere die %22,%22checked%22:0,%22dragID%22:-1,%22link_text%22:%22Datenschutzerkl\u00e4rung%22,%22link_url%22:%22www.inti-yoga.de\/datenschutz%22}%93&#8243; fullwidth_field=&#8220;on&#8220; _builder_version=&#8220;4.16&#8243; _module_preset=&#8220;default&#8220; global_colors_info=&#8220;{}&#8220;][\/et_pb_contact_field][et_pb_contact_field field_id=&#8220;Zustimmung_Newsletter&#8220; field_title=&#8220; &#8220; field_type=&#8220;checkbox&#8220; checkbox_options=&#8220;%91{%22value%22:%22 Ich bin damit einverstanden Herzenspost zu weiteren Retreats &#038; Events von Inti Yoga zu erhalten (optional)%22,%22checked%22:0,%22dragID%22:-1}%93&#8243; required_mark=&#8220;off&#8220; fullwidth_field=&#8220;on&#8220; _builder_version=&#8220;4.16&#8243; _module_preset=&#8220;default&#8220; global_colors_info=&#8220;{}&#8220;][\/et_pb_contact_field][\/et_pb_contact_form][\/et_pb_column][\/et_pb_row][\/et_pb_section][et_pb_section fb_built=&#8220;1&#8243; custom_padding_last_edited=&#8220;on|tablet&#8220; _builder_version=&#8220;4.16&#8243; _module_preset=&#8220;default&#8220; background_image=&#8220;https:\/\/inti-yoga.de\/wp-content\/uploads\/2021\/09\/gold.png&#8220; background_size=&#8220;initial&#8220; background_position=&#8220;top_right&#8220; custom_padding_tablet=&#8220;0px||0px||false|false&#8220; custom_padding_phone=&#8220;0px||0px||false|false&#8220; background_last_edited=&#8220;on|tablet&#8220; background_enable_image_tablet=&#8220;off&#8220; global_colors_info=&#8220;{}&#8220;][et_pb_row column_structure=&#8220;1_2,1_2&#8243; _builder_version=&#8220;4.16&#8243; _module_preset=&#8220;default&#8220; global_colors_info=&#8220;{}&#8220;][et_pb_column type=&#8220;1_2&#8243; _builder_version=&#8220;4.16&#8243; _module_preset=&#8220;default&#8220; global_colors_info=&#8220;{}&#8220;][et_pb_toggle title=&#8220;Wie l\u00e4uft die Buchung ab?&#8220; open_toggle_text_color=&#8220;#AE862C&#8220; closed_toggle_background_color=&#8220;RGBA(253,246,211,0.48)&#8220; icon_color=&#8220;#AE862C&#8220; open_icon_color=&#8220;#AE862C&#8220; _builder_version=&#8220;4.16&#8243; _module_preset=&#8220;default&#8220; title_text_color=&#8220;#AE862C&#8220; border_color_all=&#8220;#FDF6D3&#8243; global_colors_info=&#8220;{}&#8220;]<\/p>\n<p>Um dir einen der Pl\u00e4tze zu sichern, f\u00fcllst du das Buchungsformular auf dieser Seite aus. Danach erh\u00e4ltst du eine Email mit deiner Rechnung und einem Welcome-Booklet von uns, indem alle weiteren Schritte stehen und eine Packliste auf dich wartet. Deine Buchung ist erst best\u00e4tigt, sobald der Rereatbetrag auf dem genannten Konto eingegangen ist. Falls du <strong>in Raten zahlen<\/strong> m\u00f6chtest klicke auf den n\u00e4chsten Button.<\/p>\n<p>[\/et_pb_toggle][et_pb_toggle title=&#8220;Kann ich in Raten zahlen?&#8220; open_toggle_text_color=&#8220;#AE862C&#8220; closed_toggle_background_color=&#8220;RGBA(253,246,211,0.48)&#8220; icon_color=&#8220;#AE862C&#8220; open_icon_color=&#8220;#AE862C&#8220; _builder_version=&#8220;4.16&#8243; _module_preset=&#8220;default&#8220; title_text_color=&#8220;#AE862C&#8220; border_color_all=&#8220;#FDF6D3&#8243; global_colors_info=&#8220;{}&#8220;]<\/p>\n<p>Flexible Ratenzahlung ist m\u00f6glich (bis max. 10 Raten). Bitte sei\u00b4 so frei und kontaktiere uns dazu per Email oder WhatsApp und wir finden die perfekte L\u00f6sung f\u00fcr dich.<\/p>\n<p>[\/et_pb_toggle][et_pb_toggle title=&#8220;Muss ich bei allem mitmachen?&#8220; open_toggle_text_color=&#8220;#AE862C&#8220; closed_toggle_background_color=&#8220;RGBA(253,246,211,0.48)&#8220; icon_color=&#8220;#AE862C&#8220; open_icon_color=&#8220;#AE862C&#8220; _builder_version=&#8220;4.16&#8243; _module_preset=&#8220;default&#8220; title_text_color=&#8220;#AE862C&#8220; border_color_all=&#8220;#FDF6D3&#8243; global_colors_info=&#8220;{}&#8220;]<\/p>\n<p>Wir empfehlen dir das Retreat vollstens f\u00fcr dich zu genie\u00dfen. Und zwar auf deine Weise: Wenn dir eher nach Ruhe ist, statt nach Wandertrip, steht dir das frei. Dies gilt f\u00fcr alle Inhalte. Alles kann, nichts muss.<\/p>\n<p>[\/et_pb_toggle][et_pb_toggle title=&#8220;Ern\u00e4hrung, Allergien, etc.&#8220; open_toggle_text_color=&#8220;#AE862C&#8220; closed_toggle_background_color=&#8220;RGBA(253,246,211,0.48)&#8220; icon_color=&#8220;#AE862C&#8220; open_icon_color=&#8220;#AE862C&#8220; _builder_version=&#8220;4.16&#8243; _module_preset=&#8220;default&#8220; title_text_color=&#8220;#AE862C&#8220; border_color_all=&#8220;#FDF6D3&#8243; global_colors_info=&#8220;{}&#8220;]<\/p>\n<p>Alle Speisen &amp; Getr\u00e4nke, die wir in der H\u00fctte genie\u00dfen, werden <strong>vegetarisch<\/strong> sein. Glutenfrei &amp; vegan sind kein Problem:\u00a0Bitte teile uns Allergien, Unvertr\u00e4glichkeiten und ggfs. sonstige wichtige Hinweise bzgl. deiner Ern\u00e4hrung bei deiner Anmeldung mit.<\/p>\n<p>Bitte nimm zur Kenntnis, dass unser Hund Stevie mit dabei sein wird, falls du unter einer Tierhaar-Allergie leidest. Stevie ist von ruhigem gem\u00fct und hat schon so mach eine Teilnehmerin von Hunde-Angst geheilt &lt;3<\/p>\n<p>[\/et_pb_toggle][et_pb_toggle title=&#8220;Kann ich meine\/n Partner\/in mitbringen?&#8220; open_toggle_text_color=&#8220;#AE862C&#8220; closed_toggle_background_color=&#8220;RGBA(253,246,211,0.48)&#8220; icon_color=&#8220;#AE862C&#8220; open_icon_color=&#8220;#AE862C&#8220; _builder_version=&#8220;4.16&#8243; _module_preset=&#8220;default&#8220; title_text_color=&#8220;#AE862C&#8220; border_color_all=&#8220;#FDF6D3&#8243; global_colors_info=&#8220;{}&#8220;]<\/p>\n<p>Die Doppelzimmer sind so gem\u00fctlich und laden f\u00f6rmlich dazu ein, deine\/n Partnerin mitzubringen. Er\/Sie ist herzlich willkommen und kann frei w\u00e4hlen, welche Programmpunkte er\/sie mitmachen m\u00f6chte. Falls dein\/e Partner\/in eher wenig Zugang zu Yoga hat, ist er\/sie vielleicht ja Neugierig auf Breathwork mit Bene oder eine Cacao-Zeremonie und sicher beim wandern dabei. Da alle Angebote zur freien Wahl stehen, \u00e4nderst sich der Preis nicht.<\/p>\n<p>&nbsp;<\/p>\n<p>[\/et_pb_toggle][\/et_pb_column][et_pb_column type=&#8220;1_2&#8243; _builder_version=&#8220;4.16&#8243; _module_preset=&#8220;default&#8220; global_colors_info=&#8220;{}&#8220;][et_pb_toggle title=&#8220;Bis wann kann ich kostenlos stornieren?&#8220; open_toggle_text_color=&#8220;#AE862C&#8220; closed_toggle_background_color=&#8220;RGBA(253,246,211,0.48)&#8220; icon_color=&#8220;#AE862C&#8220; open_icon_color=&#8220;#AE862C&#8220; _builder_version=&#8220;4.24.0&#8243; _module_preset=&#8220;default&#8220; title_text_color=&#8220;#AE862C&#8220; border_color_all=&#8220;#FDF6D3&#8243; global_colors_info=&#8220;{}&#8220;]<\/p>\n<p>Bei Stornierung vor dem 31.05. erh\u00e4ltst du dein Gesamtbetrag abz\u00fcglich einer Bearbeitungsgeb\u00fchr von 150,-\u20ac. Bei Stornierung nach dem 31.05. wird der Betrag einbehalten, deinen Platz kannst du jedoch jederzeit an einen anderen Menschen \u00fcbertragen.<\/p>\n<p>[\/et_pb_toggle][et_pb_toggle title=&#8220;Gibt es sonst noch extra Kosten?&#8220; open_toggle_text_color=&#8220;#AE862C&#8220; closed_toggle_background_color=&#8220;RGBA(253,246,211,0.48)&#8220; icon_color=&#8220;#AE862C&#8220; open_icon_color=&#8220;#AE862C&#8220; _builder_version=&#8220;4.16&#8243; _module_preset=&#8220;default&#8220; title_text_color=&#8220;#AE862C&#8220; border_color_all=&#8220;#FDF6D3&#8243; global_colors_info=&#8220;{}&#8220;]<\/p>\n<p>Nicht inbegriffen sind Anreise und Ausgaben in deiner freien Zeit. Wenn wir wandern gehen kannst du dir beim Fr\u00fchst\u00fccksbuffet ein wunderbares Lunch-Paket nach deinem Gusto vorbereiten, welche nat\u00fcrlich im Retreatpreis enthalten ist.\u00a0<\/p>\n<p>[\/et_pb_toggle][et_pb_toggle title=&#8220;Wie funktioniert die Zimmeraufteilung?&#8220; open_toggle_text_color=&#8220;#AE862C&#8220; closed_toggle_background_color=&#8220;RGBA(253,246,211,0.48)&#8220; icon_color=&#8220;#AE862C&#8220; open_icon_color=&#8220;#AE862C&#8220; _builder_version=&#8220;4.16&#8243; _module_preset=&#8220;default&#8220; title_text_color=&#8220;#AE862C&#8220; border_color_all=&#8220;#FDF6D3&#8243; global_colors_info=&#8220;{}&#8220;]<\/p>\n<p>First come first serve: Bei deiner Anmeldung w\u00e4hlst du deine Zimmerkategorie aus.\u00a0<\/p>\n<p>Insgesammt verf\u00fcgt die H\u00fctte \u00fcber 7 DZ und ein Matratzenlager im Dachgescho\u00df mit 10 Schlafpl\u00e4tzen. Es werden 3 Einzelzimmer vergeben.<\/p>\n<p>[\/et_pb_toggle][et_pb_toggle title=&#8220;Wann und wie kann ich anreisen? &#8220; open_toggle_text_color=&#8220;#AE862C&#8220; closed_toggle_background_color=&#8220;RGBA(253,246,211,0.48)&#8220; icon_color=&#8220;#AE862C&#8220; open_icon_color=&#8220;#AE862C&#8220; _builder_version=&#8220;4.16&#8243; _module_preset=&#8220;default&#8220; title_text_color=&#8220;#AE862C&#8220; border_color_all=&#8220;#FDF6D3&#8243; global_colors_info=&#8220;{}&#8220;]<\/p>\n<p>Die Anreise erfolgt eigenst\u00e4ndig (z.B. 2 Std. von M\u00fcnchen mit dem Auto). Check-In ist ab 14:00 Uhr. Wir starten mit einem gemeinsamen Snack. Das Programm beginnt um 16:00 Uhr.<\/p>\n<p>\u00a0Die genaue Adresse erh\u00e4ltst du nach Buchung.<\/p>\n<p>\u00a0<span>Alle mit dem Zug anreisenden Menschen k\u00f6nnen entweder den\u00a0<\/span><strong>Bahnhof Kempten<\/strong><span>\u00a0(12 km, Taxiverbindung),\u00a0<\/span><strong>Immenstadt<\/strong><span>\u00a0(10 km, Taxiverbindung) oder\u00a0<\/span><strong>Martinszell<\/strong><span>\u00a0(ca. 4 km, n\u00e4chstgelegen M\u00f6glichkeit ohne Taxiverbindung) ansteuern.<\/span><\/p>\n<p>[\/et_pb_toggle][\/et_pb_column][\/et_pb_row][\/et_pb_section][et_pb_section fb_built=&#8220;1&#8243; _builder_version=&#8220;4.16&#8243; _module_preset=&#8220;default&#8220; custom_padding=&#8220;16px||4px|||&#8220; global_colors_info=&#8220;{}&#8220;][et_pb_row _builder_version=&#8220;4.16&#8243; _module_preset=&#8220;default&#8220; custom_padding=&#8220;21px||16px|||&#8220; global_colors_info=&#8220;{}&#8220;][et_pb_column type=&#8220;4_4&#8243; _builder_version=&#8220;4.16&#8243; _module_preset=&#8220;default&#8220; global_colors_info=&#8220;{}&#8220;][dnxte_button button_text=&#8220;Ich bin dabei &#8220; button_link=&#8220;#reservierung&#8220; _builder_version=&#8220;4.16&#8243; _module_preset=&#8220;default&#8220; global_colors_info=&#8220;{}&#8220;][\/dnxte_button][et_pb_text _builder_version=&#8220;4.16&#8243; _module_preset=&#8220;default&#8220; text_text_color=&#8220;#E2C3B7&#8243; text_line_height=&#8220;1em&#8220; header_text_color=&#8220;#E2C3B7&#8243; header_font_size=&#8220;33px&#8220; header_line_height=&#8220;2em&#8220; global_colors_info=&#8220;{}&#8220;]<\/p>\n<p>Wir freuen uns sehr auf dich,<\/p>\n<p>[\/et_pb_text][et_pb_text _builder_version=&#8220;4.16&#8243; _module_preset=&#8220;default&#8220; text_font=&#8220;Just Sunday|300|||||||&#8220; text_text_color=&#8220;#A46462&#8243; text_font_size=&#8220;36px&#8220; text_line_height=&#8220;1em&#8220; global_colors_info=&#8220;{}&#8220;]<\/p>\n<p>\u200b Love, Jessy &amp; Bene \u2665<\/p>\n<p>[\/et_pb_text][\/et_pb_column][\/et_pb_row][\/et_pb_section][et_pb_section fb_built=&#8220;1&#8243; _builder_version=&#8220;4.18.0&#8243; _module_preset=&#8220;default&#8220; use_background_color_gradient=&#8220;on&#8220; background_color_gradient_direction=&#8220;179deg&#8220; background_color_gradient_stops=&#8220;#ffffff 0%|rgba(255,255,255,0) 100%&#8220; background_color_gradient_overlays_image=&#8220;on&#8220; background_enable_image=&#8220;off&#8220; min_height=&#8220;423.7px&#8220; custom_margin=&#8220;13px||-64px|||&#8220; custom_padding=&#8220;0px||52px|||&#8220; bottom_divider_style=&#8220;wave2&#8243; bottom_divider_color=&#8220;RGBA(255,255,255,0)&#8220; locked=&#8220;off&#8220; global_colors_info=&#8220;{}&#8220;][et_pb_row _builder_version=&#8220;4.17.4&#8243; _module_preset=&#8220;default&#8220; global_colors_info=&#8220;{}&#8220;][et_pb_column type=&#8220;4_4&#8243; _builder_version=&#8220;4.17.4&#8243; _module_preset=&#8220;default&#8220; global_colors_info=&#8220;{}&#8220;][et_pb_text _builder_version=&#8220;4.24.0&#8243; _module_preset=&#8220;default&#8220; text_text_color=&#8220;#E2C3B7&#8243; text_line_height=&#8220;1em&#8220; header_text_color=&#8220;#E2C3B7&#8243; header_font_size=&#8220;33px&#8220; header_line_height=&#8220;2em&#8220; global_colors_info=&#8220;{}&#8220;]<\/p>\n<h2><span style=\"color: #333333;\">Fehlt dir noch eine Information oder hast du Fragen?<\/span><\/h2>\n<p>[\/et_pb_text][et_pb_text _builder_version=&#8220;4.18.0&#8243; _module_preset=&#8220;default&#8220; text_font=&#8220;Just Sunday|300|||||||&#8220; text_text_color=&#8220;#A46462&#8243; text_font_size=&#8220;36px&#8220; text_line_height=&#8220;1em&#8220; text_line_height_tablet=&#8220;1em&#8220; text_line_height_phone=&#8220;1.7em&#8220; text_line_height_last_edited=&#8220;on|phone&#8220; header_line_height_tablet=&#8220;&#8220; header_line_height_phone=&#8220;1em&#8220; header_line_height_last_edited=&#8220;on|phone&#8220; global_colors_info=&#8220;{}&#8220;]<\/p>\n<p>Schreib\u00b4 uns gerne via WhatsApp oder E-Mail:<\/p>\n<p>[\/et_pb_text][\/et_pb_column][\/et_pb_row][et_pb_row _builder_version=&#8220;4.18.0&#8243; _module_preset=&#8220;default&#8220; global_colors_info=&#8220;{}&#8220;][et_pb_column type=&#8220;4_4&#8243; _builder_version=&#8220;4.18.0&#8243; _module_preset=&#8220;default&#8220; global_colors_info=&#8220;{}&#8220;][et_pb_icon font_icon=&#8220;&#xf232;||fa||400&#8243; icon_color=&#8220;#A5D5AC&#8220; icon_width=&#8220;122px&#8220; url=&#8220;https:\/\/wa.me\/4917655025281&#8243; _builder_version=&#8220;4.24.0&#8243; _module_preset=&#8220;default&#8220; background_enable_color=&#8220;off&#8220; transform_translate_linked=&#8220;off&#8220; custom_padding=&#8220;10px|10px|10px|10px|false|false&#8220; border_radii=&#8220;on|30px|30px|30px|30px&#8220; global_colors_info=&#8220;{}&#8220;][\/et_pb_icon][et_pb_icon font_icon=&#8220;&#xe010;||divi||400&#8243; url=&#8220;https:\/\/inti-yoga.de\/kontakt\/&#8220; _builder_version=&#8220;4.18.0&#8243; _module_preset=&#8220;default&#8220; global_colors_info=&#8220;{}&#8220;][\/et_pb_icon][\/et_pb_column][\/et_pb_row][\/et_pb_section][et_pb_section fb_built=&#8220;1&#8243; prev_background_color=&#8220;#ffffff&#8220; next_background_color=&#8220;#ffffff&#8220; _builder_version=&#8220;4.24.0&#8243; _module_preset=&#8220;default&#8220; use_background_color_gradient=&#8220;on&#8220; background_color_gradient_direction=&#8220;121deg&#8220; background_color_gradient_stops=&#8220;#ffffff 48%|rgba(0,0,0,0) 100%&#8220; background_color_gradient_overlays_image=&#8220;on&#8220; background_color_gradient_start=&#8220;#ffffff&#8220; background_color_gradient_start_position=&#8220;48%&#8220; background_color_gradient_end=&#8220;rgba(0,0,0,0)&#8220; background_image=&#8220;https:\/\/inti-yoga.de\/wp-content\/uploads\/2021\/12\/yogaretreat.jpg&#8220; background_size=&#8220;contain&#8220; background_position=&#8220;bottom_right&#8220; width=&#8220;100%&#8220; max_width=&#8220;100%&#8220; height_tablet=&#8220;&#8220; height_phone=&#8220;&#8220; height_last_edited=&#8220;on|tablet&#8220; custom_padding=&#8220;29px|||||&#8220; top_divider_style=&#8220;wave2&#8243; bottom_divider_style=&#8220;wave2&#8243; bottom_divider_height=&#8220;40px&#8220; bottom_divider_flip=&#8220;horizontal&#8220; background_last_edited=&#8220;on|tablet&#8220; background_color_gradient_direction_tablet=&#8220;177deg&#8220; background_color_gradient_stops_tablet=&#8220;#ffffff 39%|rgba(0,0,0,0) 100%&#8220; background_color_gradient_stops_phone=&#8220;#ffffff 74%|rgba(0,0,0,0) 100%&#8220; background_color_gradient_start_position_tablet=&#8220;39%&#8220; background_color_gradient_start_position_phone=&#8220;74%&#8220; background_color_gradient_end_position_tablet=&#8220;100%&#8220; background_image_tablet=&#8220;https:\/\/inti-yoga.de\/wp-content\/uploads\/2021\/12\/DSC_4449.jpg&#8220; background_enable_image_tablet=&#8220;on&#8220; parallax_phone=&#8220;off&#8220; background_size_tablet=&#8220;contain&#8220; background_size_phone=&#8220;contain&#8220; background_position_tablet=&#8220;center_left&#8220; background_position_phone=&#8220;bottom_left&#8220; background_vertical_offset_phone=&#8220;-5%&#8220; module_alignment_tablet=&#8220;&#8220; module_alignment_phone=&#8220;&#8220; module_alignment_last_edited=&#8220;on|tablet&#8220; global_colors_info=&#8220;{}&#8220;][et_pb_row column_structure=&#8220;1_2,1_2&#8243; _builder_version=&#8220;4.16&#8243; _module_preset=&#8220;default&#8220; height_tablet=&#8220;auto&#8220; height_phone=&#8220;auto&#8220; height_last_edited=&#8220;on|tablet&#8220; global_colors_info=&#8220;{}&#8220;][et_pb_column type=&#8220;1_2&#8243; _builder_version=&#8220;4.16&#8243; _module_preset=&#8220;default&#8220; global_colors_info=&#8220;{}&#8220;][et_pb_text _builder_version=&#8220;4.16&#8243; _module_preset=&#8220;default&#8220; custom_margin_tablet=&#8220;||581px||false|false&#8220; custom_margin_phone=&#8220;||38px||false|false&#8220; custom_margin_last_edited=&#8220;on|tablet&#8220; inline_fonts=&#8220;Just Sunday&#8220; global_colors_info=&#8220;{}&#8220;]<\/p>\n<h2>wir glauben zutiefst<\/h2>\n<h2>an eine friedvolle Welt<\/h2>\n<p>Universelle Harmonie und ein starkes Vertrauen ins Leben beginnt IN uns. Deshalb besteht die Essenz unseres Wirkens darin, dir Wege in dein individuelles Leuchten vorzuschlagen. Wege, die du gen\u00fcsslich &amp; alltagsnah gehen kannst. Sodass dein Leuchten zum Strahlen kommt und du dir mehr und mehr erlaubst dein grenzenloses Potenzial in Freude und Leichtigkeit zu leben. Denn das ist wahre INNERE Freiheit.<\/p>\n<p>Wir schaffen einen Yoga-basierten Rahmen f\u00fcr pers\u00f6nliches Wachstum mit Elementen aus der Yogaphilosophie, Pers\u00f6nlichkeitsentwicklung, Schamanismus, Breathwork und unseren eigenen Erfahrungen.<\/p>\n<p>Als Paar bewegen wir uns durch die Welt der modernen und alltagsnahen Spiritualit\u00e4t. Am liebsten gemeinsam mit dir.<\/p>\n<p><span style=\"font-family: 'Just Sunday'; font-weight: normal; font-size: xx-large; color: #a46462;\">Von unseren Herzen zu deinem, <\/span><span style=\"font-family: 'Just Sunday'; font-weight: normal; font-size: xx-large; color: #a46462;\">Jessy &amp; Bene<\/span><\/p>\n<p>[\/et_pb_text][\/et_pb_column][et_pb_column type=&#8220;1_2&#8243; _builder_version=&#8220;4.16&#8243; _module_preset=&#8220;default&#8220; global_colors_info=&#8220;{}&#8220;][\/et_pb_column][\/et_pb_row][\/et_pb_section][et_pb_section fb_built=&#8220;1&#8243; module_id=&#8220;reservierung&#8220; _builder_version=&#8220;4.16&#8243; _module_preset=&#8220;default&#8220; custom_margin=&#8220;3px|||||&#8220; custom_padding=&#8220;12px||16px|||&#8220; locked=&#8220;off&#8220; global_colors_info=&#8220;{}&#8220;][et_pb_row _builder_version=&#8220;4.16&#8243; _module_preset=&#8220;default&#8220; custom_padding=&#8220;9px||15px|||&#8220; global_colors_info=&#8220;{}&#8220;][et_pb_column type=&#8220;4_4&#8243; _builder_version=&#8220;4.16&#8243; _module_preset=&#8220;default&#8220; global_colors_info=&#8220;{}&#8220;][et_pb_image src=&#8220;https:\/\/inti-yoga.de\/wp-content\/uploads\/2021\/10\/Logo_Inti_vergoldet_transparent_Schrift.png&#8220; alt=&#8220;Inti Yoga Studio Logo&#8220; url=&#8220;http:\/\/www.inti-yoga.de&#8220; url_new_window=&#8220;on&#8220; align=&#8220;center&#8220; align_tablet=&#8220;center&#8220; align_phone=&#8220;center&#8220; align_last_edited=&#8220;on|tablet&#8220; disabled_on=&#8220;on|on|off&#8220; _builder_version=&#8220;4.24.0&#8243; _module_preset=&#8220;default&#8220; transform_scale_tablet=&#8220;&#8220; transform_scale_phone=&#8220;50%|50%&#8220; transform_scale_last_edited=&#8220;on|phone&#8220; transform_translate_tablet=&#8220;&#8220; transform_translate_phone=&#8220;&#8220; transform_translate_last_edited=&#8220;on|phone&#8220; transform_rotate_tablet=&#8220;&#8220; transform_rotate_phone=&#8220;&#8220; transform_rotate_last_edited=&#8220;on|phone&#8220; transform_skew_tablet=&#8220;&#8220; transform_skew_phone=&#8220;&#8220; transform_skew_last_edited=&#8220;on|phone&#8220; transform_origin_tablet=&#8220;&#8220; transform_origin_phone=&#8220;&#8220; transform_origin_last_edited=&#8220;on|phone&#8220; transform_styles_last_edited=&#8220;on|phone&#8220; custom_margin_tablet=&#8220;|||0px|false|false&#8220; custom_margin_phone=&#8220;|||0px|false|false&#8220; custom_margin_last_edited=&#8220;on|tablet&#8220; transform_styles_tablet=&#8220;&#8220; transform_styles_phone=&#8220;&#8220; locked=&#8220;off&#8220; global_colors_info=&#8220;{}&#8220;][\/et_pb_image][et_pb_text _builder_version=&#8220;4.16&#8243; _module_preset=&#8220;9222b40f-46e0-43a7-8925-36ed0b91a65c&#8220; text_text_color=&#8220;#FFFFFF&#8220; link_font=&#8220;Quicksand|300||||on|||&#8220; link_text_align=&#8220;center&#8220; link_text_color=&#8220;#7A9B76&#8243; custom_margin=&#8220;||2px|||&#8220; global_colors_info=&#8220;{}&#8220;]<\/p>\n<p><a href=\"http:\/\/www.inti-yoga.de\/impressum\" target=\"_blank\" rel=\"noopener\">Impressum<\/a> \u0399 <a href=\"http:\/\/www.inti-yoga.de\/datenschutz\" target=\"_blank\" rel=\"noopener\">Datenschutz<\/a> \u0399 <a href=\"http:\/\/www.inti-yoga.de\/newsletter\" target=\"_blank\" rel=\"noopener\">Newsletter<\/a><\/p>\n<p>[\/et_pb_text][et_pb_text _builder_version=&#8220;4.19.4&#8243; _module_preset=&#8220;9222b40f-46e0-43a7-8925-36ed0b91a65c&#8220; text_text_color=&#8220;#E2C3B7&#8243; text_font_size=&#8220;16px&#8220; link_font=&#8220;Quicksand|300||||on|||&#8220; link_text_align=&#8220;center&#8220; link_text_color=&#8220;#E2C3B7&#8243; global_colors_info=&#8220;{}&#8220;]<\/p>\n<p>designed with \u2665 by Jessy<\/p>\n<p>[\/et_pb_text][\/et_pb_column][\/et_pb_row][\/et_pb_section][et_pb_section fb_built=&#8220;1&#8243; disabled_on=&#8220;on|on|on&#8220; module_id=&#8220;reservierung&#8220; _builder_version=&#8220;4.16&#8243; _module_preset=&#8220;default&#8220; custom_margin=&#8220;3px|||||&#8220; custom_padding=&#8220;12px||16px|||&#8220; disabled=&#8220;on&#8220; global_colors_info=&#8220;{}&#8220;][et_pb_row _builder_version=&#8220;4.17.4&#8243; _module_preset=&#8220;default&#8220; global_colors_info=&#8220;{}&#8220;][et_pb_column type=&#8220;4_4&#8243; _builder_version=&#8220;4.17.4&#8243; _module_preset=&#8220;default&#8220; global_colors_info=&#8220;{}&#8220;][et_pb_blurb title=&#8220;Silvester Retreat&#8220; url=&#8220;https:\/\/inti-yoga.de\/silvester-yoga-retreat-portugal-2&#8243; url_new_window=&#8220;on&#8220; image=&#8220;https:\/\/inti-yoga.de\/wp-content\/uploads\/2022\/07\/CANVA-DESIGN.png&#8220; alt=&#8220;Silvester Retreat 2022&#8243; _builder_version=&#8220;4.19.4&#8243; _module_preset=&#8220;default&#8220; custom_padding=&#8220;||0px|||&#8220; global_colors_info=&#8220;{}&#8220;]<\/p>\n<p>28.12.24-02.01.2025 | S\u00fcd-Portugal<\/p>\n<p>Yoga | Breathwork | Sound | Dance uvm.<\/p>\n<p>[\/et_pb_blurb][et_pb_button button_url=&#8220;https:\/\/inti-yoga.de\/silvester-yoga-retreat-portugal-2&#8243; url_new_window=&#8220;on&#8220; button_text=&#8220;jetzt entdecken&#8220; _builder_version=&#8220;4.19.4&#8243; _module_preset=&#8220;default&#8220; global_colors_info=&#8220;{}&#8220;][\/et_pb_button][\/et_pb_column][\/et_pb_row][\/et_pb_section]<\/p>\n","protected":false},"excerpt":{"rendered":"<p>\u263c Lo m\u00e1s destacado del verano en Inti Yoga \u263c<div class=\"et_pb_module dnxte_multi_heading dnxte_multi_heading_0\">\n\t\t\t\t\n\t\t\t\t\n\t\t\t\t\n\t\t\t\t\n\t\t\t\t\n\t\t\t\t\n\t\t\t\t<div class=\"et_pb_module_inner\">\n\t\t\t\t\t<div class=\"wrapper\"><h1 class='header-level'><span class=\"dnxt-text-one\"><span class=\"dnxt-gradient-text-color-1\">\"Monta\u00f1a<\/span><\/span><span class=\"dnxt-text-two\"><span class=\"dnxt-gradient-text-color-2\">\"Yoga<\/span><\/span><span class=\"dnxt-text-three\"><span class=\"dnxt-gradient-text-color-3\">&#8220;31.<\/span><\/span><\/h1><\/div>\n\t\t\t\t<\/div>\n\t\t\t<\/div><\/p>","protected":false},"author":1,"featured_media":261149,"parent":0,"menu_order":0,"comment_status":"closed","ping_status":"closed","template":"page-template-blank.php","meta":{"_et_pb_use_builder":"on","_et_pb_old_content":"","_et_gb_content_width":"","footnotes":""},"class_list":["post-260172","page","type-page","status-publish","has-post-thumbnail","hentry"],"yoast_head":"<!-- This site is optimized with the Yoast SEO Premium plugin v19.0 (Yoast SEO v27.5) - https:\/\/yoast.com\/product\/yoast-seo-premium-wordpress\/ -->\n<title>\u0950 Elements - YOGA Retreat in Bayern | Allg\u00e4u, Alpen, August 2024<\/title>\n<meta name=\"description\" content=\"Yoga Retreat in den Bergen, Bayern, August 2024 - Die Magie des Allg\u00e4u beim Wandern einatmen, dich mit dir &amp; der Natur verbinden. Yoga Urlaub\" \/>\n<meta name=\"robots\" content=\"index, follow, max-snippet:-1, max-image-preview:large, max-video-preview:-1\" \/>\n<link rel=\"canonical\" href=\"https:\/\/inti-yoga.de\/es\/yoga-retreat-bayern-alpen\/\" \/>\n<meta property=\"og:locale\" content=\"es_ES\" \/>\n<meta property=\"og:type\" content=\"article\" \/>\n<meta property=\"og:title\" content=\"Mountain Magic YOGA Retreat in Bayern \u00b4| Alpen Allg\u00e4u August 2024\" \/>\n<meta property=\"og:description\" content=\"Yoga Retreat in den Bergen, Bayern, August 2024 - Die Magie des Allg\u00e4u beim Wandern einatmen, dich mit dir &amp; der Natur verbinden. Yoga Urlaub\" \/>\n<meta property=\"og:url\" content=\"https:\/\/inti-yoga.de\/es\/yoga-retreat-bayern-alpen\/\" \/>\n<meta property=\"og:site_name\" content=\"inti-yoga.de\" \/>\n<meta property=\"article:publisher\" content=\"https:\/\/www.facebook.com\/jessyintiyoga\" \/>\n<meta property=\"article:modified_time\" content=\"2024-07-14T13:30:29+00:00\" \/>\n<meta property=\"og:image\" content=\"https:\/\/inti-yoga.de\/wp-content\/uploads\/2022\/05\/BY1A7379-1-scaled-e1670273143905.jpg\" \/>\n\t<meta property=\"og:image:width\" content=\"1693\" \/>\n\t<meta property=\"og:image:height\" content=\"1353\" \/>\n\t<meta property=\"og:image:type\" content=\"image\/jpeg\" \/>\n<meta name=\"twitter:card\" content=\"summary_large_image\" \/>\n<meta name=\"twitter:label1\" content=\"Tiempo de lectura\" \/>\n\t<meta name=\"twitter:data1\" content=\"19 minutos\" \/>\n<script type=\"application\/ld+json\" class=\"yoast-schema-graph\">{\"@context\":\"https:\\\/\\\/schema.org\",\"@graph\":[{\"@type\":\"WebPage\",\"@id\":\"https:\\\/\\\/inti-yoga.de\\\/yoga-retreat-bayern-alpen\\\/\",\"url\":\"https:\\\/\\\/inti-yoga.de\\\/yoga-retreat-bayern-alpen\\\/\",\"name\":\"\u0950 Elements - YOGA Retreat in Bayern | Allg\u00e4u, Alpen, August 2024\",\"isPartOf\":{\"@id\":\"https:\\\/\\\/inti-yoga.de\\\/#website\"},\"primaryImageOfPage\":{\"@id\":\"https:\\\/\\\/inti-yoga.de\\\/yoga-retreat-bayern-alpen\\\/#primaryimage\"},\"image\":{\"@id\":\"https:\\\/\\\/inti-yoga.de\\\/yoga-retreat-bayern-alpen\\\/#primaryimage\"},\"thumbnailUrl\":\"https:\\\/\\\/inti-yoga.de\\\/wp-content\\\/uploads\\\/2022\\\/05\\\/BY1A7379-1-scaled-e1670273143905.jpg\",\"datePublished\":\"2021-12-26T20:10:39+00:00\",\"dateModified\":\"2024-07-14T13:30:29+00:00\",\"description\":\"Yoga Retreat in den Bergen, Bayern, August 2024 - Die Magie des Allg\u00e4u beim Wandern einatmen, dich mit dir & der Natur verbinden. Yoga Urlaub\",\"breadcrumb\":{\"@id\":\"https:\\\/\\\/inti-yoga.de\\\/yoga-retreat-bayern-alpen\\\/#breadcrumb\"},\"inLanguage\":\"es\",\"potentialAction\":[{\"@type\":\"ReadAction\",\"target\":[\"https:\\\/\\\/inti-yoga.de\\\/yoga-retreat-bayern-alpen\\\/\"]}]},{\"@type\":\"ImageObject\",\"inLanguage\":\"es\",\"@id\":\"https:\\\/\\\/inti-yoga.de\\\/yoga-retreat-bayern-alpen\\\/#primaryimage\",\"url\":\"https:\\\/\\\/inti-yoga.de\\\/wp-content\\\/uploads\\\/2022\\\/05\\\/BY1A7379-1-scaled-e1670273143905.jpg\",\"contentUrl\":\"https:\\\/\\\/inti-yoga.de\\\/wp-content\\\/uploads\\\/2022\\\/05\\\/BY1A7379-1-scaled-e1670273143905.jpg\",\"width\":1693,\"height\":1353},{\"@type\":\"BreadcrumbList\",\"@id\":\"https:\\\/\\\/inti-yoga.de\\\/yoga-retreat-bayern-alpen\\\/#breadcrumb\",\"itemListElement\":[{\"@type\":\"ListItem\",\"position\":1,\"name\":\"Startseite\",\"item\":\"https:\\\/\\\/inti-yoga.de\\\/\"},{\"@type\":\"ListItem\",\"position\":2,\"name\":\"Mountain Magic YOGA Retreat in Bayern \u00b4| Alpen Allg\u00e4u August 2024\"}]},{\"@type\":\"WebSite\",\"@id\":\"https:\\\/\\\/inti-yoga.de\\\/#website\",\"url\":\"https:\\\/\\\/inti-yoga.de\\\/\",\"name\":\"inti-yoga.de\",\"description\":\"Yoga und Pers\u00f6nlichkeitsentfaltung\",\"publisher\":{\"@id\":\"https:\\\/\\\/inti-yoga.de\\\/#organization\"},\"potentialAction\":[{\"@type\":\"SearchAction\",\"target\":{\"@type\":\"EntryPoint\",\"urlTemplate\":\"https:\\\/\\\/inti-yoga.de\\\/?s={search_term_string}\"},\"query-input\":{\"@type\":\"PropertyValueSpecification\",\"valueRequired\":true,\"valueName\":\"search_term_string\"}}],\"inLanguage\":\"es\"},{\"@type\":\"Organization\",\"@id\":\"https:\\\/\\\/inti-yoga.de\\\/#organization\",\"name\":\"INTI Yoga\",\"url\":\"https:\\\/\\\/inti-yoga.de\\\/\",\"logo\":{\"@type\":\"ImageObject\",\"inLanguage\":\"es\",\"@id\":\"https:\\\/\\\/inti-yoga.de\\\/#\\\/schema\\\/logo\\\/image\\\/\",\"url\":\"https:\\\/\\\/inti-yoga.de\\\/wp-content\\\/uploads\\\/2021\\\/10\\\/cropped-Logo_Inti_vergoldet_transparent_Schrift.png\",\"contentUrl\":\"https:\\\/\\\/inti-yoga.de\\\/wp-content\\\/uploads\\\/2021\\\/10\\\/cropped-Logo_Inti_vergoldet_transparent_Schrift.png\",\"width\":512,\"height\":512,\"caption\":\"INTI Yoga\"},\"image\":{\"@id\":\"https:\\\/\\\/inti-yoga.de\\\/#\\\/schema\\\/logo\\\/image\\\/\"},\"sameAs\":[\"https:\\\/\\\/www.facebook.com\\\/jessyintiyoga\",\"https:\\\/\\\/www.instagram.com\\\/jessy_inti_yoga\\\/\"]}]}<\/script>\n<!-- \/ Yoast SEO Premium plugin. -->","yoast_head_json":{"title":"\u0950 Elements - YOGA Retreat in Bayern | Allg\u00e4u, Alpen, August 2024","description":"Yoga Retreat in den Bergen, Bayern, August 2024 - Die Magie des Allg\u00e4u beim Wandern einatmen, dich mit dir & der Natur verbinden. Yoga Urlaub","robots":{"index":"index","follow":"follow","max-snippet":"max-snippet:-1","max-image-preview":"max-image-preview:large","max-video-preview":"max-video-preview:-1"},"canonical":"https:\/\/inti-yoga.de\/es\/yoga-retreat-bayern-alpen\/","og_locale":"es_ES","og_type":"article","og_title":"Mountain Magic YOGA Retreat in Bayern \u00b4| Alpen Allg\u00e4u August 2024","og_description":"Yoga Retreat in den Bergen, Bayern, August 2024 - Die Magie des Allg\u00e4u beim Wandern einatmen, dich mit dir & der Natur verbinden. Yoga Urlaub","og_url":"https:\/\/inti-yoga.de\/es\/yoga-retreat-bayern-alpen\/","og_site_name":"inti-yoga.de","article_publisher":"https:\/\/www.facebook.com\/jessyintiyoga","article_modified_time":"2024-07-14T13:30:29+00:00","og_image":[{"width":1693,"height":1353,"url":"https:\/\/inti-yoga.de\/wp-content\/uploads\/2022\/05\/BY1A7379-1-scaled-e1670273143905.jpg","type":"image\/jpeg"}],"twitter_card":"summary_large_image","twitter_misc":{"Tiempo de lectura":"19 minutos"},"schema":{"@context":"https:\/\/schema.org","@graph":[{"@type":"WebPage","@id":"https:\/\/inti-yoga.de\/yoga-retreat-bayern-alpen\/","url":"https:\/\/inti-yoga.de\/yoga-retreat-bayern-alpen\/","name":"\u0950 Elements - YOGA Retreat in Bayern | Allg\u00e4u, Alpen, August 2024","isPartOf":{"@id":"https:\/\/inti-yoga.de\/#website"},"primaryImageOfPage":{"@id":"https:\/\/inti-yoga.de\/yoga-retreat-bayern-alpen\/#primaryimage"},"image":{"@id":"https:\/\/inti-yoga.de\/yoga-retreat-bayern-alpen\/#primaryimage"},"thumbnailUrl":"https:\/\/inti-yoga.de\/wp-content\/uploads\/2022\/05\/BY1A7379-1-scaled-e1670273143905.jpg","datePublished":"2021-12-26T20:10:39+00:00","dateModified":"2024-07-14T13:30:29+00:00","description":"Yoga Retreat in den Bergen, Bayern, August 2024 - Die Magie des Allg\u00e4u beim Wandern einatmen, dich mit dir & der Natur verbinden. Yoga Urlaub","breadcrumb":{"@id":"https:\/\/inti-yoga.de\/yoga-retreat-bayern-alpen\/#breadcrumb"},"inLanguage":"es","potentialAction":[{"@type":"ReadAction","target":["https:\/\/inti-yoga.de\/yoga-retreat-bayern-alpen\/"]}]},{"@type":"ImageObject","inLanguage":"es","@id":"https:\/\/inti-yoga.de\/yoga-retreat-bayern-alpen\/#primaryimage","url":"https:\/\/inti-yoga.de\/wp-content\/uploads\/2022\/05\/BY1A7379-1-scaled-e1670273143905.jpg","contentUrl":"https:\/\/inti-yoga.de\/wp-content\/uploads\/2022\/05\/BY1A7379-1-scaled-e1670273143905.jpg","width":1693,"height":1353},{"@type":"BreadcrumbList","@id":"https:\/\/inti-yoga.de\/yoga-retreat-bayern-alpen\/#breadcrumb","itemListElement":[{"@type":"ListItem","position":1,"name":"Startseite","item":"https:\/\/inti-yoga.de\/"},{"@type":"ListItem","position":2,"name":"Mountain Magic YOGA Retreat in Bayern \u00b4| Alpen Allg\u00e4u August 2024"}]},{"@type":"WebSite","@id":"https:\/\/inti-yoga.de\/#website","url":"https:\/\/inti-yoga.de\/","name":"inti-yoga.com","description":"Yoga y desarrollo de la personalidad","publisher":{"@id":"https:\/\/inti-yoga.de\/#organization"},"potentialAction":[{"@type":"SearchAction","target":{"@type":"EntryPoint","urlTemplate":"https:\/\/inti-yoga.de\/?s={search_term_string}"},"query-input":{"@type":"PropertyValueSpecification","valueRequired":true,"valueName":"search_term_string"}}],"inLanguage":"es"},{"@type":"Organization","@id":"https:\/\/inti-yoga.de\/#organization","name":"INTI Yoga","url":"https:\/\/inti-yoga.de\/","logo":{"@type":"ImageObject","inLanguage":"es","@id":"https:\/\/inti-yoga.de\/#\/schema\/logo\/image\/","url":"https:\/\/inti-yoga.de\/wp-content\/uploads\/2021\/10\/cropped-Logo_Inti_vergoldet_transparent_Schrift.png","contentUrl":"https:\/\/inti-yoga.de\/wp-content\/uploads\/2021\/10\/cropped-Logo_Inti_vergoldet_transparent_Schrift.png","width":512,"height":512,"caption":"INTI Yoga"},"image":{"@id":"https:\/\/inti-yoga.de\/#\/schema\/logo\/image\/"},"sameAs":["https:\/\/www.facebook.com\/jessyintiyoga","https:\/\/www.instagram.com\/jessy_inti_yoga\/"]}]}},"jetpack_sharing_enabled":true,"_links":{"self":[{"href":"https:\/\/inti-yoga.de\/es\/wp-json\/wp\/v2\/pages\/260172","targetHints":{"allow":["GET"]}}],"collection":[{"href":"https:\/\/inti-yoga.de\/es\/wp-json\/wp\/v2\/pages"}],"about":[{"href":"https:\/\/inti-yoga.de\/es\/wp-json\/wp\/v2\/types\/page"}],"author":[{"embeddable":true,"href":"https:\/\/inti-yoga.de\/es\/wp-json\/wp\/v2\/users\/1"}],"replies":[{"embeddable":true,"href":"https:\/\/inti-yoga.de\/es\/wp-json\/wp\/v2\/comments?post=260172"}],"version-history":[{"count":0,"href":"https:\/\/inti-yoga.de\/es\/wp-json\/wp\/v2\/pages\/260172\/revisions"}],"wp:featuredmedia":[{"embeddable":true,"href":"https:\/\/inti-yoga.de\/es\/wp-json\/wp\/v2\/media\/261149"}],"wp:attachment":[{"href":"https:\/\/inti-yoga.de\/es\/wp-json\/wp\/v2\/media?parent=260172"}],"curies":[{"name":"wp","href":"https:\/\/api.w.org\/{rel}","templated":true}]}}