{"id":263997,"date":"2025-11-28T15:07:13","date_gmt":"2025-11-28T14:07:13","guid":{"rendered":"https:\/\/inti-yoga.de\/?page_id=263997"},"modified":"2025-12-01T17:48:55","modified_gmt":"2025-12-01T16:48:55","slug":"inner-light","status":"publish","type":"page","link":"https:\/\/inti-yoga.de\/en\/inner-light\/","title":{"rendered":"INNER LIGHT ~ free Event"},"content":{"rendered":"<p>[et_pb_section fb_built=&#8220;1&#8243; custom_padding_last_edited=&#8220;on|phone&#8220; _builder_version=&#8220;4.27.4&#8243; _module_preset=&#8220;default&#8220; background_enable_image=&#8220;off&#8220; background_position=&#8220;bottom_center&#8220; transform_scale_tablet=&#8220;&#8220; transform_scale_phone=&#8220;&#8220; transform_scale_last_edited=&#8220;on|phone&#8220; transform_translate_tablet=&#8220;&#8220; transform_translate_phone=&#8220;&#8220; transform_translate_last_edited=&#8220;on|phone&#8220; transform_rotate_tablet=&#8220;&#8220; transform_rotate_phone=&#8220;&#8220; transform_rotate_last_edited=&#8220;on|phone&#8220; transform_skew_tablet=&#8220;&#8220; transform_skew_phone=&#8220;&#8220; transform_skew_last_edited=&#8220;on|phone&#8220; transform_origin_tablet=&#8220;&#8220; transform_origin_phone=&#8220;&#8220; transform_origin_last_edited=&#8220;on|phone&#8220; transform_styles_last_edited=&#8220;on|phone&#8220; custom_margin=&#8220;||||false|false&#8220; custom_margin_tablet=&#8220;10px||||false|false&#8220; custom_margin_phone=&#8220;68px||||false|false&#8220; custom_margin_last_edited=&#8220;on|tablet&#8220; custom_padding=&#8220;0px||197px||false|false&#8220; custom_padding_tablet=&#8220;407px||203px|||&#8220; custom_padding_phone=&#8220;134px||0px||false|false&#8220; filter_saturate=&#8220;105%&#8220; filter_brightness=&#8220;103%&#8220; bottom_divider_height=&#8220;124px&#8220; hover_enabled=&#8220;0&#8243; background_last_edited=&#8220;on|phone&#8220; background_enable_image_phone=&#8220;off&#8220; transform_styles_tablet=&#8220;&#8220; transform_styles_phone=&#8220;&#8220; locked=&#8220;off&#8220; global_colors_info=&#8220;{}&#8220; sticky_enabled=&#8220;0&#8243; disabled_on=&#8220;on|off|off&#8220;][\/et_pb_section][et_pb_section fb_built=&#8220;1&#8243; custom_padding_last_edited=&#8220;on|tablet&#8220; disabled_on=&#8220;off|off|off&#8220; _builder_version=&#8220;4.27.4&#8243; _module_preset=&#8220;default&#8220; background_enable_image=&#8220;off&#8220; custom_margin=&#8220;-171px||||false|false&#8220; custom_margin_tablet=&#8220;-53px|||||&#8220; custom_margin_phone=&#8220;0px||||false|false&#8220; custom_margin_last_edited=&#8220;on|tablet&#8220; custom_padding=&#8220;20px||14px||false|false&#8220; custom_padding_tablet=&#8220;82px||53px||false|false&#8220; custom_padding_phone=&#8220;0px||53px||false|false&#8220; bottom_divider_height=&#8220;58px&#8220; bottom_divider_flip=&#8220;horizontal&#8220; hover_enabled=&#8220;0&#8243; global_colors_info=&#8220;{}&#8220; sticky_enabled=&#8220;0&#8243;][et_pb_row _builder_version=&#8220;4.27.4&#8243; _module_preset=&#8220;default&#8220; hover_enabled=&#8220;0&#8243; global_colors_info=&#8220;{}&#8220; width=&#8220;100%&#8220; sticky_enabled=&#8220;0&#8243;][et_pb_column type=&#8220;4_4&#8243; _builder_version=&#8220;4.27.4&#8243; _module_preset=&#8220;default&#8220; hover_enabled=&#8220;0&#8243; global_colors_info=&#8220;{}&#8220; sticky_enabled=&#8220;0&#8243;][et_pb_image src=&#8220;https:\/\/inti-yoga.de\/wp-content\/uploads\/2025\/11\/free-event-Website.jpg&#8220; _builder_version=&#8220;4.27.4&#8243; _module_preset=&#8220;default&#8220; hover_enabled=&#8220;0&#8243; global_colors_info=&#8220;{}&#8220; sticky_enabled=&#8220;0&#8243; title_text=&#8220;free event&#8220;][\/et_pb_image][\/et_pb_column][\/et_pb_row][et_pb_row _builder_version=&#8220;4.27.4&#8243; _module_preset=&#8220;default&#8220;][et_pb_column _builder_version=&#8220;4.27.4&#8243; _module_preset=&#8220;default&#8220; type=&#8220;4_4&#8243;][et_pb_button button_text=&#8220;kostenlos anmelden&#8220; _builder_version=&#8220;4.27.4&#8243; _module_preset=&#8220;default&#8220; button_url=&#8220;#reservierung&#8220; hover_enabled=&#8220;0&#8243; sticky_enabled=&#8220;0&#8243;][\/et_pb_button][\/et_pb_column][\/et_pb_row][\/et_pb_section][et_pb_section fb_built=&#8220;1&#8243; custom_padding_last_edited=&#8220;on|phone&#8220; module_id=&#8220;Online-Yogaklassen&#8220; _builder_version=&#8220;4.19.0&#8243; _module_preset=&#8220;default&#8220; custom_padding=&#8220;0px|||||&#8220; custom_padding_tablet=&#8220;0px|||||&#8220; custom_padding_phone=&#8220;0px||30px||false|false&#8220; locked=&#8220;off&#8220; global_colors_info=&#8220;{}&#8220;][et_pb_row _builder_version=&#8220;4.27.4&#8243; _module_preset=&#8220;default&#8220; global_colors_info=&#8220;{}&#8220;][et_pb_column type=&#8220;4_4&#8243; _builder_version=&#8220;4.18.0&#8243; _module_preset=&#8220;default&#8220; global_colors_info=&#8220;{}&#8220;][et_pb_text _builder_version=&#8220;4.27.4&#8243; _module_preset=&#8220;default&#8220; text_font=&#8220;Just Sunday|300|||||||&#8220; text_text_color=&#8220;#AE862C&#8220; text_font_size=&#8220;63px&#8220; header_font_size=&#8220;46px&#8220; header_2_font=&#8220;Just Sunday||||||||&#8220; header_2_text_color=&#8220;#AE862C&#8220; header_2_font_size=&#8220;57px&#8220; header_2_letter_spacing=&#8220;0px&#8220; hover_enabled=&#8220;0&#8243; global_colors_info=&#8220;{}&#8220; sticky_enabled=&#8220;0&#8243;]<\/p>\n<h2>live online Event<\/h2>\n<h3>mit Jessica Nagel<\/h3>\n<p>[\/et_pb_text][\/et_pb_column][\/et_pb_row][et_pb_row custom_padding_last_edited=&#8220;on|phone&#8220; _builder_version=&#8220;4.18.0&#8243; _module_preset=&#8220;default&#8220; width=&#8220;auto&#8220; custom_padding=&#8220;0px|||||&#8220; custom_padding_tablet=&#8220;0px|||||&#8220; custom_padding_phone=&#8220;0px||0px||false|false&#8220; global_colors_info=&#8220;{}&#8220;][et_pb_column type=&#8220;4_4&#8243; _builder_version=&#8220;4.18.0&#8243; _module_preset=&#8220;default&#8220; global_colors_info=&#8220;{}&#8220;][et_pb_image src=&#8220;https:\/\/inti-yoga.de\/wp-content\/uploads\/2025\/11\/free-event-Website-1.jpg&#8220; _builder_version=&#8220;4.27.4&#8243; _module_preset=&#8220;default&#8220; hover_enabled=&#8220;0&#8243; sticky_enabled=&#8220;0&#8243; title_text=&#8220;free event &#8211; (Website) (1)&#8220;][\/et_pb_image][et_pb_text _builder_version=&#8220;4.27.4&#8243; _module_preset=&#8220;default&#8220; text_font=&#8220;Just Sunday|300|||||||&#8220; text_text_color=&#8220;#AE862C&#8220; text_font_size=&#8220;63px&#8220; header_font_size=&#8220;46px&#8220; header_2_font=&#8220;Just Sunday||||||||&#8220; header_2_text_color=&#8220;#AE862C&#8220; header_2_font_size=&#8220;57px&#8220; header_2_letter_spacing=&#8220;0px&#8220; hover_enabled=&#8220;0&#8243; global_colors_info=&#8220;{}&#8220; sticky_enabled=&#8220;0&#8243;]<\/p>\n<h2>Schenke dir<\/h2>\n<h3>diese 90 Minuten der Erinnerung an dein einzigartiges Leuchten und das tiefe Vertrauen ins Leben<\/h3>\n<p>[\/et_pb_text][et_pb_image src=&#8220;https:\/\/inti-yoga.de\/wp-content\/uploads\/2025\/11\/free-event-Website-2.jpg&#8220; _builder_version=&#8220;4.27.4&#8243; _module_preset=&#8220;default&#8220; title_text=&#8220;free event &#8211; (Website) (2)&#8220; hover_enabled=&#8220;0&#8243; sticky_enabled=&#8220;0&#8243;][\/et_pb_image][et_pb_button button_text=&#8220;kostenlos anmelden&#8220; _builder_version=&#8220;4.27.4&#8243; _module_preset=&#8220;default&#8220; button_url=&#8220;#reservierung&#8220; admin_label=&#8220;#anmeldung&#8220; hover_enabled=&#8220;0&#8243; sticky_enabled=&#8220;0&#8243;][\/et_pb_button][\/et_pb_column][\/et_pb_row][et_pb_row column_structure=&#8220;1_2,1_2&#8243; _builder_version=&#8220;4.25.2&#8243; _module_preset=&#8220;default&#8220; width=&#8220;auto&#8220; global_colors_info=&#8220;{}&#8220;][et_pb_column type=&#8220;1_2&#8243; _builder_version=&#8220;4.25.2&#8243; _module_preset=&#8220;default&#8220; global_colors_info=&#8220;{}&#8220;][et_pb_text _builder_version=&#8220;4.27.4&#8243; _module_preset=&#8220;default&#8220; header_3_font=&#8220;Forum||||||||&#8220; header_3_font_size=&#8220;30px&#8220; hover_enabled=&#8220;0&#8243; header_2_font_size_tablet=&#8220;&#8220; header_2_font_size_phone=&#8220;28px&#8220; header_2_font_size_last_edited=&#8220;on|phone&#8220; global_colors_info=&#8220;{}&#8220; text_text_color=&#8220;#5B4965&#8243; sticky_enabled=&#8220;0&#8243;]<\/p>\n<h3><span style=\"color: #ae862c;\">Du kannst nicht live dabei sein?<\/span><\/h3>\n<p>[\/et_pb_text][et_pb_blurb title=&#8220;Kein Problem!&#8220; _builder_version=&#8220;4.25.2&#8243; _module_preset=&#8220;default&#8220; global_colors_info=&#8220;{}&#8220;]<\/p>\n<p>Du erh\u00e4ltst anschlie\u00dfend <strong>automatisch die Aufzeichung<\/strong> (7 Tage g\u00fcltig), sodass du die Session nachholen oder so oft du m\u00f6chtest wiederholen kannst.<\/p>\n<p>[\/et_pb_blurb][\/et_pb_column][et_pb_column type=&#8220;1_2&#8243; _builder_version=&#8220;4.25.2&#8243; _module_preset=&#8220;default&#8220; global_colors_info=&#8220;{}&#8220;][et_pb_image src=&#8220;https:\/\/inti-yoga.de\/wp-content\/uploads\/2021\/11\/Videothek-e1636466100773.png&#8220; url_new_window=&#8220;on&#8220; align=&#8220;center&#8220; _builder_version=&#8220;4.26.1&#8243; _module_preset=&#8220;default&#8220; transform_scale=&#8220;111%|111%&#8220; custom_margin=&#8220;-2px|53px|11px||false|&#8220; custom_margin_tablet=&#8220;|0px||21px|false|false&#8220; custom_margin_phone=&#8220;0px|0px||0px|false|false&#8220; custom_margin_last_edited=&#8220;on|tablet&#8220; global_colors_info=&#8220;{}&#8220;][\/et_pb_image][\/et_pb_column][\/et_pb_row][\/et_pb_section][et_pb_section fb_built=&#8220;1&#8243; module_id=&#8220;reservierung&#8220; _builder_version=&#8220;4.27.4&#8243; _module_preset=&#8220;default&#8220; custom_margin=&#8220;3px|||||&#8220; custom_padding=&#8220;12px||16px|||&#8220; hover_enabled=&#8220;0&#8243; locked=&#8220;off&#8220; global_colors_info=&#8220;{}&#8220; link_option_url=&#8220;#anmeldung&#8220; sticky_enabled=&#8220;0&#8243; admin_label=&#8220;#anmeldung&#8220;][et_pb_row _builder_version=&#8220;4.27.4&#8243; _module_preset=&#8220;default&#8220; min_height=&#8220;551.2px&#8220; custom_margin=&#8220;-11px|auto||auto||&#8220; hover_enabled=&#8220;0&#8243; global_colors_info=&#8220;{}&#8220; sticky_enabled=&#8220;0&#8243;][et_pb_column type=&#8220;4_4&#8243; _builder_version=&#8220;4.16&#8243; _module_preset=&#8220;default&#8220; global_colors_info=&#8220;{}&#8220;][et_pb_text _builder_version=&#8220;4.27.4&#8243; _module_preset=&#8220;default&#8220; text_font=&#8220;Just Sunday|300|||||||&#8220; text_text_color=&#8220;#AE862C&#8220; text_font_size=&#8220;63px&#8220; header_font_size=&#8220;46px&#8220; header_2_font=&#8220;Just Sunday||||||||&#8220; header_2_text_color=&#8220;#AE862C&#8220; header_2_font_size=&#8220;57px&#8220; header_2_letter_spacing=&#8220;0px&#8220; hover_enabled=&#8220;0&#8243; global_colors_info=&#8220;{}&#8220; sticky_enabled=&#8220;0&#8243;]<\/p>\n<h2>Anmeldung<\/h2>\n<p>[\/et_pb_text][et_pb_text _builder_version=&#8220;4.27.4&#8243; _module_preset=&#8220;default&#8220; header_3_font=&#8220;Forum||||||||&#8220; header_3_font_size=&#8220;30px&#8220; custom_padding=&#8220;3px|||||&#8220; header_2_font_size_tablet=&#8220;&#8220; header_2_font_size_phone=&#8220;28px&#8220; header_2_font_size_last_edited=&#8220;on|phone&#8220; global_colors_info=&#8220;{}&#8220;]<\/p>\n<h3><span style=\"color: #ae862c; font-size: medium;\">Nimm\u00b4 live via Zoom teil oder erhalte anschlie\u00dfend automatisch die Aufzeichnung per E-Mail<\/span><\/h3>\n<p>[\/et_pb_text][et_pb_signup title=&#8220;INNER LIGHT&#8220; description=&#8220;<\/p>\n<p>SO 7.12. |\u00a016:30 &#8211; ca- 18:00 Uhr<\/p>\n<p>\u2665 Teilnahme kostenlos.<\/p>\n<p>\u2665 Anmeldung unverbindlich.<\/p>\n<p>&#8220; _builder_version=&#8220;4.27.4&#8243; _module_preset=&#8220;default&#8220; button_text=&#8220;Ich bin dabei &#8220; box_shadow_style_fields=&#8220;preset1&#8243; box_shadow_color_fields=&#8220;#FDF6D3&#8243; box_shadow_style=&#8220;preset6&#8243; box_shadow_color=&#8220;#FDF6D3&#8243; hover_enabled=&#8220;0&#8243; sticky_enabled=&#8220;0&#8243; success_message=&#8220;Vielen Dank f\u00fcr deine Anmeldung! Du erh\u00e4ltst in den n\u00e4chsten Tagen eine Email mit dem Zoom Link und allen Details von uns. Wir freuen uns sehr auf dich!&#8220; name_field=&#8220;on&#8220; provider=&#8220;activecampaign&#8220; activecampaign_list=&#8220;Jessy Inti Yoga Active Campaign|12&#8243; background_color=&#8220;#99779C&#8220; border_radii=&#8220;on|12px|12px|12px|12px&#8220;][\/et_pb_signup][dnxte_divider dnext_sid_use_icon=&#8220;on&#8220; dnext_sid_img=&#8220;https:\/\/inti-yoga.de\/wp-content\/uploads\/2023\/04\/logo-cropped.png&#8220; dnext_sid_image_max_width=&#8220;34px&#8220; dnext_sid_divider_style=&#8220;solid&#8220; dnext_sid_divider_color=&#8220;#DBAE97&#8243; _builder_version=&#8220;4.27.4&#8243; _module_preset=&#8220;default&#8220; custom_margin=&#8220;1px|||||&#8220; locked=&#8220;off&#8220; global_colors_info=&#8220;{}&#8220;][\/dnxte_divider][\/et_pb_column][\/et_pb_row][\/et_pb_section][et_pb_section fb_built=&#8220;1&#8243; _builder_version=&#8220;4.27.4&#8243; _module_preset=&#8220;default&#8220; global_colors_info=&#8220;{}&#8220;][et_pb_row _builder_version=&#8220;4.27.4&#8243; _module_preset=&#8220;default&#8220; global_colors_info=&#8220;{}&#8220; custom_padding=&#8220;0px|||||&#8220;][et_pb_column type=&#8220;4_4&#8243; _builder_version=&#8220;4.27.4&#8243; _module_preset=&#8220;default&#8220; global_colors_info=&#8220;{}&#8220;][et_pb_text _builder_version=&#8220;4.16&#8243; _module_preset=&#8220;default&#8220; header_2_font=&#8220;Just Sunday|300|||||||&#8220; header_2_text_color=&#8220;#c79b1d&#8220; header_2_font_size=&#8220;53px&#8220; locked=&#8220;off&#8220; inline_fonts=&#8220;Forum&#8220; global_colors_info=&#8220;{}&#8220;]<\/p>\n<h2><span style=\"font-family: Forum; font-size: xx-large;\">About <\/span>Jessica Nagel<\/h2>\n<p>[\/et_pb_text][\/et_pb_column][\/et_pb_row][et_pb_row column_structure=&#8220;1_2,1_2&#8243; _builder_version=&#8220;4.27.4&#8243; _module_preset=&#8220;default&#8220; global_colors_info=&#8220;{}&#8220;][et_pb_column type=&#8220;1_2&#8243; _builder_version=&#8220;4.27.4&#8243; _module_preset=&#8220;default&#8220; global_colors_info=&#8220;{}&#8220;][et_pb_image src=&#8220;https:\/\/inti-yoga.de\/wp-content\/uploads\/2024\/06\/4.png&#8220; alt=&#8220;Healing New Year Retreat&#8220; title_text=&#8220;coming soon1&#8243; align=&#8220;center&#8220; _builder_version=&#8220;4.27.4&#8243; _module_preset=&#8220;default&#8220; locked=&#8220;off&#8220; global_colors_info=&#8220;{}&#8220;][\/et_pb_image][\/et_pb_column][et_pb_column type=&#8220;1_2&#8243; _builder_version=&#8220;4.27.4&#8243; _module_preset=&#8220;default&#8220; global_colors_info=&#8220;{}&#8220;][et_pb_blurb _builder_version=&#8220;4.27.4&#8243; _module_preset=&#8220;default&#8220; custom_margin=&#8220;0px||||false|false&#8220; custom_padding=&#8220;||1px|||&#8220; global_colors_info=&#8220;{}&#8220;]<\/p>\n<p data-start=\"204\" data-end=\"412\" style=\"text-align: left;\"><span style=\"font-size: medium;\">Schon fr\u00fch sp\u00fcrte ich: Da gibt es mehr. Mehr als das liebe, brave M\u00e4dchen, das allen gefallen m\u00f6chte. In mir lebte eine Sehnsucht \u2013 nach <strong>Freiheit<\/strong>, nach <strong>Tiefe<\/strong>, nach etwas, das nicht sichtbar, aber f\u00fchlbar war.<\/span><\/p>\n<p data-start=\"414\" data-end=\"607\" style=\"text-align: left;\"><span style=\"font-size: medium;\">Mit 18 \u00f6ffnete sich mir eine neue Welt: Das erste Mal ganz allein. Das erste Mal &#8222;Alles ist m\u00f6glich&#8220;. Ich sp\u00fcrte, dass mein Weg kein gerader sein w\u00fcrde \u2013 sondern ein wilder, leiser, kraftvoller.<\/span><\/p>\n<p data-start=\"609\" data-end=\"827\" style=\"text-align: left;\"><span style=\"font-size: medium;\">Jahre sp\u00e4ter \u2013 mitten im Glanz der Eventwelt, zwischen roten Teppichen und Aftershow-Partys \u2013 merkte ich: Ich funktioniere, aber ich f\u00fchle mich nicht mehr. Mein K\u00f6rper wurde laut, mein Herz m\u00fcde. Also bin ich gegangen.<\/span><\/p>\n<p data-start=\"829\" data-end=\"1037\" style=\"text-align: left;\"><span style=\"font-size: medium;\">2018 sa\u00dfen wir in unserem VW Bus, irgendwo in Uruguay, und ich wusste: Jetzt beginnt das Eigentliche. <strong>Eine Reise zur\u00fcck zu mir<\/strong>. Unter weitem Himmel, im Rhythmus der Natur, ohne Plan \u2013 aber mit offenem Herzen.<\/span><\/p>\n<p data-start=\"1039\" data-end=\"1297\" style=\"text-align: left;\"><span style=\"font-size: medium;\">INTI YOGA entstand aus dieser Stille, aus dieser Weite heraus. Aus einer <strong>tiefen Erinnerung<\/strong> daran, wer ich bin \u2013 und was ich teilen m\u00f6chte. Seitdem darf ich R\u00e4ume \u00f6ffnen, in denen andere sich erinnern. In denen wir gemeinsam heilen, lachen, wachsen, weinen, flie\u00dfen und uns bewegen.<\/span><\/p>\n<p data-start=\"1299\" data-end=\"1478\" style=\"text-align: left;\"><span style=\"font-size: medium;\">Dann kam sie \u2013 meine Tochter. In einer magischen Nacht, in unserem Zuhause, in Portugal. Ihr Ankommen war wie <strong>ein kosmisches JA<\/strong>. Zu mir. Zu meinem Frausein. Zu meinem Wirken in der Welt. Zu allem, was ich bin und mich umgibt.<\/span><\/p>\n<p data-start=\"1480\" data-end=\"1614\" style=\"text-align: left;\"><span style=\"font-size: medium;\">Heute lebe ich <strong>Verbundenheit mit mir selbst, der Erde und dem Kosmos.<\/strong> Ich halte Raum f\u00fcr Wahrheit, f\u00fcr Licht und Schatten. Ich gebe Readings, arbeite mit <strong>Energieheilung<\/strong> &amp; Theta Healing, unterrichte Yoga als <strong>somatische Erfahrung<\/strong>, gebe Ausbildungen und Retreats.<\/span><\/p>\n<p data-start=\"1480\" data-end=\"1614\" style=\"text-align: left;\"><span style=\"font-size: medium;\"><\/span><\/p>\n<p data-start=\"1480\" data-end=\"1614\" style=\"text-align: left;\"><span style=\"font-size: medium;\"><\/span><\/p>\n<h3><span style=\"font-size: medium;\">Meine R\u00e4ume tragen die Energie des Erninnerns daran, was du l\u00e4ngst bist:<\/span><\/h3>\n<h3><span style=\"font-size: medium;\">Vollst\u00e4ndig. Geliebt. Gef\u00fchrt.<\/span><\/h3>\n<p>[\/et_pb_blurb][\/et_pb_column][\/et_pb_row][et_pb_row _builder_version=&#8220;4.27.4&#8243; _module_preset=&#8220;default&#8220; global_colors_info=&#8220;{}&#8220;][et_pb_column type=&#8220;4_4&#8243; _builder_version=&#8220;4.27.4&#8243; _module_preset=&#8220;default&#8220; global_colors_info=&#8220;{}&#8220;][et_pb_gallery gallery_ids=&#8220;264567,264559,264562,264563&#8243; orientation=&#8220;portrait&#8220; show_title_and_caption=&#8220;off&#8220; show_pagination=&#8220;off&#8220; _builder_version=&#8220;4.27.4&#8243; _module_preset=&#8220;default&#8220; border_radii_image=&#8220;on|6px|6px|6px|6px&#8220; border_color_all_image=&#8220;#FDF6D3&#8243; border_style_all_image=&#8220;outset&#8220; box_shadow_style_image=&#8220;preset1&#8243; box_shadow_color_image=&#8220;#FDF6D3&#8243; global_colors_info=&#8220;{}&#8220;][\/et_pb_gallery][\/et_pb_column][\/et_pb_row][\/et_pb_section][et_pb_section fb_built=&#8220;1&#8243; custom_padding_last_edited=&#8220;on|tablet&#8220; next_background_color=&#8220;#ffffff&#8220; _builder_version=&#8220;4.16&#8243; _module_preset=&#8220;default&#8220; use_background_color_gradient=&#8220;on&#8220; background_color_gradient_direction=&#8220;165deg&#8220; background_color_gradient_stops=&#8220;#ffffff 33%|rgba(253,246,211,0.66) 100%&#8220; background_color_gradient_overlays_image=&#8220;on&#8220; background_color_gradient_start=&#8220;#ffffff&#8220; background_color_gradient_start_position=&#8220;33%&#8220; background_color_gradient_end=&#8220;rgba(253,246,211,0.66)&#8220; background_enable_image=&#8220;off&#8220; custom_margin=&#8220;-53px|||||&#8220; custom_margin_tablet=&#8220;-53px|||||&#8220; custom_margin_phone=&#8220;-53px|||||&#8220; custom_margin_last_edited=&#8220;on|tablet&#8220; custom_padding=&#8220;120px||170px|||&#8220; custom_padding_tablet=&#8220;82px||53px||false|false&#8220; custom_padding_phone=&#8220;82px||53px||false|false&#8220; bottom_divider_style=&#8220;wave2&#8243; bottom_divider_height=&#8220;58px&#8220; bottom_divider_flip=&#8220;horizontal&#8220; global_colors_info=&#8220;{}&#8220;][et_pb_row column_structure=&#8220;2_5,3_5&#8243; _builder_version=&#8220;4.16&#8243; _module_preset=&#8220;default&#8220; custom_margin_tablet=&#8220;&#8220; custom_margin_phone=&#8220;-25px||||false|false&#8220; custom_margin_last_edited=&#8220;on|phone&#8220; global_colors_info=&#8220;{}&#8220;][et_pb_column type=&#8220;2_5&#8243; _builder_version=&#8220;4.16&#8243; _module_preset=&#8220;default&#8220; global_colors_info=&#8220;{}&#8220;][et_pb_image src=&#8220;https:\/\/inti-yoga.de\/wp-content\/uploads\/2021\/10\/vom-denken-ins-fuehlen.png&#8220; _builder_version=&#8220;4.16&#8243; _module_preset=&#8220;default&#8220; transform_scale=&#8220;150%|150%&#8220; transform_scale_tablet=&#8220;100%|100%&#8220; transform_scale_phone=&#8220;100%|100%&#8220; transform_scale_last_edited=&#8220;on|tablet&#8220; transform_translate=&#8220;18px|23px&#8220; transform_translate_tablet=&#8220;18px|23px&#8220; transform_translate_phone=&#8220;18px|23px&#8220; transform_translate_last_edited=&#8220;on|tablet&#8220; transform_rotate_tablet=&#8220;&#8220; transform_rotate_phone=&#8220;&#8220; transform_rotate_last_edited=&#8220;on|tablet&#8220; transform_skew_tablet=&#8220;&#8220; transform_skew_phone=&#8220;&#8220; transform_skew_last_edited=&#8220;on|tablet&#8220; transform_origin_tablet=&#8220;&#8220; transform_origin_phone=&#8220;&#8220; transform_origin_last_edited=&#8220;on|tablet&#8220; transform_styles_last_edited=&#8220;on|tablet&#8220; custom_margin_tablet=&#8220;|||25px|false|false&#8220; custom_margin_phone=&#8220;|||1px|false|false&#8220; custom_margin_last_edited=&#8220;on|tablet&#8220; transform_styles_tablet=&#8220;&#8220; transform_styles_phone=&#8220;&#8220; global_colors_info=&#8220;{}&#8220;][\/et_pb_image][\/et_pb_column][et_pb_column type=&#8220;3_5&#8243; _builder_version=&#8220;4.16&#8243; _module_preset=&#8220;default&#8220; global_colors_info=&#8220;{}&#8220;][et_pb_text _builder_version=&#8220;4.27.4&#8243; _module_preset=&#8220;default&#8220; custom_margin=&#8220;5px|||||&#8220; custom_margin_tablet=&#8220;78px|||||&#8220; custom_margin_phone=&#8220;41px||||false|false&#8220; custom_margin_last_edited=&#8220;on|phone&#8220; global_colors_info=&#8220;{}&#8220;]<\/p>\n<p>Bei den INTI YOGA-Angeboten wirst du vollkommen frei von Leistung auf demWeg des Bewusst-werdens begleitet.<\/p>\n<p>Schmelze vom Denken ins F\u00fchlen und verbinde dich sanft deinem inneren Leuchten: Diesem Ort in dir, der unantasbar, voller Frieden, Ruhe und von Liebe durchflutet ist.<\/p>\n<p>Wir freuen uns mit ganzem Herzen auf dich!<\/p>\n<p>&nbsp;<\/p>\n<p>[\/et_pb_text][et_pb_button button_text=&#8220;Anmeldung&#8220; _builder_version=&#8220;4.27.4&#8243; _module_preset=&#8220;default&#8220; button_url=&#8220;#reservierung&#8220; admin_label=&#8220;#anmeldung&#8220; hover_enabled=&#8220;0&#8243; sticky_enabled=&#8220;0&#8243;][\/et_pb_button][\/et_pb_column][\/et_pb_row][\/et_pb_section][et_pb_section fb_built=&#8220;1&#8243; custom_padding_last_edited=&#8220;on|tablet&#8220; next_background_color=&#8220;#ffffff&#8220; _builder_version=&#8220;4.16&#8243; _module_preset=&#8220;default&#8220; use_background_color_gradient=&#8220;on&#8220; background_color_gradient_stops=&#8220;#fefcf4 0%|rgba(0,0,0,0) 39%&#8220; background_color_gradient_overlays_image=&#8220;on&#8220; background_color_gradient_start=&#8220;#fefcf4&#8243; background_color_gradient_end=&#8220;rgba(0,0,0,0)&#8220; background_color_gradient_end_position=&#8220;39%&#8220; background_image=&#8220;https:\/\/inti-yoga.de\/wp-content\/uploads\/2021\/10\/a_websize.jpg&#8220; custom_margin_tablet=&#8220;52px||||false|false&#8220; custom_margin_phone=&#8220;0px||||false|false&#8220; custom_margin_last_edited=&#8220;on|phone&#8220; custom_padding=&#8220;415px||471px|||&#8220; custom_padding_tablet=&#8220;114px||513px||false|false&#8220; custom_padding_phone=&#8220;0px||||false|false&#8220; filter_saturate=&#8220;81%&#8220; filter_brightness=&#8220;112%&#8220; filter_contrast=&#8220;109%&#8220; filter_sepia=&#8220;16%&#8220; top_divider_style=&#8220;wave2&#8243; top_divider_color=&#8220;#FEFCF4&#8243; bottom_divider_style=&#8220;wave2&#8243; bottom_divider_height=&#8220;75px&#8220; bottom_divider_height_tablet=&#8220;49px&#8220; bottom_divider_height_phone=&#8220;47px&#8220; bottom_divider_height_last_edited=&#8220;on|phone&#8220; bottom_divider_flip_tablet=&#8220;none&#8220; bottom_divider_flip_phone=&#8220;none&#8220; bottom_divider_flip_last_edited=&#8220;on|tablet&#8220; background_last_edited=&#8220;on|tablet&#8220; background_position_tablet=&#8220;bottom_center&#8220; global_colors_info=&#8220;{}&#8220;][\/et_pb_section]<\/p>\n","protected":false},"excerpt":{"rendered":"<p>live online Event mit Jessica NagelSchenke dir diese 90 Minuten der Erinnerung an dein einzigartiges Leuchten und das tiefe Vertrauen ins LebenDu kannst nicht live dabei sein?Du erh\u00e4ltst anschlie\u00dfend automatisch die Aufzeichung (7 Tage g\u00fcltig), sodass du die Session nachholen oder so oft du m\u00f6chtest wiederholen kannst.AnmeldungNimm\u00b4 live via Zoom teil oder erhalte anschlie\u00dfend automatisch [&hellip;]<\/p>\n","protected":false},"author":1,"featured_media":264756,"parent":0,"menu_order":0,"comment_status":"closed","ping_status":"closed","template":"","meta":{"_et_pb_use_builder":"on","_et_pb_old_content":"","_et_gb_content_width":"","footnotes":""},"class_list":["post-263997","page","type-page","status-publish","has-post-thumbnail","hentry"],"yoast_head":"<!-- This site is optimized with the Yoast SEO Premium plugin v19.0 (Yoast SEO v27.5) - https:\/\/yoast.com\/product\/yoast-seo-premium-wordpress\/ -->\n<title>INNER LIGHT ~ free online Event 7.12.<\/title>\n<meta name=\"description\" content=\"Ein Nachmittag voller W\u00e4rme, Licht &amp; Erinnerung: Empfange Lichtarbeit, genie\u00dfe K\u00f6rper\u00fcbungen &amp; Erlebe dein inneres Leuchten!\" \/>\n<meta name=\"robots\" content=\"index, follow, max-snippet:-1, max-image-preview:large, max-video-preview:-1\" \/>\n<link rel=\"canonical\" href=\"https:\/\/inti-yoga.de\/en\/inner-light\/\" \/>\n<meta property=\"og:locale\" content=\"en_US\" \/>\n<meta property=\"og:type\" content=\"article\" \/>\n<meta property=\"og:title\" content=\"INNER LIGHT ~ free Event\" \/>\n<meta property=\"og:description\" content=\"Ein Nachmittag voller W\u00e4rme, Licht &amp; Erinnerung: Empfange Lichtarbeit, genie\u00dfe K\u00f6rper\u00fcbungen &amp; Erlebe dein inneres Leuchten!\" \/>\n<meta property=\"og:url\" content=\"https:\/\/inti-yoga.de\/en\/inner-light\/\" \/>\n<meta property=\"og:site_name\" content=\"inti-yoga.de\" \/>\n<meta property=\"article:publisher\" content=\"https:\/\/www.facebook.com\/jessyintiyoga\" \/>\n<meta property=\"article:modified_time\" content=\"2025-12-01T16:48:55+00:00\" \/>\n<meta property=\"og:image\" content=\"https:\/\/inti-yoga.de\/wp-content\/uploads\/2025\/11\/free-event-Website.jpg\" \/>\n\t<meta property=\"og:image:width\" content=\"1920\" \/>\n\t<meta property=\"og:image:height\" content=\"1080\" \/>\n\t<meta property=\"og:image:type\" content=\"image\/jpeg\" \/>\n<meta name=\"twitter:card\" content=\"summary_large_image\" \/>\n<meta name=\"twitter:label1\" content=\"Est. reading time\" \/>\n\t<meta name=\"twitter:data1\" content=\"5 minutes\" \/>\n<script type=\"application\/ld+json\" class=\"yoast-schema-graph\">{\"@context\":\"https:\\\/\\\/schema.org\",\"@graph\":[{\"@type\":\"WebPage\",\"@id\":\"https:\\\/\\\/inti-yoga.de\\\/inner-light\\\/\",\"url\":\"https:\\\/\\\/inti-yoga.de\\\/inner-light\\\/\",\"name\":\"INNER LIGHT ~ free online Event 7.12.\",\"isPartOf\":{\"@id\":\"https:\\\/\\\/inti-yoga.de\\\/#website\"},\"primaryImageOfPage\":{\"@id\":\"https:\\\/\\\/inti-yoga.de\\\/inner-light\\\/#primaryimage\"},\"image\":{\"@id\":\"https:\\\/\\\/inti-yoga.de\\\/inner-light\\\/#primaryimage\"},\"thumbnailUrl\":\"https:\\\/\\\/inti-yoga.de\\\/wp-content\\\/uploads\\\/2025\\\/11\\\/free-event-Website.jpg\",\"datePublished\":\"2025-11-28T14:07:13+00:00\",\"dateModified\":\"2025-12-01T16:48:55+00:00\",\"description\":\"Ein Nachmittag voller W\u00e4rme, Licht & Erinnerung: Empfange Lichtarbeit, genie\u00dfe K\u00f6rper\u00fcbungen & Erlebe dein inneres Leuchten!\",\"breadcrumb\":{\"@id\":\"https:\\\/\\\/inti-yoga.de\\\/inner-light\\\/#breadcrumb\"},\"inLanguage\":\"en-US\",\"potentialAction\":[{\"@type\":\"ReadAction\",\"target\":[\"https:\\\/\\\/inti-yoga.de\\\/inner-light\\\/\"]}]},{\"@type\":\"ImageObject\",\"inLanguage\":\"en-US\",\"@id\":\"https:\\\/\\\/inti-yoga.de\\\/inner-light\\\/#primaryimage\",\"url\":\"https:\\\/\\\/inti-yoga.de\\\/wp-content\\\/uploads\\\/2025\\\/11\\\/free-event-Website.jpg\",\"contentUrl\":\"https:\\\/\\\/inti-yoga.de\\\/wp-content\\\/uploads\\\/2025\\\/11\\\/free-event-Website.jpg\",\"width\":1920,\"height\":1080},{\"@type\":\"BreadcrumbList\",\"@id\":\"https:\\\/\\\/inti-yoga.de\\\/inner-light\\\/#breadcrumb\",\"itemListElement\":[{\"@type\":\"ListItem\",\"position\":1,\"name\":\"Startseite\",\"item\":\"https:\\\/\\\/inti-yoga.de\\\/\"},{\"@type\":\"ListItem\",\"position\":2,\"name\":\"INNER LIGHT ~ free Event\"}]},{\"@type\":\"WebSite\",\"@id\":\"https:\\\/\\\/inti-yoga.de\\\/#website\",\"url\":\"https:\\\/\\\/inti-yoga.de\\\/\",\"name\":\"inti-yoga.de\",\"description\":\"Yoga und Pers\u00f6nlichkeitsentfaltung\",\"publisher\":{\"@id\":\"https:\\\/\\\/inti-yoga.de\\\/#organization\"},\"potentialAction\":[{\"@type\":\"SearchAction\",\"target\":{\"@type\":\"EntryPoint\",\"urlTemplate\":\"https:\\\/\\\/inti-yoga.de\\\/?s={search_term_string}\"},\"query-input\":{\"@type\":\"PropertyValueSpecification\",\"valueRequired\":true,\"valueName\":\"search_term_string\"}}],\"inLanguage\":\"en-US\"},{\"@type\":\"Organization\",\"@id\":\"https:\\\/\\\/inti-yoga.de\\\/#organization\",\"name\":\"INTI Yoga\",\"url\":\"https:\\\/\\\/inti-yoga.de\\\/\",\"logo\":{\"@type\":\"ImageObject\",\"inLanguage\":\"en-US\",\"@id\":\"https:\\\/\\\/inti-yoga.de\\\/#\\\/schema\\\/logo\\\/image\\\/\",\"url\":\"https:\\\/\\\/inti-yoga.de\\\/wp-content\\\/uploads\\\/2021\\\/10\\\/cropped-Logo_Inti_vergoldet_transparent_Schrift.png\",\"contentUrl\":\"https:\\\/\\\/inti-yoga.de\\\/wp-content\\\/uploads\\\/2021\\\/10\\\/cropped-Logo_Inti_vergoldet_transparent_Schrift.png\",\"width\":512,\"height\":512,\"caption\":\"INTI Yoga\"},\"image\":{\"@id\":\"https:\\\/\\\/inti-yoga.de\\\/#\\\/schema\\\/logo\\\/image\\\/\"},\"sameAs\":[\"https:\\\/\\\/www.facebook.com\\\/jessyintiyoga\",\"https:\\\/\\\/www.instagram.com\\\/jessy_inti_yoga\\\/\"]}]}<\/script>\n<!-- \/ Yoast SEO Premium plugin. -->","yoast_head_json":{"title":"INNER LIGHT ~ free online Event 7.12.","description":"Ein Nachmittag voller W\u00e4rme, Licht & Erinnerung: Empfange Lichtarbeit, genie\u00dfe K\u00f6rper\u00fcbungen & Erlebe dein inneres Leuchten!","robots":{"index":"index","follow":"follow","max-snippet":"max-snippet:-1","max-image-preview":"max-image-preview:large","max-video-preview":"max-video-preview:-1"},"canonical":"https:\/\/inti-yoga.de\/en\/inner-light\/","og_locale":"en_US","og_type":"article","og_title":"INNER LIGHT ~ free Event","og_description":"Ein Nachmittag voller W\u00e4rme, Licht & Erinnerung: Empfange Lichtarbeit, genie\u00dfe K\u00f6rper\u00fcbungen & Erlebe dein inneres Leuchten!","og_url":"https:\/\/inti-yoga.de\/en\/inner-light\/","og_site_name":"inti-yoga.de","article_publisher":"https:\/\/www.facebook.com\/jessyintiyoga","article_modified_time":"2025-12-01T16:48:55+00:00","og_image":[{"width":1920,"height":1080,"url":"https:\/\/inti-yoga.de\/wp-content\/uploads\/2025\/11\/free-event-Website.jpg","type":"image\/jpeg"}],"twitter_card":"summary_large_image","twitter_misc":{"Est. reading time":"5 minutes"},"schema":{"@context":"https:\/\/schema.org","@graph":[{"@type":"WebPage","@id":"https:\/\/inti-yoga.de\/inner-light\/","url":"https:\/\/inti-yoga.de\/inner-light\/","name":"INNER LIGHT ~ free online Event 7.12.","isPartOf":{"@id":"https:\/\/inti-yoga.de\/#website"},"primaryImageOfPage":{"@id":"https:\/\/inti-yoga.de\/inner-light\/#primaryimage"},"image":{"@id":"https:\/\/inti-yoga.de\/inner-light\/#primaryimage"},"thumbnailUrl":"https:\/\/inti-yoga.de\/wp-content\/uploads\/2025\/11\/free-event-Website.jpg","datePublished":"2025-11-28T14:07:13+00:00","dateModified":"2025-12-01T16:48:55+00:00","description":"Ein Nachmittag voller W\u00e4rme, Licht & Erinnerung: Empfange Lichtarbeit, genie\u00dfe K\u00f6rper\u00fcbungen & Erlebe dein inneres Leuchten!","breadcrumb":{"@id":"https:\/\/inti-yoga.de\/inner-light\/#breadcrumb"},"inLanguage":"en-US","potentialAction":[{"@type":"ReadAction","target":["https:\/\/inti-yoga.de\/inner-light\/"]}]},{"@type":"ImageObject","inLanguage":"en-US","@id":"https:\/\/inti-yoga.de\/inner-light\/#primaryimage","url":"https:\/\/inti-yoga.de\/wp-content\/uploads\/2025\/11\/free-event-Website.jpg","contentUrl":"https:\/\/inti-yoga.de\/wp-content\/uploads\/2025\/11\/free-event-Website.jpg","width":1920,"height":1080},{"@type":"BreadcrumbList","@id":"https:\/\/inti-yoga.de\/inner-light\/#breadcrumb","itemListElement":[{"@type":"ListItem","position":1,"name":"Startseite","item":"https:\/\/inti-yoga.de\/"},{"@type":"ListItem","position":2,"name":"INNER LIGHT ~ free Event"}]},{"@type":"WebSite","@id":"https:\/\/inti-yoga.de\/#website","url":"https:\/\/inti-yoga.de\/","name":"inti-yoga.com","description":"Yoga and personality development","publisher":{"@id":"https:\/\/inti-yoga.de\/#organization"},"potentialAction":[{"@type":"SearchAction","target":{"@type":"EntryPoint","urlTemplate":"https:\/\/inti-yoga.de\/?s={search_term_string}"},"query-input":{"@type":"PropertyValueSpecification","valueRequired":true,"valueName":"search_term_string"}}],"inLanguage":"en-US"},{"@type":"Organization","@id":"https:\/\/inti-yoga.de\/#organization","name":"INTI Yoga","url":"https:\/\/inti-yoga.de\/","logo":{"@type":"ImageObject","inLanguage":"en-US","@id":"https:\/\/inti-yoga.de\/#\/schema\/logo\/image\/","url":"https:\/\/inti-yoga.de\/wp-content\/uploads\/2021\/10\/cropped-Logo_Inti_vergoldet_transparent_Schrift.png","contentUrl":"https:\/\/inti-yoga.de\/wp-content\/uploads\/2021\/10\/cropped-Logo_Inti_vergoldet_transparent_Schrift.png","width":512,"height":512,"caption":"INTI Yoga"},"image":{"@id":"https:\/\/inti-yoga.de\/#\/schema\/logo\/image\/"},"sameAs":["https:\/\/www.facebook.com\/jessyintiyoga","https:\/\/www.instagram.com\/jessy_inti_yoga\/"]}]}},"jetpack_sharing_enabled":true,"_links":{"self":[{"href":"https:\/\/inti-yoga.de\/en\/wp-json\/wp\/v2\/pages\/263997","targetHints":{"allow":["GET"]}}],"collection":[{"href":"https:\/\/inti-yoga.de\/en\/wp-json\/wp\/v2\/pages"}],"about":[{"href":"https:\/\/inti-yoga.de\/en\/wp-json\/wp\/v2\/types\/page"}],"author":[{"embeddable":true,"href":"https:\/\/inti-yoga.de\/en\/wp-json\/wp\/v2\/users\/1"}],"replies":[{"embeddable":true,"href":"https:\/\/inti-yoga.de\/en\/wp-json\/wp\/v2\/comments?post=263997"}],"version-history":[{"count":12,"href":"https:\/\/inti-yoga.de\/en\/wp-json\/wp\/v2\/pages\/263997\/revisions"}],"predecessor-version":[{"id":264774,"href":"https:\/\/inti-yoga.de\/en\/wp-json\/wp\/v2\/pages\/263997\/revisions\/264774"}],"wp:featuredmedia":[{"embeddable":true,"href":"https:\/\/inti-yoga.de\/en\/wp-json\/wp\/v2\/media\/264756"}],"wp:attachment":[{"href":"https:\/\/inti-yoga.de\/en\/wp-json\/wp\/v2\/media?parent=263997"}],"curies":[{"name":"wp","href":"https:\/\/api.w.org\/{rel}","templated":true}]}}